{"id":655,"date":"2016-02-12T21:53:04","date_gmt":"2016-02-12T20:53:04","guid":{"rendered":"http:\/\/gartner52.de\/page\/?page_id=655"},"modified":"2016-02-15T11:45:43","modified_gmt":"2016-02-15T10:45:43","slug":"juni-2008-teil-1","status":"publish","type":"page","link":"https:\/\/gartner52.de\/page\/juni-2008-teil-1\/","title":{"rendered":"Juni2008 \u20111"},"content":{"rendered":"<h2 style=\"text-align: center;\"><em><span style=\"color: #0000ff;\">Urlaub Kroatien Juni 2008<\/span><\/em><\/h2>\n<p>&nbsp;<\/p>\n<h3 style=\"text-align: center;\"><img loading=\"lazy\" decoding=\"async\" class=\"aligncenter wp-image-484\" src=\"https:\/\/gartner52.de\/page\/wp-content\/uploads\/2016\/02\/Flagge-Cro.jpg\" alt=\"Flagge Cro\" width=\"221\" height=\"111\" srcset=\"https:\/\/gartner52.de\/page\/wp-content\/uploads\/2016\/02\/Flagge-Cro.jpg 547w, https:\/\/gartner52.de\/page\/wp-content\/uploads\/2016\/02\/Flagge-Cro-300x150.jpg 300w\" sizes=\"auto, (max-width: 221px) 100vw, 221px\"><span style=\"color: #008080;\">Teil 1<\/span><\/h3>\n<h5 style=\"text-align: center;\"><span style=\"color: #0000ff;\">Wir wollten in diesem Jahr unseren ersten Urlaub wieder mit dem Wohnmobil in Kroatien verbringen.<\/span><\/h5>\n<h5 style=\"text-align: center;\"><span style=\"color: #0000ff;\">Es sollten die Insel Krk \u2013 Cres und<span class=\"Apple-style-span\"><span class=\"Apple-style-span\"> Lo\u0161inj<\/span><\/span> besucht werden.<\/span><br>\n<span style=\"color: #0000ff;\"> Der R\u00fcckweg sollte \u00fcber Istrien gehen<\/span><\/h5>\n<p style=\"text-align: center;\"><span style=\"color: #0000ff;\"><strong>6.Juni 2008<\/strong><\/span><\/p>\n<p style=\"text-align: center;\">Abfahrt 15:00 Uhr in Karlsruhe Richtung M\u00fcnchen-Salzburg.<br>\nWir standen schon hinter Pforzheim fast eine Stunde im Stau. Danach ging es ohne Probleme bis zum Tauerntunnel, und auch hindurch.<br>\nAnkunft an der Rastst\u00e4tte Lungau\/ \u00d6sterreich 21:30 Uhr.<br>\nHier haben wir erst einmal \u00fcbernachtet, morgens in der Rastst\u00e4tte f\u00fcr viel Geld einen Kaffee getrunken und sind dann weitergefahren.<\/p>\n<p style=\"text-align: center;\"><img loading=\"lazy\" decoding=\"async\" class=\"aligncenter size-full wp-image-706\" src=\"https:\/\/gartner52.de\/page\/wp-content\/uploads\/2016\/02\/2008Juni10.jpg\" alt=\"2008Juni10\" width=\"800\" height=\"600\" srcset=\"https:\/\/gartner52.de\/page\/wp-content\/uploads\/2016\/02\/2008Juni10.jpg 800w, https:\/\/gartner52.de\/page\/wp-content\/uploads\/2016\/02\/2008Juni10-300x225.jpg 300w, https:\/\/gartner52.de\/page\/wp-content\/uploads\/2016\/02\/2008Juni10-768x576.jpg 768w\" sizes=\"auto, (max-width: 800px) 100vw, 800px\"><\/p>\n<p style=\"text-align: center;\"><strong><span style=\"color: #0000ff;\">7.Juni 2008<\/span><span style=\"color: #0000ff;\">&nbsp;<\/span><br>\n<\/strong>Abfahrt Lungau 6:20 Uhr.<br>\nDurch den Karawankentunnel nach Slowenien.<br>\n<img loading=\"lazy\" decoding=\"async\" class=\"aligncenter size-full wp-image-708\" src=\"https:\/\/gartner52.de\/page\/wp-content\/uploads\/2016\/02\/2008Juni12.jpg\" alt=\"2008Juni12\" width=\"800\" height=\"600\" srcset=\"https:\/\/gartner52.de\/page\/wp-content\/uploads\/2016\/02\/2008Juni12.jpg 800w, https:\/\/gartner52.de\/page\/wp-content\/uploads\/2016\/02\/2008Juni12-300x225.jpg 300w, https:\/\/gartner52.de\/page\/wp-content\/uploads\/2016\/02\/2008Juni12-768x576.jpg 768w\" sizes=\"auto, (max-width: 800px) 100vw, 800px\"><\/p>\n<p style=\"text-align: center;\">Weiter \u00fcber Ljubljana, Postojna und Rupa nach Kroatien.<br>\nDort wurde bei Rijeka ein Teil der neuen Autobahn in Betrieb genommen.<\/p>\n<p style=\"text-align: center;\"><img loading=\"lazy\" decoding=\"async\" class=\"aligncenter size-full wp-image-747\" src=\"https:\/\/gartner52.de\/page\/wp-content\/uploads\/2016\/02\/2008Juni51.jpg\" alt=\"2008Juni51\" width=\"800\" height=\"600\" srcset=\"https:\/\/gartner52.de\/page\/wp-content\/uploads\/2016\/02\/2008Juni51.jpg 800w, https:\/\/gartner52.de\/page\/wp-content\/uploads\/2016\/02\/2008Juni51-300x225.jpg 300w, https:\/\/gartner52.de\/page\/wp-content\/uploads\/2016\/02\/2008Juni51-768x576.jpg 768w\" sizes=\"auto, (max-width: 800px) 100vw, 800px\"><\/p>\n<p style=\"text-align: center;\"><img loading=\"lazy\" decoding=\"async\" class=\"aligncenter size-full wp-image-746\" src=\"https:\/\/gartner52.de\/page\/wp-content\/uploads\/2016\/02\/2008Juni50.jpg\" alt=\"2008Juni50\" width=\"800\" height=\"600\" srcset=\"https:\/\/gartner52.de\/page\/wp-content\/uploads\/2016\/02\/2008Juni50.jpg 800w, https:\/\/gartner52.de\/page\/wp-content\/uploads\/2016\/02\/2008Juni50-300x225.jpg 300w, https:\/\/gartner52.de\/page\/wp-content\/uploads\/2016\/02\/2008Juni50-768x576.jpg 768w\" sizes=\"auto, (max-width: 800px) 100vw, 800px\"><\/p>\n<p style=\"text-align: center;\">&nbsp;Eine fast Abenteuerliche Fahrt \u00fcber die auf Pfeilern frei tragende Autobahn ist schon ein Erlebnis.<br>\nWeiter um die Bucht, zur K\u00fcstenstra\u00dfe Richtung Krk.<\/p>\n<p style=\"text-align: center;\"><img loading=\"lazy\" decoding=\"async\" class=\"aligncenter size-full wp-image-709\" src=\"https:\/\/gartner52.de\/page\/wp-content\/uploads\/2016\/02\/2008Juni13.jpg\" alt=\"2008Juni13\" width=\"800\" height=\"600\" srcset=\"https:\/\/gartner52.de\/page\/wp-content\/uploads\/2016\/02\/2008Juni13.jpg 800w, https:\/\/gartner52.de\/page\/wp-content\/uploads\/2016\/02\/2008Juni13-300x225.jpg 300w, https:\/\/gartner52.de\/page\/wp-content\/uploads\/2016\/02\/2008Juni13-768x576.jpg 768w\" sizes=\"auto, (max-width: 800px) 100vw, 800px\"><\/p>\n<p style=\"text-align: center;\">Erster Halt auf Krk auf dem Parkplatz gleich hinter der Br\u00fccke<\/p>\n<p style=\"text-align: center;\"><img loading=\"lazy\" decoding=\"async\" class=\"aligncenter size-full wp-image-710\" src=\"https:\/\/gartner52.de\/page\/wp-content\/uploads\/2016\/02\/2008Juni14.jpg\" alt=\"2008Juni14\" width=\"800\" height=\"600\" srcset=\"https:\/\/gartner52.de\/page\/wp-content\/uploads\/2016\/02\/2008Juni14.jpg 800w, https:\/\/gartner52.de\/page\/wp-content\/uploads\/2016\/02\/2008Juni14-300x225.jpg 300w, https:\/\/gartner52.de\/page\/wp-content\/uploads\/2016\/02\/2008Juni14-768x576.jpg 768w\" sizes=\"auto, (max-width: 800px) 100vw, 800px\"><\/p>\n<p style=\"text-align: center;\">Weiterfahrt Richtung Krk, leider gab es auf der Stra\u00dfe 102 zwei gro\u00dfe Baustellen Wir mussten einen gr\u00f6\u00dferen Umweg in Kauf nehmen um nach Krk zu gelangen.<br>\nDen Campingplatz Jezevac haben wir in Krk sofort gefunden, er ist sehr gut ausgeschildert.<\/p>\n<p style=\"text-align: center;\">&nbsp;Der Campingplatz Jezevac ist von der Lage her wundersch\u00f6n.<br>\nHier ist alles sehr sauber und aufger\u00e4umt<\/p>\n<p style=\"text-align: center;\">Die Anmeldung vom <a href=\"http:\/\/www.camping-adriatic.com\/kroatien\/krk\/campingplatz\/jezevac\">Campingplatz Jezevac<\/a> auf Krk<br>\n<img loading=\"lazy\" decoding=\"async\" class=\"aligncenter size-full wp-image-714\" src=\"https:\/\/gartner52.de\/page\/wp-content\/uploads\/2016\/02\/2008Juni18.jpg\" alt=\"2008Juni18\" width=\"800\" height=\"600\" srcset=\"https:\/\/gartner52.de\/page\/wp-content\/uploads\/2016\/02\/2008Juni18.jpg 800w, https:\/\/gartner52.de\/page\/wp-content\/uploads\/2016\/02\/2008Juni18-300x225.jpg 300w, https:\/\/gartner52.de\/page\/wp-content\/uploads\/2016\/02\/2008Juni18-768x576.jpg 768w\" sizes=\"auto, (max-width: 800px) 100vw, 800px\"><br>\nWir standen gleich nach der Reception auf der zweiten Terrasse, diese hatte zwei Stellpl\u00e4tze.<br>\nJeder Stellplatz hat einen eigenen Stromanschlus.<br>\nEin Wasseranschluss ist auf jeder Terrasse vorhanden.<br>\nDie Abfahrt zu den Terrassen ist schon ein wenig steil, aber mit allen Fahrzeugen machbar.<\/p>\n<p style=\"text-align: center;\"><img loading=\"lazy\" decoding=\"async\" class=\"aligncenter size-full wp-image-711\" src=\"https:\/\/gartner52.de\/page\/wp-content\/uploads\/2016\/02\/2008Juni15.jpg\" alt=\"2008Juni15\" width=\"800\" height=\"600\" srcset=\"https:\/\/gartner52.de\/page\/wp-content\/uploads\/2016\/02\/2008Juni15.jpg 800w, https:\/\/gartner52.de\/page\/wp-content\/uploads\/2016\/02\/2008Juni15-300x225.jpg 300w, https:\/\/gartner52.de\/page\/wp-content\/uploads\/2016\/02\/2008Juni15-768x576.jpg 768w\" sizes=\"auto, (max-width: 800px) 100vw, 800px\">Von jeder Terrasse aus hatte man einen sch\u00f6nen Blick auf\u00b4s Meer<\/p>\n<p style=\"text-align: center;\"><img loading=\"lazy\" decoding=\"async\" class=\"aligncenter size-full wp-image-713\" src=\"https:\/\/gartner52.de\/page\/wp-content\/uploads\/2016\/02\/2008Juni17.jpg\" alt=\"2008Juni17\" width=\"800\" height=\"600\" srcset=\"https:\/\/gartner52.de\/page\/wp-content\/uploads\/2016\/02\/2008Juni17.jpg 800w, https:\/\/gartner52.de\/page\/wp-content\/uploads\/2016\/02\/2008Juni17-300x225.jpg 300w, https:\/\/gartner52.de\/page\/wp-content\/uploads\/2016\/02\/2008Juni17-768x576.jpg 768w\" sizes=\"auto, (max-width: 800px) 100vw, 800px\"><\/p>\n<p style=\"text-align: center;\"><span style=\"color: #0000ff;\"><strong>08.+ 09. Juni 2008<\/strong><\/span><\/p>\n<p style=\"text-align: center;\">Heute haben wir nicht sehr viel unternommen. Am Nachmittag gingen wir schwimmen,<br>\nbei einer Lufttemperatur von mehr als 30 Grad und einer Wasser Temperatur von 23 Grad war das eine sch\u00f6ne Erfrischung.<br>\nAm Abend haben wir das Restaurant Karaka neben dem Campingplatz besucht, und dort zu Abend gegessen.<br>\nEine Grillplatte f\u00fcr 2 Personen f\u00fcr 140 Kuna, (ca.20 \u20acuro). Die Platte hat nicht nur sehr gut<br>\nausgesehen, es hat auch gut geschmeckt.<\/p>\n<h5 style=\"text-align: center;\"><span style=\"color: #ff0000;\"><img loading=\"lazy\" decoding=\"async\" class=\"aligncenter size-full wp-image-712\" src=\"https:\/\/gartner52.de\/page\/wp-content\/uploads\/2016\/02\/2008Juni16.jpg\" alt=\"2008Juni16\" width=\"800\" height=\"600\" srcset=\"https:\/\/gartner52.de\/page\/wp-content\/uploads\/2016\/02\/2008Juni16.jpg 800w, https:\/\/gartner52.de\/page\/wp-content\/uploads\/2016\/02\/2008Juni16-300x225.jpg 300w, https:\/\/gartner52.de\/page\/wp-content\/uploads\/2016\/02\/2008Juni16-768x576.jpg 768w\" sizes=\"auto, (max-width: 800px) 100vw, 800px\"><\/span><\/h5>\n<p style=\"text-align: center;\">Mit den Fahrr\u00e4dern sind wir am n\u00e4chsten Tag nach Krk gefahren und sind am Hafen entlang spaziert.<br>\nUnser Weg f\u00fchrte uns auch in die Altstadt. Dort gibt es einen Turm mit einer Uhr die ein Zifferblatt mit 24 Stunden Anzeige hat.<\/p>\n<p style=\"text-align: center;\"><img loading=\"lazy\" decoding=\"async\" class=\"aligncenter size-full wp-image-751\" src=\"https:\/\/gartner52.de\/page\/wp-content\/uploads\/2016\/02\/2008Juni52.jpg\" alt=\"2008Juni52\" width=\"800\" height=\"600\" srcset=\"https:\/\/gartner52.de\/page\/wp-content\/uploads\/2016\/02\/2008Juni52.jpg 800w, https:\/\/gartner52.de\/page\/wp-content\/uploads\/2016\/02\/2008Juni52-300x225.jpg 300w, https:\/\/gartner52.de\/page\/wp-content\/uploads\/2016\/02\/2008Juni52-768x576.jpg 768w\" sizes=\"auto, (max-width: 800px) 100vw, 800px\"><\/p>\n<p style=\"text-align: center;\"><span style=\"color: #0000ff;\"><strong>10.Juni 2008<\/strong><\/span><\/p>\n<p style=\"text-align: center;\">Nach dem Fr\u00fchst\u00fcck wurde dann so langsam zusammengepackt. Es war ca. 11 Uhr als wir losgefahren sind.<br>\nWir haben f\u00fcr die 3 Tage ca. 73 Euro bezahlt.<\/p>\n<hr>\n<p style=\"text-align: center;\">Gegen Mittag sind wir mit der F\u00e4hre von Valbiska\/Krk nach Merag \/Cres \u00fcbergesetzt.<\/p>\n<p style=\"text-align: center;\"><img loading=\"lazy\" decoding=\"async\" class=\"aligncenter size-full wp-image-715\" src=\"https:\/\/gartner52.de\/page\/wp-content\/uploads\/2016\/02\/2008Juni19.jpg\" alt=\"2008Juni19\" width=\"800\" height=\"600\" srcset=\"https:\/\/gartner52.de\/page\/wp-content\/uploads\/2016\/02\/2008Juni19.jpg 800w, https:\/\/gartner52.de\/page\/wp-content\/uploads\/2016\/02\/2008Juni19-300x225.jpg 300w, https:\/\/gartner52.de\/page\/wp-content\/uploads\/2016\/02\/2008Juni19-768x576.jpg 768w\" sizes=\"auto, (max-width: 800px) 100vw, 800px\"><\/p>\n<p style=\"text-align: center;\"><img loading=\"lazy\" decoding=\"async\" class=\"aligncenter size-full wp-image-716\" src=\"https:\/\/gartner52.de\/page\/wp-content\/uploads\/2016\/02\/2008Juni20.jpg\" alt=\"2008Juni20\" width=\"800\" height=\"600\" srcset=\"https:\/\/gartner52.de\/page\/wp-content\/uploads\/2016\/02\/2008Juni20.jpg 800w, https:\/\/gartner52.de\/page\/wp-content\/uploads\/2016\/02\/2008Juni20-300x225.jpg 300w, https:\/\/gartner52.de\/page\/wp-content\/uploads\/2016\/02\/2008Juni20-768x576.jpg 768w\" sizes=\"auto, (max-width: 800px) 100vw, 800px\"><br>\n<img loading=\"lazy\" decoding=\"async\" class=\"aligncenter size-full wp-image-717\" src=\"https:\/\/gartner52.de\/page\/wp-content\/uploads\/2016\/02\/2008Juni21.jpg\" alt=\"2008Juni21\" width=\"800\" height=\"600\" srcset=\"https:\/\/gartner52.de\/page\/wp-content\/uploads\/2016\/02\/2008Juni21.jpg 800w, https:\/\/gartner52.de\/page\/wp-content\/uploads\/2016\/02\/2008Juni21-300x225.jpg 300w, https:\/\/gartner52.de\/page\/wp-content\/uploads\/2016\/02\/2008Juni21-768x576.jpg 768w\" sizes=\"auto, (max-width: 800px) 100vw, 800px\"><\/p>\n<p style=\"text-align: center;\">Vom F\u00e4hranleger in Merag ging es \u00fcber sehr schlechte Stra\u00dfen teilweise mit Baustellen und Schotterpisten,<br>\naber auch gut ausgebauten Kurzstrecken \u00fcber die Insel Cres zur Insel <span class=\"Apple-style-span\">Lo\u0161inj<\/span>.<br>\n<img loading=\"lazy\" decoding=\"async\" class=\"aligncenter size-full wp-image-731\" src=\"https:\/\/gartner52.de\/page\/wp-content\/uploads\/2016\/02\/2008Juni35.jpg\" alt=\"2008Juni35\" width=\"800\" height=\"600\" srcset=\"https:\/\/gartner52.de\/page\/wp-content\/uploads\/2016\/02\/2008Juni35.jpg 800w, https:\/\/gartner52.de\/page\/wp-content\/uploads\/2016\/02\/2008Juni35-300x225.jpg 300w, https:\/\/gartner52.de\/page\/wp-content\/uploads\/2016\/02\/2008Juni35-768x576.jpg 768w\" sizes=\"auto, (max-width: 800px) 100vw, 800px\"><\/p>\n<p style=\"text-align: center;\"><img loading=\"lazy\" decoding=\"async\" class=\"aligncenter size-full wp-image-729\" src=\"https:\/\/gartner52.de\/page\/wp-content\/uploads\/2016\/02\/2008Juni33.jpg\" alt=\"2008Juni33\" width=\"800\" height=\"600\" srcset=\"https:\/\/gartner52.de\/page\/wp-content\/uploads\/2016\/02\/2008Juni33.jpg 800w, https:\/\/gartner52.de\/page\/wp-content\/uploads\/2016\/02\/2008Juni33-300x225.jpg 300w, https:\/\/gartner52.de\/page\/wp-content\/uploads\/2016\/02\/2008Juni33-768x576.jpg 768w\" sizes=\"auto, (max-width: 800px) 100vw, 800px\"><\/p>\n<p style=\"text-align: center;\">Dort hatten wir den Campingplatz Poljana als Ziel heraus gesucht. Der Platz liegt in der N\u00e4he von <span class=\"Apple-style-span\">Mali Lo\u0161inj<\/span>.<br>\nAuf dem <a href=\"http:\/\/www.baiaholiday.com\/de\/poljana\/\">Campingplatz Poljana<\/a> kamen wir so gegen 14:30 Uhr an.<br>\nDieser Campingplatz ist in Terrassen angelegt. Ganz oben auf den Terrassen haben wir einen gr\u00f6\u00dferen Stellplatz gefunden.<br>\nVon hier aus hatte man einen wundersch\u00f6nen Ausblick \u00fcber den Campingplatz und die Bucht.<\/p>\n<p style=\"text-align: center;\"><img loading=\"lazy\" decoding=\"async\" class=\"aligncenter size-full wp-image-720\" src=\"https:\/\/gartner52.de\/page\/wp-content\/uploads\/2016\/02\/2008Juni24.jpg\" alt=\"2008Juni24\" width=\"800\" height=\"600\" srcset=\"https:\/\/gartner52.de\/page\/wp-content\/uploads\/2016\/02\/2008Juni24.jpg 800w, https:\/\/gartner52.de\/page\/wp-content\/uploads\/2016\/02\/2008Juni24-300x225.jpg 300w, https:\/\/gartner52.de\/page\/wp-content\/uploads\/2016\/02\/2008Juni24-768x576.jpg 768w\" sizes=\"auto, (max-width: 800px) 100vw, 800px\"><\/p>\n<p style=\"text-align: center;\">Die Pl\u00e4tze, ab der vierten Reihe waren auch um einiges billiger als die Stellpl\u00e4tze direkt am Meer.<\/p>\n<p style=\"text-align: center;\">Unser Eindruck vom <span class=\"caps\">CP<\/span> Poljana:&nbsp; Hier ist alles sehr gepflegt, Platz und Gel\u00e4nde sauber.<br>\nDie Mitarbeiter der Rezeption sind freundlich und hilfsbereit. Das Restaurant ist Durchschnittlich. **<br>\nDie Toiletten \u2013 und Duschkabinen sind vorbildlich, sehr gro\u00df mit Waschbecken in jeder Kabine.<br>\nNur das angebotene <span class=\"caps\">WLAN<\/span> kann man nicht sehr weit empfangen.<br>\nDas geht so ca. 80 Meter um die Rezeption herum dann ist Schluss.<br>\n<img loading=\"lazy\" decoding=\"async\" class=\"aligncenter size-full wp-image-719\" src=\"https:\/\/gartner52.de\/page\/wp-content\/uploads\/2016\/02\/2008Juni23.jpg\" alt=\"2008Juni23\" width=\"800\" height=\"600\" srcset=\"https:\/\/gartner52.de\/page\/wp-content\/uploads\/2016\/02\/2008Juni23.jpg 800w, https:\/\/gartner52.de\/page\/wp-content\/uploads\/2016\/02\/2008Juni23-300x225.jpg 300w, https:\/\/gartner52.de\/page\/wp-content\/uploads\/2016\/02\/2008Juni23-768x576.jpg 768w\" sizes=\"auto, (max-width: 800px) 100vw, 800px\"><br>\n<img loading=\"lazy\" decoding=\"async\" class=\"aligncenter size-full wp-image-722\" src=\"https:\/\/gartner52.de\/page\/wp-content\/uploads\/2016\/02\/2008Juni26.jpg\" alt=\"2008Juni26\" width=\"800\" height=\"600\" srcset=\"https:\/\/gartner52.de\/page\/wp-content\/uploads\/2016\/02\/2008Juni26.jpg 800w, https:\/\/gartner52.de\/page\/wp-content\/uploads\/2016\/02\/2008Juni26-300x225.jpg 300w, https:\/\/gartner52.de\/page\/wp-content\/uploads\/2016\/02\/2008Juni26-768x576.jpg 768w\" sizes=\"auto, (max-width: 800px) 100vw, 800px\"><\/p>\n<p style=\"text-align: center;\">Dieser <span class=\"caps\">CP<\/span> akzeptiert in der Vor und Nachsaison die <span class=\"caps\">ACSI<\/span> Karte. Mit dieser Karte kostete im Jahr 2008<br>\nein Tag auf dem Campingplatz f\u00fcr zwei Personen und Womo oder <span class=\"caps\">WW<\/span> incl. Strom&nbsp; nur 14 \u20acuro.<\/p>\n<h5 style=\"text-align: center;\"><a href=\"https:\/\/gartner52.de\/page\/juni-2008-teil-2\/\">Weiter zum Teil 2<\/a><\/h5>\n","protected":false},"excerpt":{"rendered":"<p>Urlaub Kroatien Juni 2008 &nbsp; Teil 1 Wir wollten in diesem Jahr unseren ersten Urlaub wieder mit dem Wohnmobil in Kroatien verbringen. Es sollten die Insel Krk \u2013 Cres und Lo\u0161inj besucht werden. Der R\u00fcckweg sollte \u00fcber Istrien gehen 6.Juni \u2026 <a href=\"https:\/\/gartner52.de\/page\/juni-2008-teil-1\/\">Weiter<\/a><\/p>\n","protected":false},"author":1,"featured_media":0,"parent":0,"menu_order":0,"comment_status":"closed","ping_status":"closed","template":"","meta":{"wp_typography_post_enhancements_disabled":false,"kt_blocks_editor_width":"","footnotes":""},"class_list":["post-655","page","type-page","status-publish","hentry"],"_links":{"self":[{"href":"https:\/\/gartner52.de\/page\/wp-json\/wp\/v2\/pages\/655","targetHints":{"allow":["GET"]}}],"collection":[{"href":"https:\/\/gartner52.de\/page\/wp-json\/wp\/v2\/pages"}],"about":[{"href":"https:\/\/gartner52.de\/page\/wp-json\/wp\/v2\/types\/page"}],"author":[{"embeddable":true,"href":"https:\/\/gartner52.de\/page\/wp-json\/wp\/v2\/users\/1"}],"replies":[{"embeddable":true,"href":"https:\/\/gartner52.de\/page\/wp-json\/wp\/v2\/comments?post=655"}],"version-history":[{"count":16,"href":"https:\/\/gartner52.de\/page\/wp-json\/wp\/v2\/pages\/655\/revisions"}],"predecessor-version":[{"id":851,"href":"https:\/\/gartner52.de\/page\/wp-json\/wp\/v2\/pages\/655\/revisions\/851"}],"wp:attachment":[{"href":"https:\/\/gartner52.de\/page\/wp-json\/wp\/v2\/media?parent=655"}],"curies":[{"name":"wp","href":"https:\/\/api.w.org\/{rel}","templated":true}]}}