{"id":4536,"date":"2016-10-09T22:02:12","date_gmt":"2016-10-09T20:02:12","guid":{"rendered":"http:\/\/gartner52.de\/page\/?page_id=4536"},"modified":"2016-12-07T12:39:14","modified_gmt":"2016-12-07T11:39:14","slug":"hausbootwochenende-im-elsas-2016","status":"publish","type":"page","link":"https:\/\/gartner52.de\/page\/hausbootwochenende-im-elsas-2016\/","title":{"rendered":"2016 Hausboot Wochenende Teil 1"},"content":{"rendered":"<p style=\"text-align: center;\"><strong><span style=\"font-family: comic sans ms,sans-serif; font-size: 18pt; color: #3366ff;\">Hausboot Wochenende im Elsass<\/span><\/strong><\/p>\n<p style=\"text-align: center;\"><span style=\"color: #ff0000; font-family: arial,helvetica,sans-serif;\"><span style=\"color: #008000;\">Teil 1<\/span><br>\n<\/span><\/p>\n<p style=\"text-align: center;\"><span style=\"color: #3366ff; font-family: arial,helvetica,sans-serif;\">In diesem Bericht geht es einmal nicht um das Reisen mit dem Wohnmobil,<br>\naber die Fahrt mit einem Hausboot ist ja vergleichbar.<\/span><br>\n<span style=\"color: #3366ff; font-family: arial,helvetica,sans-serif;\"> Nur ist man auf dem Wasser unterwegs, was durchaus auch seinen Reiz hat.<\/span><\/p>\n<p style=\"text-align: center;\">-<\/p>\n<p style=\"text-align: center;\"><span style=\"color: #000000; font-family: arial,helvetica,sans-serif;\">Die Schwester meiner Frau und ihr Mann hatten einen runden Geburtstag und wir suchten ein passendes Geschenk. Ihr Mann hatte gerade den Bootsf\u00fchreschein gemacht, da kam uns die Idee ihnen ein verl\u00e4ngertes Wochenende auf einem Hausboot im Elsass zu schenken.<\/span><br>\n<span style=\"color: #000000; font-family: arial,helvetica,sans-serif;\"> Die ganze Familie legte f\u00fcr das Geschenk zusammen und nat\u00fcrlich wollten wir auch dabei sein.<\/span><br>\n<span style=\"color: #000000; font-family: arial,helvetica,sans-serif;\"> Gebucht wurde die Fahrt vom 31.09. bis zum 04.10. 2016<\/span><\/p>\n<p style=\"text-align: center;\"><img loading=\"lazy\" decoding=\"async\" class=\"size-full wp-image-4550 aligncenter\" src=\"https:\/\/gartner52.de\/page\/wp-content\/uploads\/2016\/10\/Boot-von-Br\u00fccke.jpg\" alt=\"boot-von-bruecke\" width=\"667\" height=\"500\" srcset=\"https:\/\/gartner52.de\/page\/wp-content\/uploads\/2016\/10\/Boot-von-Br\u00fccke.jpg 667w, https:\/\/gartner52.de\/page\/wp-content\/uploads\/2016\/10\/Boot-von-Br\u00fccke-300x225.jpg 300w\" sizes=\"auto, (max-width: 667px) 100vw, 667px\"><\/p>\n<p style=\"text-align: center;\"><span style=\"color: #000000; font-family: arial,helvetica,sans-serif;\">Das Boot war ca. 13 Meter lang und hatte den Namen <span class=\"caps\">CONTINENTALE<\/span> 157<\/span><br>\n<img loading=\"lazy\" decoding=\"async\" class=\"size-full wp-image-4554 aligncenter\" src=\"https:\/\/gartner52.de\/page\/wp-content\/uploads\/2016\/10\/BootPlan.jpg\" alt=\"bootplan\" width=\"605\" height=\"210\" srcset=\"https:\/\/gartner52.de\/page\/wp-content\/uploads\/2016\/10\/BootPlan.jpg 605w, https:\/\/gartner52.de\/page\/wp-content\/uploads\/2016\/10\/BootPlan-300x104.jpg 300w\" sizes=\"auto, (max-width: 605px) 100vw, 605px\"><span style=\"color: #000000; font-family: arial,helvetica,sans-serif;\">Das war unser Boot<\/span><br>\n<img loading=\"lazy\" decoding=\"async\" class=\"alignnone size-full wp-image-4605\" src=\"https:\/\/gartner52.de\/page\/wp-content\/uploads\/2016\/10\/UnserBoot1.jpg\" alt=\"unserboot1\" width=\"895\" height=\"500\" srcset=\"https:\/\/gartner52.de\/page\/wp-content\/uploads\/2016\/10\/UnserBoot1.jpg 895w, https:\/\/gartner52.de\/page\/wp-content\/uploads\/2016\/10\/UnserBoot1-300x168.jpg 300w, https:\/\/gartner52.de\/page\/wp-content\/uploads\/2016\/10\/UnserBoot1-768x429.jpg 768w\" sizes=\"auto, (max-width: 895px) 100vw, 895px\"><span style=\"font-family: arial,helvetica,sans-serif;\"><span style=\"color: #000000;\">Wir fuhren von Karlsruhe in Richtung Stra\u00dfburg und dann weiter Richtung Paris.<br>\nIn Saarburg haben wir die Autobahn verlassen und fuhren zu unserem Zielort Hesse.<br>\nDort war unser Startpunkt bei der Firma<\/span> \u201c<span style=\"font-size: 14pt;\"><strong><span style=\"color: #3366ff; font-family: book antiqua,palatino,serif;\">le boat<\/span><\/strong><\/span>\u201d.<\/span><br>\n<img loading=\"lazy\" decoding=\"async\" class=\"alignnone size-full wp-image-4547\" src=\"https:\/\/gartner52.de\/page\/wp-content\/uploads\/2016\/10\/Ankunft.jpg\" alt=\"ankunft\" width=\"890\" height=\"500\" srcset=\"https:\/\/gartner52.de\/page\/wp-content\/uploads\/2016\/10\/Ankunft.jpg 890w, https:\/\/gartner52.de\/page\/wp-content\/uploads\/2016\/10\/Ankunft-300x169.jpg 300w, https:\/\/gartner52.de\/page\/wp-content\/uploads\/2016\/10\/Ankunft-768x431.jpg 768w\" sizes=\"auto, (max-width: 890px) 100vw, 890px\"><span style=\"font-family: arial,helvetica,sans-serif; color: #000000;\">Jede Menge Hausboote und alle fuhren an dem Tag los<\/span><\/p>\n<p style=\"text-align: center;\"><img loading=\"lazy\" decoding=\"async\" class=\"alignnone size-full wp-image-4578\" src=\"https:\/\/gartner52.de\/page\/wp-content\/uploads\/2016\/10\/Le-boat.jpg\" alt=\"le-boat\" width=\"890\" height=\"500\" srcset=\"https:\/\/gartner52.de\/page\/wp-content\/uploads\/2016\/10\/Le-boat.jpg 890w, https:\/\/gartner52.de\/page\/wp-content\/uploads\/2016\/10\/Le-boat-300x169.jpg 300w, https:\/\/gartner52.de\/page\/wp-content\/uploads\/2016\/10\/Le-boat-768x431.jpg 768w\" sizes=\"auto, (max-width: 890px) 100vw, 890px\"><img loading=\"lazy\" decoding=\"async\" class=\"alignnone size-full wp-image-4581\" src=\"https:\/\/gartner52.de\/page\/wp-content\/uploads\/2016\/10\/Rezeption.jpg\" alt=\"rezeption\" width=\"890\" height=\"500\" srcset=\"https:\/\/gartner52.de\/page\/wp-content\/uploads\/2016\/10\/Rezeption.jpg 890w, https:\/\/gartner52.de\/page\/wp-content\/uploads\/2016\/10\/Rezeption-300x169.jpg 300w, https:\/\/gartner52.de\/page\/wp-content\/uploads\/2016\/10\/Rezeption-768x431.jpg 768w\" sizes=\"auto, (max-width: 890px) 100vw, 890px\"><span style=\"font-family: arial,helvetica,sans-serif; color: #000000;\">Hier wurden die restlichen Formalit\u00e4ten erledigt und alles wurde auf dem Boot verstaut.<\/span><\/p>\n<p style=\"text-align: center;\"><img loading=\"lazy\" decoding=\"async\" class=\"alignnone size-full wp-image-4548\" src=\"https:\/\/gartner52.de\/page\/wp-content\/uploads\/2016\/10\/Anmeldung.jpg\" alt=\"anmeldung\" width=\"890\" height=\"500\" srcset=\"https:\/\/gartner52.de\/page\/wp-content\/uploads\/2016\/10\/Anmeldung.jpg 890w, https:\/\/gartner52.de\/page\/wp-content\/uploads\/2016\/10\/Anmeldung-300x169.jpg 300w, https:\/\/gartner52.de\/page\/wp-content\/uploads\/2016\/10\/Anmeldung-768x431.jpg 768w\" sizes=\"auto, (max-width: 890px) 100vw, 890px\"><span style=\"font-family: arial,helvetica,sans-serif; color: #000000;\">Der Bootsmannsmaat bei der Arbeit<\/span><\/p>\n<p style=\"text-align: center;\"><img loading=\"lazy\" decoding=\"async\" class=\"alignnone size-full wp-image-4561\" src=\"https:\/\/gartner52.de\/page\/wp-content\/uploads\/2016\/10\/Einr\u00e4umen2.jpg\" alt=\"einraeumen2\" width=\"890\" height=\"500\" srcset=\"https:\/\/gartner52.de\/page\/wp-content\/uploads\/2016\/10\/Einr\u00e4umen2.jpg 890w, https:\/\/gartner52.de\/page\/wp-content\/uploads\/2016\/10\/Einr\u00e4umen2-300x169.jpg 300w, https:\/\/gartner52.de\/page\/wp-content\/uploads\/2016\/10\/Einr\u00e4umen2-768x431.jpg 768w\" sizes=\"auto, (max-width: 890px) 100vw, 890px\"><span style=\"font-family: arial,helvetica,sans-serif; color: #000000;\">Am Anfang sah es noch etwas kaotisch aus, aber als alles verstaut war, war es richtig gem\u00fctlich.<\/span><img loading=\"lazy\" decoding=\"async\" class=\"alignnone size-full wp-image-4604\" src=\"https:\/\/gartner52.de\/page\/wp-content\/uploads\/2016\/10\/Einr\u00e4umen3.jpg\" alt=\"einraeumen3\" width=\"890\" height=\"500\" srcset=\"https:\/\/gartner52.de\/page\/wp-content\/uploads\/2016\/10\/Einr\u00e4umen3.jpg 890w, https:\/\/gartner52.de\/page\/wp-content\/uploads\/2016\/10\/Einr\u00e4umen3-300x169.jpg 300w, https:\/\/gartner52.de\/page\/wp-content\/uploads\/2016\/10\/Einr\u00e4umen3-768x431.jpg 768w\" sizes=\"auto, (max-width: 890px) 100vw, 890px\"><\/p>\n<p style=\"text-align: center;\"><span style=\"font-family: arial,helvetica,sans-serif; color: #000000;\">Die Kaj\u00fcten waren nicht allzu gro\u00df, aber es reichte aus. Es waren 3 Kabinen und jede hatte ein eigenes Bad mit Toilette und Dusche.<\/span><\/p>\n<p style=\"text-align: center;\"><img loading=\"lazy\" decoding=\"async\" class=\"alignnone wp-image-4577\" src=\"https:\/\/gartner52.de\/page\/wp-content\/uploads\/2016\/10\/Kabine.jpg\" alt=\"kabine\" width=\"851\" height=\"638\" srcset=\"https:\/\/gartner52.de\/page\/wp-content\/uploads\/2016\/10\/Kabine.jpg 667w, https:\/\/gartner52.de\/page\/wp-content\/uploads\/2016\/10\/Kabine-300x225.jpg 300w\" sizes=\"auto, (max-width: 851px) 100vw, 851px\"><span style=\"font-family: arial,helvetica,sans-serif; color: #000000;\">Hier der Wohnraum und die K\u00fcche, vorne links war noch ein Innen Steuerstand.<\/span><\/p>\n<p style=\"text-align: center;\"><img loading=\"lazy\" decoding=\"async\" class=\"size-large wp-image-4608 aligncenter\" src=\"https:\/\/gartner52.de\/page\/wp-content\/uploads\/2016\/10\/K\u00fcche-768x1024.jpg\" alt=\"kueche\" width=\"768\" height=\"1024\" srcset=\"https:\/\/gartner52.de\/page\/wp-content\/uploads\/2016\/10\/K\u00fcche-768x1024.jpg 768w, https:\/\/gartner52.de\/page\/wp-content\/uploads\/2016\/10\/K\u00fcche-225x300.jpg 225w, https:\/\/gartner52.de\/page\/wp-content\/uploads\/2016\/10\/K\u00fcche.jpg 800w\" sizes=\"auto, (max-width: 768px) 100vw, 768px\"><span style=\"font-family: arial,helvetica,sans-serif; color: #000000;\">Als \u00dcberraschung gab es einen Kapit\u00e4ns Empfang, hier wurden dann noch die Aufgaben verteilt.<\/span><\/p>\n<p style=\"text-align: center;\"><img loading=\"lazy\" decoding=\"async\" class=\"alignnone size-full wp-image-4562\" src=\"https:\/\/gartner52.de\/page\/wp-content\/uploads\/2016\/10\/Empfang2.jpg\" alt=\"empfang2\" width=\"890\" height=\"500\" srcset=\"https:\/\/gartner52.de\/page\/wp-content\/uploads\/2016\/10\/Empfang2.jpg 890w, https:\/\/gartner52.de\/page\/wp-content\/uploads\/2016\/10\/Empfang2-300x169.jpg 300w, https:\/\/gartner52.de\/page\/wp-content\/uploads\/2016\/10\/Empfang2-768x431.jpg 768w\" sizes=\"auto, (max-width: 890px) 100vw, 890px\"><span style=\"color: #000000; font-family: arial,helvetica,sans-serif;\">Alle Mann an Bord<\/span><\/p>\n<p style=\"text-align: center;\"><img loading=\"lazy\" decoding=\"async\" class=\"alignnone size-full wp-image-4549\" src=\"https:\/\/gartner52.de\/page\/wp-content\/uploads\/2016\/10\/AufdemBoot3.jpg\" alt=\"aufdemboot3\" width=\"890\" height=\"500\" srcset=\"https:\/\/gartner52.de\/page\/wp-content\/uploads\/2016\/10\/AufdemBoot3.jpg 890w, https:\/\/gartner52.de\/page\/wp-content\/uploads\/2016\/10\/AufdemBoot3-300x169.jpg 300w, https:\/\/gartner52.de\/page\/wp-content\/uploads\/2016\/10\/AufdemBoot3-768x431.jpg 768w\" sizes=\"auto, (max-width: 890px) 100vw, 890px\"><span style=\"font-family: arial,helvetica,sans-serif; color: #000000;\">Wir verbrachten die erste Nacht im Hafen von <span style=\"color: #3366ff;\">le boat<\/span> und fuhren am Samstag Morgen bei Nieselregen los. Wir befuhren den <span style=\"text-decoration: underline;\">Rhein Marne Kanal<\/span> zwischen Hesse und Saverne. Gleich nach der Ablegestelle kam f\u00fcr unseren Kapit\u00e4n die erste Engstelle die er aber mit Bravour meisterte.<\/span><\/p>\n<p style=\"text-align: center;\"><img loading=\"lazy\" decoding=\"async\" class=\"alignnone size-full wp-image-4639\" src=\"https:\/\/gartner52.de\/page\/wp-content\/uploads\/2016\/10\/Abfahrt1.jpg\" alt=\"abfahrt1\" width=\"890\" height=\"500\" srcset=\"https:\/\/gartner52.de\/page\/wp-content\/uploads\/2016\/10\/Abfahrt1.jpg 890w, https:\/\/gartner52.de\/page\/wp-content\/uploads\/2016\/10\/Abfahrt1-300x169.jpg 300w, https:\/\/gartner52.de\/page\/wp-content\/uploads\/2016\/10\/Abfahrt1-768x431.jpg 768w\" sizes=\"auto, (max-width: 890px) 100vw, 890px\"><span style=\"font-family: arial,helvetica,sans-serif; color: #000000;\">Noch ein Blick zur\u00fcck zum Startpunkt<\/span><\/p>\n<p style=\"text-align: center;\"><img loading=\"lazy\" decoding=\"async\" class=\"alignnone size-full wp-image-4563\" src=\"https:\/\/gartner52.de\/page\/wp-content\/uploads\/2016\/10\/ErsterTag.jpg\" alt=\"erstertag\" width=\"890\" height=\"500\" srcset=\"https:\/\/gartner52.de\/page\/wp-content\/uploads\/2016\/10\/ErsterTag.jpg 890w, https:\/\/gartner52.de\/page\/wp-content\/uploads\/2016\/10\/ErsterTag-300x169.jpg 300w, https:\/\/gartner52.de\/page\/wp-content\/uploads\/2016\/10\/ErsterTag-768x431.jpg 768w\" sizes=\"auto, (max-width: 890px) 100vw, 890px\"><\/p>\n<p style=\"text-align: center;\"><span style=\"font-family: arial,helvetica,sans-serif; color: #000000;\">F\u00fcr unseren Kapit\u00e4n kam bald die n\u00e4chste Pr\u00fcfung, der erste Tunnel. Er war ca. 480 Meter lang und immer nur in einer Richtung passierbar.<\/span><\/p>\n<p style=\"text-align: center;\"><img loading=\"lazy\" decoding=\"async\" class=\"alignnone size-full wp-image-4641\" src=\"https:\/\/gartner52.de\/page\/wp-content\/uploads\/2016\/10\/Tunnel.jpg\" alt=\"tunnel\" width=\"890\" height=\"500\" srcset=\"https:\/\/gartner52.de\/page\/wp-content\/uploads\/2016\/10\/Tunnel.jpg 890w, https:\/\/gartner52.de\/page\/wp-content\/uploads\/2016\/10\/Tunnel-300x169.jpg 300w, https:\/\/gartner52.de\/page\/wp-content\/uploads\/2016\/10\/Tunnel-768x431.jpg 768w\" sizes=\"auto, (max-width: 890px) 100vw, 890px\"><\/p>\n<p style=\"text-align: center;\"><span style=\"font-family: arial,helvetica,sans-serif; color: #000000;\">Kaum waren wir aus dem ersten Tunnel heraus kam auch schon der n\u00e4chste. Dieser war aber etwas l\u00e4nger und deshalb beleuchtet, er hatte eine L\u00e4nge von 2310 Meter. Das war ein Spa\u00df beim durchfahren. Hier f\u00fchrt auch die Bahnstrecke durch einen Tunnel. Es ist die <span class=\"caps\">TGV<\/span> Verbindung von Stra\u00dfburg nach Paris.<\/span><\/p>\n<p style=\"text-align: center;\"><img loading=\"lazy\" decoding=\"async\" class=\"alignnone size-full wp-image-4594\" src=\"https:\/\/gartner52.de\/page\/wp-content\/uploads\/2016\/10\/ZweiterTunnel1.jpg\" alt=\"zweitertunnel1\" width=\"890\" height=\"500\" srcset=\"https:\/\/gartner52.de\/page\/wp-content\/uploads\/2016\/10\/ZweiterTunnel1.jpg 890w, https:\/\/gartner52.de\/page\/wp-content\/uploads\/2016\/10\/ZweiterTunnel1-300x169.jpg 300w, https:\/\/gartner52.de\/page\/wp-content\/uploads\/2016\/10\/ZweiterTunnel1-768x431.jpg 768w\" sizes=\"auto, (max-width: 890px) 100vw, 890px\"><img loading=\"lazy\" decoding=\"async\" class=\"alignnone size-full wp-image-4595\" src=\"https:\/\/gartner52.de\/page\/wp-content\/uploads\/2016\/10\/ZweiterTunnel2.jpg\" alt=\"zweitertunnel2\" width=\"890\" height=\"500\" srcset=\"https:\/\/gartner52.de\/page\/wp-content\/uploads\/2016\/10\/ZweiterTunnel2.jpg 890w, https:\/\/gartner52.de\/page\/wp-content\/uploads\/2016\/10\/ZweiterTunnel2-300x169.jpg 300w, https:\/\/gartner52.de\/page\/wp-content\/uploads\/2016\/10\/ZweiterTunnel2-768x431.jpg 768w\" sizes=\"auto, (max-width: 890px) 100vw, 890px\"><\/p>\n<p style=\"text-align: center;\"><span style=\"font-family: arial,helvetica,sans-serif; color: #000000;\">Danach kamen einige Schleusen die wir alle selbst bedienen mu\u00dften. War aber kein Problem, man hatte es uns ja erkl\u00e4rt. Das war jedesmal eine Gaudi wenn mehrere Boote zusammen in die Schleuse fuhren.<\/span><\/p>\n<p style=\"text-align: center;\"><img loading=\"lazy\" decoding=\"async\" class=\"alignnone size-full wp-image-4565\" src=\"https:\/\/gartner52.de\/page\/wp-content\/uploads\/2016\/10\/ErsterTag7.jpg\" alt=\"erstertag7\" width=\"890\" height=\"500\" srcset=\"https:\/\/gartner52.de\/page\/wp-content\/uploads\/2016\/10\/ErsterTag7.jpg 890w, https:\/\/gartner52.de\/page\/wp-content\/uploads\/2016\/10\/ErsterTag7-300x169.jpg 300w, https:\/\/gartner52.de\/page\/wp-content\/uploads\/2016\/10\/ErsterTag7-768x431.jpg 768w\" sizes=\"auto, (max-width: 890px) 100vw, 890px\"><img loading=\"lazy\" decoding=\"async\" class=\"alignnone size-full wp-image-4564\" src=\"https:\/\/gartner52.de\/page\/wp-content\/uploads\/2016\/10\/ErsterTag5.jpg\" alt=\"erstertag5\" width=\"890\" height=\"500\" srcset=\"https:\/\/gartner52.de\/page\/wp-content\/uploads\/2016\/10\/ErsterTag5.jpg 890w, https:\/\/gartner52.de\/page\/wp-content\/uploads\/2016\/10\/ErsterTag5-300x169.jpg 300w, https:\/\/gartner52.de\/page\/wp-content\/uploads\/2016\/10\/ErsterTag5-768x431.jpg 768w\" sizes=\"auto, (max-width: 890px) 100vw, 890px\"><\/p>\n<p class=\"h2_accueil\" style=\"text-align: center;\"><span style=\"font-family: arial,helvetica,sans-serif; color: #000000;\">Wir fuhren auf dem Kanal weiter zum Schiffshebewerk von Saint-Louis Arzviller. Das war ein monumentales Bauwerk. Hier werden die Boote \u00fcber eine schiefe Ebene 44 Meter nach oben oder unten gefahren. Wir fuhren mit dem Boot in einen Trog von 41 Meter L\u00e4nge und wurden langsam nach unten gelassen. Die ganze Anlage l\u00e4uft \u00fcber Gewichte die den Trog bewegen. Es gibt noch zwei Elektromotoren mit je 120 <span class=\"caps\">PS<\/span>, mehr wird daf\u00fcr nicht ben\u00f6tigt. <\/span><\/p>\n<p style=\"text-align: center;\"><img loading=\"lazy\" decoding=\"async\" class=\"alignnone size-full wp-image-4580\" src=\"https:\/\/gartner52.de\/page\/wp-content\/uploads\/2016\/10\/PlakatHebewerk1.jpg\" alt=\"plakathebewerk1\" width=\"890\" height=\"500\" srcset=\"https:\/\/gartner52.de\/page\/wp-content\/uploads\/2016\/10\/PlakatHebewerk1.jpg 890w, https:\/\/gartner52.de\/page\/wp-content\/uploads\/2016\/10\/PlakatHebewerk1-300x169.jpg 300w, https:\/\/gartner52.de\/page\/wp-content\/uploads\/2016\/10\/PlakatHebewerk1-768x431.jpg 768w\" sizes=\"auto, (max-width: 890px) 100vw, 890px\"><img loading=\"lazy\" decoding=\"async\" class=\"alignnone size-full wp-image-4569\" src=\"https:\/\/gartner52.de\/page\/wp-content\/uploads\/2016\/10\/Hebewerk2.jpg\" alt=\"hebewerk2\" width=\"890\" height=\"500\" srcset=\"https:\/\/gartner52.de\/page\/wp-content\/uploads\/2016\/10\/Hebewerk2.jpg 890w, https:\/\/gartner52.de\/page\/wp-content\/uploads\/2016\/10\/Hebewerk2-300x169.jpg 300w, https:\/\/gartner52.de\/page\/wp-content\/uploads\/2016\/10\/Hebewerk2-768x431.jpg 768w\" sizes=\"auto, (max-width: 890px) 100vw, 890px\"><img loading=\"lazy\" decoding=\"async\" class=\"alignnone size-full wp-image-4571\" src=\"https:\/\/gartner52.de\/page\/wp-content\/uploads\/2016\/10\/Hebewerk14.jpg\" alt=\"hebewerk14\" width=\"890\" height=\"500\" srcset=\"https:\/\/gartner52.de\/page\/wp-content\/uploads\/2016\/10\/Hebewerk14.jpg 890w, https:\/\/gartner52.de\/page\/wp-content\/uploads\/2016\/10\/Hebewerk14-300x169.jpg 300w, https:\/\/gartner52.de\/page\/wp-content\/uploads\/2016\/10\/Hebewerk14-768x431.jpg 768w\" sizes=\"auto, (max-width: 890px) 100vw, 890px\"><\/p>\n<p style=\"text-align: center;\"><span style=\"font-family: arial,helvetica,sans-serif; color: #000000;\">Die beiden Gegengewichte wiegen je 450 Tonnen. Der Trog wird durch 24 Stahlseile von je 2cm Durchmesser gehalten.<\/span><\/p>\n<p style=\"text-align: center;\"><img loading=\"lazy\" decoding=\"async\" class=\"alignnone size-full wp-image-4572\" src=\"https:\/\/gartner52.de\/page\/wp-content\/uploads\/2016\/10\/Hebewerk18.jpg\" alt=\"hebewerk18\" width=\"890\" height=\"500\" srcset=\"https:\/\/gartner52.de\/page\/wp-content\/uploads\/2016\/10\/Hebewerk18.jpg 890w, https:\/\/gartner52.de\/page\/wp-content\/uploads\/2016\/10\/Hebewerk18-300x169.jpg 300w, https:\/\/gartner52.de\/page\/wp-content\/uploads\/2016\/10\/Hebewerk18-768x431.jpg 768w\" sizes=\"auto, (max-width: 890px) 100vw, 890px\"><\/p>\n<p style=\"text-align: center;\"><span style=\"font-family: arial,helvetica,sans-serif; color: #000000;\">Gebaut wurde das Hebewerk von 1964 bis 1969, es ersetzt auf dieser Strecke 17 Schleusen. <\/span><\/p>\n<p style=\"text-align: center;\"><img loading=\"lazy\" decoding=\"async\" class=\"alignnone size-full wp-image-4573\" src=\"https:\/\/gartner52.de\/page\/wp-content\/uploads\/2016\/10\/Hebewerk20.jpg\" alt=\"hebewerk20\" width=\"890\" height=\"500\" srcset=\"https:\/\/gartner52.de\/page\/wp-content\/uploads\/2016\/10\/Hebewerk20.jpg 890w, https:\/\/gartner52.de\/page\/wp-content\/uploads\/2016\/10\/Hebewerk20-300x169.jpg 300w, https:\/\/gartner52.de\/page\/wp-content\/uploads\/2016\/10\/Hebewerk20-768x431.jpg 768w\" sizes=\"auto, (max-width: 890px) 100vw, 890px\"><\/p>\n<p style=\"text-align: center;\"><span style=\"color: #000000; font-family: arial,helvetica,sans-serif;\">Unten angekommen haben wir das Boot erst einmal am Rand festgemacht und sind zu Fu\u00df zu einer Glasbl\u00e4serei gelaufen.<\/span><\/p>\n<p style=\"text-align: center;\"><img loading=\"lazy\" decoding=\"async\" class=\"alignnone size-full wp-image-4560\" src=\"https:\/\/gartner52.de\/page\/wp-content\/uploads\/2016\/10\/CristallHaus.jpg\" alt=\"cristallhaus\" width=\"890\" height=\"500\" srcset=\"https:\/\/gartner52.de\/page\/wp-content\/uploads\/2016\/10\/CristallHaus.jpg 890w, https:\/\/gartner52.de\/page\/wp-content\/uploads\/2016\/10\/CristallHaus-300x169.jpg 300w, https:\/\/gartner52.de\/page\/wp-content\/uploads\/2016\/10\/CristallHaus-768x431.jpg 768w\" sizes=\"auto, (max-width: 890px) 100vw, 890px\"><\/p>\n<p style=\"text-align: center;\"><span style=\"font-family: arial,helvetica,sans-serif; color: #000000;\">Es war toll einmal zuzuschauen wie aus gl\u00fchendem Sand eine wundersch\u00f6ne Glaslampe entsteht<\/span><\/p>\n<p style=\"text-align: center;\"><img loading=\"lazy\" decoding=\"async\" class=\"alignnone size-full wp-image-4559\" src=\"https:\/\/gartner52.de\/page\/wp-content\/uploads\/2016\/10\/Cristall5.jpg\" alt=\"cristall5\" width=\"890\" height=\"500\" srcset=\"https:\/\/gartner52.de\/page\/wp-content\/uploads\/2016\/10\/Cristall5.jpg 890w, https:\/\/gartner52.de\/page\/wp-content\/uploads\/2016\/10\/Cristall5-300x169.jpg 300w, https:\/\/gartner52.de\/page\/wp-content\/uploads\/2016\/10\/Cristall5-768x431.jpg 768w\" sizes=\"auto, (max-width: 890px) 100vw, 890px\"><\/p>\n<p style=\"text-align: center;\"><span style=\"font-family: arial,helvetica,sans-serif; color: #000000;\">Es gab hier viel zu sehen, jedes St\u00fcck ist ein Unikat. Jedes Teil ist anderst, obwohl sie manchmal fast gleich aussehen.<\/span><\/p>\n<p style=\"text-align: center;\"><img loading=\"lazy\" decoding=\"async\" class=\"alignnone size-full wp-image-4558\" src=\"https:\/\/gartner52.de\/page\/wp-content\/uploads\/2016\/10\/Cristall4.jpg\" alt=\"cristall4\" width=\"890\" height=\"500\" srcset=\"https:\/\/gartner52.de\/page\/wp-content\/uploads\/2016\/10\/Cristall4.jpg 890w, https:\/\/gartner52.de\/page\/wp-content\/uploads\/2016\/10\/Cristall4-300x169.jpg 300w, https:\/\/gartner52.de\/page\/wp-content\/uploads\/2016\/10\/Cristall4-768x431.jpg 768w\" sizes=\"auto, (max-width: 890px) 100vw, 890px\"><img loading=\"lazy\" decoding=\"async\" class=\"alignnone size-full wp-image-4640\" src=\"https:\/\/gartner52.de\/page\/wp-content\/uploads\/2016\/10\/Cristall1.jpg\" alt=\"cristall1\" width=\"890\" height=\"500\" srcset=\"https:\/\/gartner52.de\/page\/wp-content\/uploads\/2016\/10\/Cristall1.jpg 890w, https:\/\/gartner52.de\/page\/wp-content\/uploads\/2016\/10\/Cristall1-300x169.jpg 300w, https:\/\/gartner52.de\/page\/wp-content\/uploads\/2016\/10\/Cristall1-768x431.jpg 768w\" sizes=\"auto, (max-width: 890px) 100vw, 890px\"><\/p>\n<p style=\"text-align: center;\"><span style=\"font-family: arial,helvetica,sans-serif; color: #000000;\">Das sind alles sch\u00f6ne Lampen, so eine hat der Glasmacher w\u00e4hrend unserer Besichtigung hergestellt.<\/span><\/p>\n<p style=\"text-align: center;\"><img loading=\"lazy\" decoding=\"async\" class=\"alignnone size-full wp-image-4557\" src=\"https:\/\/gartner52.de\/page\/wp-content\/uploads\/2016\/10\/Cristall2.jpg\" alt=\"cristall2\" width=\"890\" height=\"500\" srcset=\"https:\/\/gartner52.de\/page\/wp-content\/uploads\/2016\/10\/Cristall2.jpg 890w, https:\/\/gartner52.de\/page\/wp-content\/uploads\/2016\/10\/Cristall2-300x169.jpg 300w, https:\/\/gartner52.de\/page\/wp-content\/uploads\/2016\/10\/Cristall2-768x431.jpg 768w\" sizes=\"auto, (max-width: 890px) 100vw, 890px\"><\/p>\n<p style=\"text-align: center;\"><span style=\"font-family: arial,helvetica,sans-serif; color: #000000;\">Dann sind wir wieder zur Anlegestelle gelaufen und haben auch noch einen Hecht gesehen. \ud83d\ude42&nbsp;<\/span><\/p>\n<p style=\"text-align: center;\"><img loading=\"lazy\" decoding=\"async\" class=\"alignnone size-full wp-image-4576\" src=\"https:\/\/gartner52.de\/page\/wp-content\/uploads\/2016\/10\/Hecht.jpg\" alt=\"hecht\" width=\"890\" height=\"500\" srcset=\"https:\/\/gartner52.de\/page\/wp-content\/uploads\/2016\/10\/Hecht.jpg 890w, https:\/\/gartner52.de\/page\/wp-content\/uploads\/2016\/10\/Hecht-300x169.jpg 300w, https:\/\/gartner52.de\/page\/wp-content\/uploads\/2016\/10\/Hecht-768x431.jpg 768w\" sizes=\"auto, (max-width: 890px) 100vw, 890px\"><\/p>\n<p style=\"text-align: center;\"><span style=\"font-family: arial,helvetica,sans-serif; color: #000000;\">Unser Kapt\u00e4n hat uns dann Richtung L\u00fctzelburg gefahren. Dort war unsere erste \u00dcbernachtungsstelle.<\/span><\/p>\n<p style=\"text-align: center;\"><img loading=\"lazy\" decoding=\"async\" class=\"alignnone size-full wp-image-4555\" src=\"https:\/\/gartner52.de\/page\/wp-content\/uploads\/2016\/10\/Burg.jpg\" alt=\"burg\" width=\"889\" height=\"500\" srcset=\"https:\/\/gartner52.de\/page\/wp-content\/uploads\/2016\/10\/Burg.jpg 889w, https:\/\/gartner52.de\/page\/wp-content\/uploads\/2016\/10\/Burg-300x169.jpg 300w, https:\/\/gartner52.de\/page\/wp-content\/uploads\/2016\/10\/Burg-768x432.jpg 768w\" sizes=\"auto, (max-width: 889px) 100vw, 889px\"><\/p>\n<p style=\"text-align: center;\"><span style=\"font-family: arial,helvetica,sans-serif; color: #000000;\">Am Sonntag Morgen war das Wetter um einiges besser als am Tag zuvor, so macht eine Schiffsreise viel mehr Spa\u00df. Immer wieder kamen Schleusen, wenn die Ampel rot war mussten wir am Rand des Kanals festmachen und warten bis ein Boot von unten durch die Schleuse kam.<\/span><\/p>\n<p style=\"text-align: center;\"><img loading=\"lazy\" decoding=\"async\" class=\"alignnone size-full wp-image-4591\" src=\"https:\/\/gartner52.de\/page\/wp-content\/uploads\/2016\/10\/ZweiterTag1.jpg\" alt=\"zweitertag1\" width=\"890\" height=\"500\" srcset=\"https:\/\/gartner52.de\/page\/wp-content\/uploads\/2016\/10\/ZweiterTag1.jpg 890w, https:\/\/gartner52.de\/page\/wp-content\/uploads\/2016\/10\/ZweiterTag1-300x169.jpg 300w, https:\/\/gartner52.de\/page\/wp-content\/uploads\/2016\/10\/ZweiterTag1-768x431.jpg 768w\" sizes=\"auto, (max-width: 890px) 100vw, 890px\"><\/p>\n<p style=\"text-align: center;\"><span style=\"font-family: arial,helvetica,sans-serif; color: #000000;\">Am Ufer gab es nat\u00fcrlich auch einiges zu sehen. Hier in L\u00fctzelburg eine Kirche und sch\u00f6ne alte H\u00e4user.<\/span><\/p>\n<p style=\"text-align: center;\"><img loading=\"lazy\" decoding=\"async\" class=\"alignnone size-full wp-image-4592\" src=\"https:\/\/gartner52.de\/page\/wp-content\/uploads\/2016\/10\/ZweiterTag4.jpg\" alt=\"zweitertag4\" width=\"890\" height=\"500\" srcset=\"https:\/\/gartner52.de\/page\/wp-content\/uploads\/2016\/10\/ZweiterTag4.jpg 890w, https:\/\/gartner52.de\/page\/wp-content\/uploads\/2016\/10\/ZweiterTag4-300x169.jpg 300w, https:\/\/gartner52.de\/page\/wp-content\/uploads\/2016\/10\/ZweiterTag4-768x431.jpg 768w\" sizes=\"auto, (max-width: 890px) 100vw, 890px\"><\/p>\n<p style=\"text-align: center;\"><span style=\"font-family: arial,helvetica,sans-serif; color: #000000;\">Hier sind wir schon in Saverne, unsere Fotografin sprang vom Boot und rannte auf die Br\u00fccke um Bilder von uns zu machen.<\/span><\/p>\n<p style=\"text-align: center;\"><img loading=\"lazy\" decoding=\"async\" class=\"alignnone size-full wp-image-4642\" src=\"https:\/\/gartner52.de\/page\/wp-content\/uploads\/2016\/10\/ZweiterTagSaverne2.jpg\" alt=\"zweitertagsaverne2\" width=\"800\" height=\"600\" srcset=\"https:\/\/gartner52.de\/page\/wp-content\/uploads\/2016\/10\/ZweiterTagSaverne2.jpg 800w, https:\/\/gartner52.de\/page\/wp-content\/uploads\/2016\/10\/ZweiterTagSaverne2-300x225.jpg 300w, https:\/\/gartner52.de\/page\/wp-content\/uploads\/2016\/10\/ZweiterTagSaverne2-768x576.jpg 768w\" sizes=\"auto, (max-width: 800px) 100vw, 800px\"><img loading=\"lazy\" decoding=\"async\" class=\"alignnone size-full wp-image-4643\" src=\"https:\/\/gartner52.de\/page\/wp-content\/uploads\/2016\/10\/ZweiterTagSaverne3.jpg\" alt=\"zweitertagsaverne3\" width=\"800\" height=\"600\" srcset=\"https:\/\/gartner52.de\/page\/wp-content\/uploads\/2016\/10\/ZweiterTagSaverne3.jpg 800w, https:\/\/gartner52.de\/page\/wp-content\/uploads\/2016\/10\/ZweiterTagSaverne3-300x225.jpg 300w, https:\/\/gartner52.de\/page\/wp-content\/uploads\/2016\/10\/ZweiterTagSaverne3-768x576.jpg 768w\" sizes=\"auto, (max-width: 800px) 100vw, 800px\"><\/p>\n<p style=\"text-align: center;\"><span style=\"font-family: arial,helvetica,sans-serif; color: #000000;\">Dann kam die gro\u00dfe Schleuse in Saverne, kurz vor dem Hafen. Hier geht es fast f\u00fcnf Meter in die Tiefe. Das dauerte etwas l\u00e4nger und wurde von vielen Leuten beobachtet, denn hier geht die Hauptstra\u00dfe \u00fcber den Kanal.<\/span><\/p>\n<p style=\"text-align: center;\"><img loading=\"lazy\" decoding=\"async\" class=\"alignnone size-full wp-image-4593\" src=\"https:\/\/gartner52.de\/page\/wp-content\/uploads\/2016\/10\/ZweiterTag14.jpg\" alt=\"zweitertag14\" width=\"890\" height=\"500\" srcset=\"https:\/\/gartner52.de\/page\/wp-content\/uploads\/2016\/10\/ZweiterTag14.jpg 890w, https:\/\/gartner52.de\/page\/wp-content\/uploads\/2016\/10\/ZweiterTag14-300x169.jpg 300w, https:\/\/gartner52.de\/page\/wp-content\/uploads\/2016\/10\/ZweiterTag14-768x431.jpg 768w\" sizes=\"auto, (max-width: 890px) 100vw, 890px\"><img loading=\"lazy\" decoding=\"async\" class=\"alignnone size-full wp-image-4645\" src=\"https:\/\/gartner52.de\/page\/wp-content\/uploads\/2016\/10\/DSC01800.jpg\" alt=\"SchleuseSaverne\" width=\"800\" height=\"600\" srcset=\"https:\/\/gartner52.de\/page\/wp-content\/uploads\/2016\/10\/DSC01800.jpg 800w, https:\/\/gartner52.de\/page\/wp-content\/uploads\/2016\/10\/DSC01800-300x225.jpg 300w, https:\/\/gartner52.de\/page\/wp-content\/uploads\/2016\/10\/DSC01800-768x576.jpg 768w\" sizes=\"auto, (max-width: 800px) 100vw, 800px\"><\/p>\n<p style=\"text-align: center;\"><span style=\"font-family: arial,helvetica,sans-serif; color: #000000;\">Hier waren wir im Hafen von Saverne, wir machten an einer Anlegestelle unser Boot fest. Der Hafenmeister fragte ob wir hier \u00fcbernachten wollen, wir wollten aber nur einen Kaffee trinken deshalb musste auch keine Liegegeb\u00fchr bezahlt werden, das war gut. <\/span><\/p>\n<p style=\"text-align: center;\"><img loading=\"lazy\" decoding=\"async\" class=\"alignnone size-full wp-image-4586\" src=\"https:\/\/gartner52.de\/page\/wp-content\/uploads\/2016\/10\/Saverne9.jpg\" alt=\"saverne9\" width=\"890\" height=\"500\" srcset=\"https:\/\/gartner52.de\/page\/wp-content\/uploads\/2016\/10\/Saverne9.jpg 890w, https:\/\/gartner52.de\/page\/wp-content\/uploads\/2016\/10\/Saverne9-300x169.jpg 300w, https:\/\/gartner52.de\/page\/wp-content\/uploads\/2016\/10\/Saverne9-768x431.jpg 768w\" sizes=\"auto, (max-width: 890px) 100vw, 890px\"><img loading=\"lazy\" decoding=\"async\" class=\"alignnone size-full wp-image-4587\" src=\"https:\/\/gartner52.de\/page\/wp-content\/uploads\/2016\/10\/Saverne12.jpg\" alt=\"saverne12\" width=\"890\" height=\"500\" srcset=\"https:\/\/gartner52.de\/page\/wp-content\/uploads\/2016\/10\/Saverne12.jpg 890w, https:\/\/gartner52.de\/page\/wp-content\/uploads\/2016\/10\/Saverne12-300x169.jpg 300w, https:\/\/gartner52.de\/page\/wp-content\/uploads\/2016\/10\/Saverne12-768x431.jpg 768w\" sizes=\"auto, (max-width: 890px) 100vw, 890px\"><\/p>\n<p style=\"text-align: center;\"><span style=\"color: #808080; font-size: 12pt; font-family: arial,helvetica,sans-serif;\"><a style=\"color: #808080;\" href=\"https:\/\/gartner52.de\/page\/2016-hausboot-teil-2\/\">Weiter zum Teil zwei<\/a><\/span><\/p>\n","protected":false},"excerpt":{"rendered":"<p>Hausboot Wochenende im Elsass Teil 1 In diesem Bericht geht es einmal nicht um das Reisen mit dem Wohnmobil, aber die Fahrt mit einem Hausboot ist ja vergleichbar. Nur ist man auf dem Wasser unterwegs, was durchaus auch seinen Reiz \u2026 <a href=\"https:\/\/gartner52.de\/page\/hausbootwochenende-im-elsas-2016\/\">Weiter<\/a><\/p>\n","protected":false},"author":4,"featured_media":0,"parent":0,"menu_order":0,"comment_status":"closed","ping_status":"closed","template":"","meta":{"wp_typography_post_enhancements_disabled":false,"kt_blocks_editor_width":"","footnotes":""},"class_list":["post-4536","page","type-page","status-publish","hentry"],"_links":{"self":[{"href":"https:\/\/gartner52.de\/page\/wp-json\/wp\/v2\/pages\/4536","targetHints":{"allow":["GET"]}}],"collection":[{"href":"https:\/\/gartner52.de\/page\/wp-json\/wp\/v2\/pages"}],"about":[{"href":"https:\/\/gartner52.de\/page\/wp-json\/wp\/v2\/types\/page"}],"author":[{"embeddable":true,"href":"https:\/\/gartner52.de\/page\/wp-json\/wp\/v2\/users\/4"}],"replies":[{"embeddable":true,"href":"https:\/\/gartner52.de\/page\/wp-json\/wp\/v2\/comments?post=4536"}],"version-history":[{"count":58,"href":"https:\/\/gartner52.de\/page\/wp-json\/wp\/v2\/pages\/4536\/revisions"}],"predecessor-version":[{"id":4791,"href":"https:\/\/gartner52.de\/page\/wp-json\/wp\/v2\/pages\/4536\/revisions\/4791"}],"wp:attachment":[{"href":"https:\/\/gartner52.de\/page\/wp-json\/wp\/v2\/media?parent=4536"}],"curies":[{"name":"wp","href":"https:\/\/api.w.org\/{rel}","templated":true}]}}