{"id":22,"date":"2016-02-07T17:30:56","date_gmt":"2016-02-07T16:30:56","guid":{"rendered":"http:\/\/gartner52.de\/page\/?page_id=22"},"modified":"2016-02-17T12:36:29","modified_gmt":"2016-02-17T11:36:29","slug":"menue-4","status":"publish","type":"page","link":"https:\/\/gartner52.de\/page\/menue-4\/","title":{"rendered":"Kroatien 2006"},"content":{"rendered":"<h2 style=\"text-align: center;\"><img loading=\"lazy\" decoding=\"async\" class=\"wp-image-484 aligncenter\" src=\"https:\/\/gartner52.de\/page\/wp-content\/uploads\/2016\/02\/Flagge-Cro-300x150.jpg\" alt=\"Flagge Cro\" width=\"174\" height=\"87\" srcset=\"https:\/\/gartner52.de\/page\/wp-content\/uploads\/2016\/02\/Flagge-Cro-300x150.jpg 300w, https:\/\/gartner52.de\/page\/wp-content\/uploads\/2016\/02\/Flagge-Cro.jpg 547w\" sizes=\"auto, (max-width: 174px) 100vw, 174px\"><\/h2>\n<h2 style=\"text-align: center;\"><span style=\"color: #0000ff;\"><strong>Erster Wohnmobil Urlaub in Kroatien <\/strong><\/span><em><span style=\"color: #0000ff;\"><strong><br>\n<\/strong><\/span><\/em><span style=\"color: #0000ff;\"><strong>2006<\/strong><\/span><\/h2>\n<p style=\"text-align: center;\"><span style=\"color: #008000;\"><strong>vom 04.09.2006 bis 16.09.2006<\/strong><\/span><\/p>\n<p style=\"text-align: center;\">Der erste Urlaub mit unserem neuen Wohnmobil sollte nach Kroatien gehen.<\/p>\n<p style=\"text-align: center;\">Vor langer Zeit hatten wir mit unserem Wohnwagen dieses Land sehr oft besucht.<\/p>\n<p style=\"text-align: center;\">Doch nach dem die Kinder erwachsen waren, und nicht mehr mit uns in Urlaub fahren wollten,<br>\nhaben wir unseren Eriba Wohnwagen verkauft.<br>\nAber jetzt hat uns das Camping Fieber wieder gepackt, diesmal nur mit dem Wohnmobil.<\/p>\n<p style=\"text-align: center;\">Am Montag den 04.September ging es gegen 11:00 Uhr in Karlsruhe los. Als erstes Reiseziel haben wir Istrien, und dort den Camping Park Umag ausgesucht.<br>\nDort waren wir fr\u00fcher schon mit unserem Wohnwagen. Als zweites Ziel haben wir Pula ins Auge gefasst.<br>\nDort gibt es ja einige Campingpl\u00e4tze, wir hatten uns den Bi-Village ausgesucht.<\/p>\n<p style=\"text-align: center;\">Da wir ja noch keinen Plan hatten wie lange wir f\u00fcr die Strecke von Karlsruhe nach Istrien brauchen, wurde eine Zwischen\u00fcbernachtung in \u00d6sterreich eingeplant.<br>\nSo haben wir einen sch\u00f6nen \u00dcbernachtungsplatz auf dem Rasthof Lungau gefunden.<br>\nHier ist es nicht so laut und es gibt viele Stellpl\u00e4tze f\u00fcr Gespanne und Wohnmobile.<br>\nAm n\u00e4chsten Morgen ging es weiter nach Slowenien, \u00fcber Ljubljana und Postojna nach Koper.<\/p>\n<p style=\"text-align: center;\"><img loading=\"lazy\" decoding=\"async\" class=\"aligncenter size-full wp-image-478\" src=\"https:\/\/gartner52.de\/page\/wp-content\/uploads\/2016\/02\/2006_HR29.jpg\" alt=\"2006_HR29\" width=\"800\" height=\"600\" srcset=\"https:\/\/gartner52.de\/page\/wp-content\/uploads\/2016\/02\/2006_HR29.jpg 800w, https:\/\/gartner52.de\/page\/wp-content\/uploads\/2016\/02\/2006_HR29-300x225.jpg 300w, https:\/\/gartner52.de\/page\/wp-content\/uploads\/2016\/02\/2006_HR29-768x576.jpg 768w\" sizes=\"auto, (max-width: 800px) 100vw, 800px\"><\/p>\n<p style=\"text-align: center;\">Dann \u00fcber die Grenze nach Kroatien. Der Campingplatz liegt ca. 8km s\u00fcdlich von Umag.<br>\nAm Eingang gab es einen Parkplatz, dort stellten wir unser Fahrzeug erst einmal ab. Nach dem wir einen Stellplatz gefunden hatten wurde alles aufgebaut und danach der Campingplatz erst einmal unter die Lupe genommen.<\/p>\n<p style=\"text-align: center;\"><img loading=\"lazy\" decoding=\"async\" class=\"aligncenter size-full wp-image-470\" src=\"https:\/\/gartner52.de\/page\/wp-content\/uploads\/2016\/02\/2006_HR21.jpg\" alt=\"2006_HR21\" width=\"800\" height=\"600\" srcset=\"https:\/\/gartner52.de\/page\/wp-content\/uploads\/2016\/02\/2006_HR21.jpg 800w, https:\/\/gartner52.de\/page\/wp-content\/uploads\/2016\/02\/2006_HR21-300x225.jpg 300w, https:\/\/gartner52.de\/page\/wp-content\/uploads\/2016\/02\/2006_HR21-768x576.jpg 768w\" sizes=\"auto, (max-width: 800px) 100vw, 800px\"><\/p>\n<p style=\"text-align: center;\">Der Campingplatz ist sehr gro\u00df, zum Gl\u00fcck hatten wir unsere Fahrr\u00e4der dabei. So konnten wir hier alles erkunden. Wenn man nach langer Zeit wieder ein l\u00e4ngeres Fahrzeug bewegt schaut man ja auch drauf dass man gut auf den Platz und auch wieder herunter kommt. Ist schon etwas gew\u00f6hnungsbed\u00fcrftig.<\/p>\n<p style=\"text-align: center;\">Unser Stellplatz war ok, zum Meer war es nicht weit und auch die Toiletten waren nur um die Ecke. Da wir mit Camping Cheques oder ACSI-Karte unterwegs waren, durften wir nicht in den ersten Reihen stehen. Das hat uns doch etwas ver\u00e4rgert, da in den vorderen Reihen jede Menge freie Pl\u00e4tze waren. Da die Saison schon fast zu Ende war, w\u00e4re es doch kein Problem gewesen etwas weiter vorne zu stehen. Das Personal war manchmal nicht so ganz Herr der Lage.<\/p>\n<p style=\"text-align: center;\">Auf unserem ersten Rundgang habe ich einige Bilder gemacht, die ich hier vorstellen will.<\/p>\n<p style=\"text-align: center;\"><strong>&nbsp;<\/strong><span style=\"color: #0000ff;\">Von der Rezeption Richtung Supermarkt-Restaurant und zu den Pools<\/span><\/p>\n<p style=\"text-align: center;\"><img loading=\"lazy\" decoding=\"async\" class=\"aligncenter size-full wp-image-465\" src=\"https:\/\/gartner52.de\/page\/wp-content\/uploads\/2016\/02\/2006_HR16.jpg\" alt=\"2006_HR16\" width=\"800\" height=\"600\" srcset=\"https:\/\/gartner52.de\/page\/wp-content\/uploads\/2016\/02\/2006_HR16.jpg 800w, https:\/\/gartner52.de\/page\/wp-content\/uploads\/2016\/02\/2006_HR16-300x225.jpg 300w, https:\/\/gartner52.de\/page\/wp-content\/uploads\/2016\/02\/2006_HR16-768x576.jpg 768w\" sizes=\"auto, (max-width: 800px) 100vw, 800px\"><\/p>\n<p style=\"text-align: center;\"><span style=\"color: #0000ff;\">Spielplatz in der N\u00e4he der Pools<\/span><\/p>\n<p style=\"text-align: center;\"><img loading=\"lazy\" decoding=\"async\" class=\"aligncenter size-full wp-image-468\" src=\"https:\/\/gartner52.de\/page\/wp-content\/uploads\/2016\/02\/2006_HR19.jpg\" alt=\"2006_HR19\" width=\"800\" height=\"600\" srcset=\"https:\/\/gartner52.de\/page\/wp-content\/uploads\/2016\/02\/2006_HR19.jpg 800w, https:\/\/gartner52.de\/page\/wp-content\/uploads\/2016\/02\/2006_HR19-300x225.jpg 300w, https:\/\/gartner52.de\/page\/wp-content\/uploads\/2016\/02\/2006_HR19-768x576.jpg 768w\" sizes=\"auto, (max-width: 800px) 100vw, 800px\"><\/p>\n<p style=\"text-align: center;\"><span style=\"color: #0000ff;\">Eingang zu den Pools<\/span><\/p>\n<p style=\"text-align: center;\"><img loading=\"lazy\" decoding=\"async\" class=\"aligncenter size-full wp-image-469\" src=\"https:\/\/gartner52.de\/page\/wp-content\/uploads\/2016\/02\/2006_HR20.jpg\" alt=\"2006_HR20\" width=\"800\" height=\"600\" srcset=\"https:\/\/gartner52.de\/page\/wp-content\/uploads\/2016\/02\/2006_HR20.jpg 800w, https:\/\/gartner52.de\/page\/wp-content\/uploads\/2016\/02\/2006_HR20-300x225.jpg 300w, https:\/\/gartner52.de\/page\/wp-content\/uploads\/2016\/02\/2006_HR20-768x576.jpg 768w\" sizes=\"auto, (max-width: 800px) 100vw, 800px\"><\/p>\n<p style=\"text-align: center;\"><span style=\"color: #0000ff;\">Piraten Pool \u2013 Fantastisch f\u00fcr die Kleinen<\/span><\/p>\n<p style=\"text-align: center;\"><img loading=\"lazy\" decoding=\"async\" class=\"aligncenter size-full wp-image-471\" src=\"https:\/\/gartner52.de\/page\/wp-content\/uploads\/2016\/02\/2006_HR22.jpg\" alt=\"2006_HR22\" width=\"800\" height=\"600\" srcset=\"https:\/\/gartner52.de\/page\/wp-content\/uploads\/2016\/02\/2006_HR22.jpg 800w, https:\/\/gartner52.de\/page\/wp-content\/uploads\/2016\/02\/2006_HR22-300x225.jpg 300w, https:\/\/gartner52.de\/page\/wp-content\/uploads\/2016\/02\/2006_HR22-768x576.jpg 768w\" sizes=\"auto, (max-width: 800px) 100vw, 800px\"><\/p>\n<p style=\"text-align: center;\"><span style=\"color: #0000ff;\">...der ist schon etwas tiefer.<\/span><strong><br>\n<img loading=\"lazy\" decoding=\"async\" class=\"aligncenter size-full wp-image-466\" src=\"https:\/\/gartner52.de\/page\/wp-content\/uploads\/2016\/02\/2006_HR17.jpg\" alt=\"2006_HR17\" width=\"800\" height=\"600\" srcset=\"https:\/\/gartner52.de\/page\/wp-content\/uploads\/2016\/02\/2006_HR17.jpg 800w, https:\/\/gartner52.de\/page\/wp-content\/uploads\/2016\/02\/2006_HR17-300x225.jpg 300w, https:\/\/gartner52.de\/page\/wp-content\/uploads\/2016\/02\/2006_HR17-768x576.jpg 768w\" sizes=\"auto, (max-width: 800px) 100vw, 800px\"> <\/strong><span style=\"color: #0000ff;\">Die Bucht zum anderen Teil des Platzes Hier ist allerhand geboten<\/span><\/p>\n<p style=\"text-align: center;\"><img loading=\"lazy\" decoding=\"async\" class=\"aligncenter size-full wp-image-464\" src=\"https:\/\/gartner52.de\/page\/wp-content\/uploads\/2016\/02\/2006_HR15.jpg\" alt=\"2006_HR15\" width=\"800\" height=\"600\" srcset=\"https:\/\/gartner52.de\/page\/wp-content\/uploads\/2016\/02\/2006_HR15.jpg 800w, https:\/\/gartner52.de\/page\/wp-content\/uploads\/2016\/02\/2006_HR15-300x225.jpg 300w, https:\/\/gartner52.de\/page\/wp-content\/uploads\/2016\/02\/2006_HR15-768x576.jpg 768w\" sizes=\"auto, (max-width: 800px) 100vw, 800px\"><\/p>\n<p style=\"text-align: center;\">Das ist der andere Teil des Campingplatzes. Hier standen wir immer in den 80er Jahren<br>\nDritter Weg von links, so in der Mitte. Leider wird dieser Teil des Platzes Anfang September schon geschlossen<\/p>\n<p style=\"text-align: center;\"><img loading=\"lazy\" decoding=\"async\" class=\"aligncenter size-full wp-image-462\" src=\"https:\/\/gartner52.de\/page\/wp-content\/uploads\/2016\/02\/2006_HR13.jpg\" alt=\"2006_HR13\" width=\"800\" height=\"600\" srcset=\"https:\/\/gartner52.de\/page\/wp-content\/uploads\/2016\/02\/2006_HR13.jpg 800w, https:\/\/gartner52.de\/page\/wp-content\/uploads\/2016\/02\/2006_HR13-300x225.jpg 300w, https:\/\/gartner52.de\/page\/wp-content\/uploads\/2016\/02\/2006_HR13-768x576.jpg 768w\" sizes=\"auto, (max-width: 800px) 100vw, 800px\"><\/p>\n<p style=\"text-align: center;\"><img loading=\"lazy\" decoding=\"async\" class=\"aligncenter size-full wp-image-463\" src=\"https:\/\/gartner52.de\/page\/wp-content\/uploads\/2016\/02\/2006_HR14.jpg\" alt=\"2006_HR14\" width=\"800\" height=\"600\" srcset=\"https:\/\/gartner52.de\/page\/wp-content\/uploads\/2016\/02\/2006_HR14.jpg 800w, https:\/\/gartner52.de\/page\/wp-content\/uploads\/2016\/02\/2006_HR14-300x225.jpg 300w, https:\/\/gartner52.de\/page\/wp-content\/uploads\/2016\/02\/2006_HR14-768x576.jpg 768w\" sizes=\"auto, (max-width: 800px) 100vw, 800px\"><\/p>\n<p style=\"text-align: center;\">Der Strand auf dem Camping Park Umag ist nicht besonders Kinderfreundlich wie man auf den Bildern sieht.<br>\nAuch Erwachsene haben manchmal Probleme hier ohne Sch\u00fcrfwunden ins Wasser zu kommen.<br>\nBadeschuhe sind hier ein muss. Wir verbrachten auf dem CP-Umag 4 sch\u00f6ne Tage.<\/p>\n<p style=\"text-align: center;\">Der Freitag begann sehr tr\u00fcbe, es fing auch an leicht zu regnen.<br>\nSo beschlossen wir weiter zu fahren. Mit dem Wohnmobil ist es bedeutend einfacher schnell alles zusammen zu r\u00e4umen.<br>\nFahrr\u00e4der, St\u00fchle und Tisch in der Garage verstaut, Markise hineingedreht und schon kann es weiter gehen.<br>\nKurz an der Rezeption angehalten und bezahlt und schon waren wir auf dem Weg in Richtung Pula.<\/p>\n<p style=\"text-align: center;\"><img loading=\"lazy\" decoding=\"async\" class=\"aligncenter size-full wp-image-467\" src=\"https:\/\/gartner52.de\/page\/wp-content\/uploads\/2016\/02\/2006_HR18.jpg\" alt=\"2006_HR18\" width=\"800\" height=\"600\" srcset=\"https:\/\/gartner52.de\/page\/wp-content\/uploads\/2016\/02\/2006_HR18.jpg 800w, https:\/\/gartner52.de\/page\/wp-content\/uploads\/2016\/02\/2006_HR18-300x225.jpg 300w, https:\/\/gartner52.de\/page\/wp-content\/uploads\/2016\/02\/2006_HR18-768x576.jpg 768w\" sizes=\"auto, (max-width: 800px) 100vw, 800px\"><\/p>\n<p style=\"text-align: left;\"><strong>Hier noch in einer kurzen Zusammenfassung wie uns der Platz gefallen hat.<\/strong><\/p>\n<p><span style=\"color: #000000;\">Der Campingplatz ist sehr gro\u00df. <\/span><br>\n<span style=\"color: #000000;\"> Die Sauberkeit des Platzes ist gut, es wird immer gereinigt und gefegt.<\/span><\/p>\n<p style=\"text-align: left;\"><span style=\"color: #000000;\">Die Toiletten werden zum Teil mit Solarzellen beheizt. Das hei\u00dft, wer am Abend duschen m\u00f6chte hat oft kein warmes Wasser mehr.<br>\nDie Sauberkeit der Toiletten ist im allgemeinen ok. Es wird immer geputzt.<br>\nNur wenn die Camper mit ihren Schuhen durch die rote Erde laufen und danach ohne die Schuhe zu putzen in das Toilettengeb\u00e4ude marschieren, kann keine Putzfrau etwas daf\u00fcr wenn es dreckig ist.<\/span><br>\n<span style=\"color: #000000;\"> Der Supermarkt ist gut sortiert und bietet alles was man zum Leben braucht. Wie immer auf den Campingpl\u00e4tzen ist es leider etwas teurer als im Ort.<\/span><\/p>\n<p style=\"text-align: left;\"><span style=\"color: #000000;\">Die Restaurants sind Durchschnitt, die Bedienungen sind freundlich und bem\u00fcht es einem recht zu machen. Essen war gut und die Preise sind ok.<\/span><\/p>\n<p style=\"text-align: left;\"><span style=\"color: #000000;\">Nur das Personal in der Rezeption sollte einmal einen Lehrgang \u00fcber den Umgang mit Kunden machen. Das war nicht so sch\u00f6n was da manchmal geboten wurde.<br>\nWir konnten uns unseren Platz aussuchen, anderen Campern wurde einfach ein Platz zugewiesen. Wenn reklamiert wurde sagte man einfach, entweder der Platz oder sie sollen gehen.<br>\nEs gab hier jede Menge freie Pl\u00e4tze.<\/span><\/p>\n<hr>\n<p style=\"text-align: center;\"><strong><span style=\"color: #008000;\">09.09.2006 \u2013 15..09.2006<\/span><\/strong><\/p>\n<p style=\"text-align: center;\">Nach dem Fr\u00fchst\u00fcck Abfahrt in Umag. Die Fahrt ging nicht an der K\u00fcste entlang, sondern \u00fcber die gut ausgebaute Schnellstra\u00dfe Richtung Pula.<br>\nRunter bei der Ausfahrt Fazana, durch den Ort und am Ende kam der Campingplatz Bi-Village.<\/p>\n<p style=\"text-align: center;\"><img loading=\"lazy\" decoding=\"async\" class=\"aligncenter size-full wp-image-450\" src=\"https:\/\/gartner52.de\/page\/wp-content\/uploads\/2016\/02\/2006_HR01.jpg\" alt=\"2006_HR01\" width=\"640\" height=\"480\" srcset=\"https:\/\/gartner52.de\/page\/wp-content\/uploads\/2016\/02\/2006_HR01.jpg 640w, https:\/\/gartner52.de\/page\/wp-content\/uploads\/2016\/02\/2006_HR01-300x225.jpg 300w\" sizes=\"auto, (max-width: 640px) 100vw, 640px\"><\/p>\n<p style=\"text-align: center;\"><span style=\"color: #000000;\">Vor dem Campingplatz Bi-Village ist ein gro\u00dfer Parkplatz.<br>\nHier haben wir erst einmal das Wohnmobil abgestellt und uns den Platz angesehen.<br>\nDer erste Eindruck war schon \u00fcberw\u00e4ltigend, ein sch\u00f6ner gro\u00dfer Campingplatz<br>\nmit Schatten \u2013 und Sonnenpl\u00e4tzen. Hier gibt es f\u00fcr jeden etwas.<br>\nJeder Stellplatz hat einen Strom \u2013 und Wasseranschluss. Die Pl\u00e4tze sind ca. 90\u2013100qm gro\u00df. <\/span><br>\n<span style=\"color: #000000;\"> Wir entschieden uns f\u00fcr den mittleren Teil des Campingplatzes, hier war es sch\u00f6n sonnig.<br>\nUnter den Pinien wollten wir nicht stehen weil es dort dunkel war.&nbsp;<\/span><\/p>\n<p style=\"text-align: center;\"><span style=\"color: #000000;\"><span style=\"color: #0000ff;\">Sonnige Stellpl\u00e4tze in der Mitte.<\/span><br>\n<img loading=\"lazy\" decoding=\"async\" class=\"aligncenter size-full wp-image-454\" src=\"https:\/\/gartner52.de\/page\/wp-content\/uploads\/2016\/02\/2006_HR05.jpg\" alt=\"2006_HR05\" width=\"800\" height=\"600\" srcset=\"https:\/\/gartner52.de\/page\/wp-content\/uploads\/2016\/02\/2006_HR05.jpg 800w, https:\/\/gartner52.de\/page\/wp-content\/uploads\/2016\/02\/2006_HR05-300x225.jpg 300w, https:\/\/gartner52.de\/page\/wp-content\/uploads\/2016\/02\/2006_HR05-768x576.jpg 768w\" sizes=\"auto, (max-width: 800px) 100vw, 800px\"><br>\n<\/span><\/p>\n<p style=\"text-align: center;\"><span style=\"color: #000000;\">Der mittlere Teil war fast leer, so haben wir uns einfach in die N\u00e4he eines Wohnwagens gestellt.<br>\nDie Leute kamen aus dem Rheinland und waren schon l\u00e4nger unterwegs.<\/span><br>\n<span style=\"color: #000000;\"> Von unserem Stellplatz aus konnte man alles gut erreichen. Das Wasser war auch nur 100 Meter entfernt.&nbsp;<\/span><\/p>\n<p style=\"text-align: center;\"><span style=\"color: #0000ff;\">Unser Stellplatz fast ohne Nachbarn<\/span><\/p>\n<p style=\"text-align: center;\"><img loading=\"lazy\" decoding=\"async\" class=\"aligncenter size-full wp-image-453\" src=\"https:\/\/gartner52.de\/page\/wp-content\/uploads\/2016\/02\/2006_HR04.jpg\" alt=\"2006_HR04\" width=\"800\" height=\"600\" srcset=\"https:\/\/gartner52.de\/page\/wp-content\/uploads\/2016\/02\/2006_HR04.jpg 800w, https:\/\/gartner52.de\/page\/wp-content\/uploads\/2016\/02\/2006_HR04-300x225.jpg 300w, https:\/\/gartner52.de\/page\/wp-content\/uploads\/2016\/02\/2006_HR04-768x576.jpg 768w\" sizes=\"auto, (max-width: 800px) 100vw, 800px\"><\/p>\n<p style=\"text-align: center;\">Nach einiger Zeit merkten wir was f\u00fcr einen Urlaub mit dem Wohnmobil noch alles fehlte, und so wurde die Einkaufsliste f\u00fcr zu Hause immer l\u00e4nger.<br>\nAngefangen von Vorder und Seitenwand f\u00fcr die Markise bis zum Gasgrill. In den s\u00fcdlichen L\u00e4ndern darf man nicht \u00fcberall mit Holzkohle grillen.<br>\nHaben wir aber trotzdem gemacht, da wir ja nichts anderes hatten.<\/p>\n<p style=\"text-align: center;\"><span style=\"color: #0000ff;\">Oh war das heiss.&nbsp; Hier sieht man was wir uns noch alles kaufen m\u00fcssen.<\/span><\/p>\n<p style=\"text-align: center;\"><img loading=\"lazy\" decoding=\"async\" class=\"aligncenter size-full wp-image-452\" src=\"https:\/\/gartner52.de\/page\/wp-content\/uploads\/2016\/02\/2006_HR03.jpg\" alt=\"2006_HR03\" width=\"800\" height=\"600\" srcset=\"https:\/\/gartner52.de\/page\/wp-content\/uploads\/2016\/02\/2006_HR03.jpg 800w, https:\/\/gartner52.de\/page\/wp-content\/uploads\/2016\/02\/2006_HR03-300x225.jpg 300w, https:\/\/gartner52.de\/page\/wp-content\/uploads\/2016\/02\/2006_HR03-768x576.jpg 768w\" sizes=\"auto, (max-width: 800px) 100vw, 800px\"><\/p>\n<p style=\"text-align: center;\"><span style=\"color: #0000ff;\">Schattige Stellp\u00e4tze im Pinienwald Richtung Strand<\/span><\/p>\n<p style=\"text-align: center;\"><img loading=\"lazy\" decoding=\"async\" class=\"aligncenter size-full wp-image-477\" src=\"https:\/\/gartner52.de\/page\/wp-content\/uploads\/2016\/02\/2006_HR28.jpg\" alt=\"2006_HR28\" width=\"800\" height=\"600\" srcset=\"https:\/\/gartner52.de\/page\/wp-content\/uploads\/2016\/02\/2006_HR28.jpg 800w, https:\/\/gartner52.de\/page\/wp-content\/uploads\/2016\/02\/2006_HR28-300x225.jpg 300w, https:\/\/gartner52.de\/page\/wp-content\/uploads\/2016\/02\/2006_HR28-768x576.jpg 768w\" sizes=\"auto, (max-width: 800px) 100vw, 800px\"><\/p>\n<p style=\"text-align: center;\">Der Strand von Bi-Village ist sehr sch\u00f6n. Es gibt keine spitzen Felsen wie in Umag wo man sich die F\u00fc\u00dfe aufschneiden kann.<br>\nHier kann man auch ohne Badeschuhe ins Wasser gehen. Hier ist alles mit kleinen Splitt Steinen aufgesch\u00fcttet, das sieht auch gut aus.<\/p>\n<p style=\"text-align: center;\"><img loading=\"lazy\" decoding=\"async\" class=\"aligncenter size-full wp-image-457\" src=\"https:\/\/gartner52.de\/page\/wp-content\/uploads\/2016\/02\/2006_HR08.jpg\" alt=\"2006_HR08\" width=\"800\" height=\"600\" srcset=\"https:\/\/gartner52.de\/page\/wp-content\/uploads\/2016\/02\/2006_HR08.jpg 800w, https:\/\/gartner52.de\/page\/wp-content\/uploads\/2016\/02\/2006_HR08-300x225.jpg 300w, https:\/\/gartner52.de\/page\/wp-content\/uploads\/2016\/02\/2006_HR08-768x576.jpg 768w\" sizes=\"auto, (max-width: 800px) 100vw, 800px\"><\/p>\n<p style=\"text-align: center;\">Aus unserer ersten Camperzeit hatten wir noch 2 Sonnenliegen die wir einmal in Jugoslawien gekauft hatten.<br>\nDiese wollten wir nat\u00fcrlich ausprobieren, und sie funktionierten noch prima.<\/p>\n<p style=\"text-align: center;\"><img loading=\"lazy\" decoding=\"async\" class=\"aligncenter size-full wp-image-458\" src=\"https:\/\/gartner52.de\/page\/wp-content\/uploads\/2016\/02\/2006_HR09.jpg\" alt=\"2006_HR09\" width=\"800\" height=\"600\" srcset=\"https:\/\/gartner52.de\/page\/wp-content\/uploads\/2016\/02\/2006_HR09.jpg 800w, https:\/\/gartner52.de\/page\/wp-content\/uploads\/2016\/02\/2006_HR09-300x225.jpg 300w, https:\/\/gartner52.de\/page\/wp-content\/uploads\/2016\/02\/2006_HR09-768x576.jpg 768w\" sizes=\"auto, (max-width: 800px) 100vw, 800px\"><\/p>\n<p style=\"text-align: center;\">Am Strand gab es alles m\u00f6glich zu leihen, Tretboote, Motorboote, Jetskis, Surfbretter und auch Mounten Bikes.<br>\nMan konnte auch tauchen lernen und mit dem Banana-Boot fahren.<\/p>\n<p style=\"text-align: center;\"><span style=\"color: #0000ff;\">Hier gab es fast alles zu leihen. Hinter den Tretbooten ist ein Restaurant<br>\n<img loading=\"lazy\" decoding=\"async\" class=\"aligncenter size-full wp-image-456\" src=\"https:\/\/gartner52.de\/page\/wp-content\/uploads\/2016\/02\/2006_HR07.jpg\" alt=\"2006_HR07\" width=\"800\" height=\"600\" srcset=\"https:\/\/gartner52.de\/page\/wp-content\/uploads\/2016\/02\/2006_HR07.jpg 800w, https:\/\/gartner52.de\/page\/wp-content\/uploads\/2016\/02\/2006_HR07-300x225.jpg 300w, https:\/\/gartner52.de\/page\/wp-content\/uploads\/2016\/02\/2006_HR07-768x576.jpg 768w\" sizes=\"auto, (max-width: 800px) 100vw, 800px\"><br>\n<\/span><\/p>\n<p style=\"text-align: center;\"><span style=\"color: #0000ff;\">Vorbildliche Toiletten Anlage<br>\n<img loading=\"lazy\" decoding=\"async\" class=\"aligncenter size-full wp-image-461\" src=\"https:\/\/gartner52.de\/page\/wp-content\/uploads\/2016\/02\/2006_HR12.jpg\" alt=\"2006_HR12\" width=\"800\" height=\"600\" srcset=\"https:\/\/gartner52.de\/page\/wp-content\/uploads\/2016\/02\/2006_HR12.jpg 800w, https:\/\/gartner52.de\/page\/wp-content\/uploads\/2016\/02\/2006_HR12-300x225.jpg 300w, https:\/\/gartner52.de\/page\/wp-content\/uploads\/2016\/02\/2006_HR12-768x576.jpg 768w\" sizes=\"auto, (max-width: 800px) 100vw, 800px\"><br>\n<\/span><\/p>\n<p style=\"text-align: center;\">Die Toiletten und Duschen waren sauberer als in manchem Hotel.<br>\nHier war in jeder Toiletten Anlage eine Putzfrau den ganzen Tag \u00fcber t\u00e4tig.<br>\nKaum hatte man die Dusche oder Toilette verlassen wurde auch schon sauber gemacht.<br>\nAuch die Geschirrsp\u00fclbecken waren immer sauber und ohne Reste.<\/p>\n<p style=\"text-align: center;\"><span style=\"color: #0000ff;\">Der Platz zum Geschirr sp\u00fclen<br>\n<img loading=\"lazy\" decoding=\"async\" class=\"aligncenter size-full wp-image-460\" src=\"https:\/\/gartner52.de\/page\/wp-content\/uploads\/2016\/02\/2006_HR11.jpg\" alt=\"2006_HR11\" width=\"800\" height=\"600\" srcset=\"https:\/\/gartner52.de\/page\/wp-content\/uploads\/2016\/02\/2006_HR11.jpg 800w, https:\/\/gartner52.de\/page\/wp-content\/uploads\/2016\/02\/2006_HR11-300x225.jpg 300w, https:\/\/gartner52.de\/page\/wp-content\/uploads\/2016\/02\/2006_HR11-768x576.jpg 768w\" sizes=\"auto, (max-width: 800px) 100vw, 800px\">Waschbecken immer super sauber<br>\n<img loading=\"lazy\" decoding=\"async\" class=\"aligncenter size-full wp-image-459\" src=\"https:\/\/gartner52.de\/page\/wp-content\/uploads\/2016\/02\/2006_HR10.jpg\" alt=\"2006_HR10\" width=\"800\" height=\"600\" srcset=\"https:\/\/gartner52.de\/page\/wp-content\/uploads\/2016\/02\/2006_HR10.jpg 800w, https:\/\/gartner52.de\/page\/wp-content\/uploads\/2016\/02\/2006_HR10-300x225.jpg 300w, https:\/\/gartner52.de\/page\/wp-content\/uploads\/2016\/02\/2006_HR10-768x576.jpg 768w\" sizes=\"auto, (max-width: 800px) 100vw, 800px\"><br>\n<\/span><\/p>\n<p style=\"text-align: center;\">Auf dem Campingplatz Bi-Village blieben wir 6 Tage. Am Abreisetag war das Wetter nicht sehr sch\u00f6n. Es regnete auch ab und zu mal.<br>\nIch bin mit dem Rad noch einmal eine Runde um das Camp gefahren und habe von dem kleinen Hafen noch ein Bild gemacht.<br>\nEr grenzt genau an den Platz, hier liegen auch die Boote der Camper.<\/p>\n<p style=\"text-align: center;\"><span style=\"color: #0000ff;\">&nbsp;Angrenzender Bootshafen<br>\n<img loading=\"lazy\" decoding=\"async\" class=\"aligncenter size-full wp-image-451\" src=\"https:\/\/gartner52.de\/page\/wp-content\/uploads\/2016\/02\/2006_HR02.jpg\" alt=\"2006_HR02\" width=\"800\" height=\"600\" srcset=\"https:\/\/gartner52.de\/page\/wp-content\/uploads\/2016\/02\/2006_HR02.jpg 800w, https:\/\/gartner52.de\/page\/wp-content\/uploads\/2016\/02\/2006_HR02-300x225.jpg 300w, https:\/\/gartner52.de\/page\/wp-content\/uploads\/2016\/02\/2006_HR02-768x576.jpg 768w\" sizes=\"auto, (max-width: 800px) 100vw, 800px\"><br>\n<\/span><\/p>\n<p style=\"text-align: center;\"><span style=\"color: #0000ff;\">Der Strand bei schlechtem Wetter<br>\n<img loading=\"lazy\" decoding=\"async\" class=\"aligncenter size-full wp-image-455\" src=\"https:\/\/gartner52.de\/page\/wp-content\/uploads\/2016\/02\/2006_HR06.jpg\" alt=\"2006_HR06\" width=\"800\" height=\"600\" srcset=\"https:\/\/gartner52.de\/page\/wp-content\/uploads\/2016\/02\/2006_HR06.jpg 800w, https:\/\/gartner52.de\/page\/wp-content\/uploads\/2016\/02\/2006_HR06-300x225.jpg 300w, https:\/\/gartner52.de\/page\/wp-content\/uploads\/2016\/02\/2006_HR06-768x576.jpg 768w\" sizes=\"auto, (max-width: 800px) 100vw, 800px\"><\/span><br>\nNach dem wir bei der Rezeption bezahlt hatten machten wir uns auf den R\u00fcckweg. Es wurde ein Stop in Novigrad eingeplant.<br>\nDort wollten wir wieder im Restaurant \u201cTri Palmen\u201d zu Mittag essen.<\/p>\n<p style=\"text-align: center;\"><span style=\"color: #0000ff;\">Novigrad<br>\n<img loading=\"lazy\" decoding=\"async\" class=\"aligncenter size-full wp-image-472\" src=\"https:\/\/gartner52.de\/page\/wp-content\/uploads\/2016\/02\/2006_HR23.jpg\" alt=\"2006_HR23\" width=\"800\" height=\"600\" srcset=\"https:\/\/gartner52.de\/page\/wp-content\/uploads\/2016\/02\/2006_HR23.jpg 800w, https:\/\/gartner52.de\/page\/wp-content\/uploads\/2016\/02\/2006_HR23-300x225.jpg 300w, https:\/\/gartner52.de\/page\/wp-content\/uploads\/2016\/02\/2006_HR23-768x576.jpg 768w\" sizes=\"auto, (max-width: 800px) 100vw, 800px\"><br>\n<\/span><\/p>\n<p style=\"text-align: center;\">Und schon ging es weiter zur Grenze nach Slowenien, und Richtung&nbsp; Koper.<br>\nHier muss man auf dem R\u00fcckweg den langen Berg wieder runterfahren den man zu Beginn des Urlaubs hinauf getuckert ist.<br>\nDas Wetter war mal wieder nicht so sch\u00f6n, so dass uns der Abschied nicht ganz so schwer fiel.<\/p>\n<p style=\"text-align: center;\"><span style=\"color: #0000ff;\">Von Kroatien kommend in Slowenien \u2013 Richtung Koper<br>\n<img loading=\"lazy\" decoding=\"async\" class=\"aligncenter size-full wp-image-473\" src=\"https:\/\/gartner52.de\/page\/wp-content\/uploads\/2016\/02\/2006_HR24.jpg\" alt=\"2006_HR24\" width=\"800\" height=\"600\" srcset=\"https:\/\/gartner52.de\/page\/wp-content\/uploads\/2016\/02\/2006_HR24.jpg 800w, https:\/\/gartner52.de\/page\/wp-content\/uploads\/2016\/02\/2006_HR24-300x225.jpg 300w, https:\/\/gartner52.de\/page\/wp-content\/uploads\/2016\/02\/2006_HR24-768x576.jpg 768w\" sizes=\"auto, (max-width: 800px) 100vw, 800px\"><br>\n<\/span><\/p>\n<p style=\"text-align: center;\">Wir fuhren von Koper nicht \u00fcber Ljubljana, sondern wollten \u00fcber Italien<br>\nTriest-Venedig-Verona an den Gardasee und dort noch einen Tag in Malcesine bleiben.<\/p>\n<p style=\"text-align: center;\"><span style=\"color: #0000ff;\">Auf der Autobahn in Italien Richtung Brenner<br>\n<img loading=\"lazy\" decoding=\"async\" class=\"aligncenter size-full wp-image-474\" src=\"https:\/\/gartner52.de\/page\/wp-content\/uploads\/2016\/02\/2006_HR25.jpg\" alt=\"2006_HR25\" width=\"800\" height=\"600\" srcset=\"https:\/\/gartner52.de\/page\/wp-content\/uploads\/2016\/02\/2006_HR25.jpg 800w, https:\/\/gartner52.de\/page\/wp-content\/uploads\/2016\/02\/2006_HR25-300x225.jpg 300w, https:\/\/gartner52.de\/page\/wp-content\/uploads\/2016\/02\/2006_HR25-768x576.jpg 768w\" sizes=\"auto, (max-width: 800px) 100vw, 800px\"><br>\n<\/span><\/p>\n<p style=\"text-align: center;\">In Italien wurde das Wetter wieder sch\u00f6ner und wir kamen gut voran. Nur bis zum Gardasee war es ein ganz sch\u00f6nes St\u00fcck.<br>\nAngekommen sind wir in Malcesine erst sp\u00e4t am Abend, es war schon ganz dunkel.<br>\nDen Campingplatz zu finden war nicht gerade einfach. Es ging rechts den Berg hoch, die Stra\u00dfe wurde immer enger.<br>\nIch dachte schon wenn uns jetzt ein Wohnmobil oder Wohnwagen entgegen kommt geht nichts mehr.<br>\nZum guten Schluss kam aber dann doch noch der Platz.&nbsp; War auch Zeit, es war schon nach 21:00 Uhr.<br>\nWir stellten uns vor dem Campingplatz auf die \u00dcbernachtungspl\u00e4tze<br>\nund das war es dann f\u00fcr diesen Tag. Leider gibt es vom Gardasee keine Bilder.<\/p>\n<p style=\"text-align: center;\"><img loading=\"lazy\" decoding=\"async\" class=\"aligncenter size-full wp-image-475\" src=\"https:\/\/gartner52.de\/page\/wp-content\/uploads\/2016\/02\/2006_HR26.jpg\" alt=\"2006_HR26\" width=\"800\" height=\"600\" srcset=\"https:\/\/gartner52.de\/page\/wp-content\/uploads\/2016\/02\/2006_HR26.jpg 800w, https:\/\/gartner52.de\/page\/wp-content\/uploads\/2016\/02\/2006_HR26-300x225.jpg 300w, https:\/\/gartner52.de\/page\/wp-content\/uploads\/2016\/02\/2006_HR26-768x576.jpg 768w\" sizes=\"auto, (max-width: 800px) 100vw, 800px\"><\/p>\n<p style=\"text-align: center;\"><img loading=\"lazy\" decoding=\"async\" class=\"aligncenter size-full wp-image-476\" src=\"https:\/\/gartner52.de\/page\/wp-content\/uploads\/2016\/02\/2006_HR27.jpg\" alt=\"2006_HR27\" width=\"800\" height=\"600\" srcset=\"https:\/\/gartner52.de\/page\/wp-content\/uploads\/2016\/02\/2006_HR27.jpg 800w, https:\/\/gartner52.de\/page\/wp-content\/uploads\/2016\/02\/2006_HR27-300x225.jpg 300w, https:\/\/gartner52.de\/page\/wp-content\/uploads\/2016\/02\/2006_HR27-768x576.jpg 768w\" sizes=\"auto, (max-width: 800px) 100vw, 800px\"><\/p>\n<p style=\"text-align: center;\">Am n\u00e4chsten Morgen nach dem Fr\u00fchst\u00fcck fuhren wir noch in die Stadt, leider darf man mit einem Wohnmobil am Tag dort fast nirgendwo parken.<br>\nDie Parkpl\u00e4tze sind teilweise mit Querstangen in 2,00m H\u00f6he abgesperrt.<\/p>\n<p style=\"text-align: center;\">So beschlossen wir einfach weiter zu fahren, also ging es weiter Richtung Brenner Autobahn.<br>\nUnterwegs gab es noch einen gro\u00dfen Parkplatz mit Supermarkt, dort haben wir noch einige Mitbringsel eingekauft. Die restliche Fahrt verlief ohne Stau,<br>\nwir kamen gegen Abend wohlbehalten von unserem ersten Urlaub mit dem Wohnmobil zu Hause an.<\/p>\n<p style=\"text-align: center;\">.<\/p>\n<p><strong> Unser Fazit:<br>\n<\/strong>Der Kauf des Wohnmobils war eine super Idee. So macht Reisen Spass, man sieht sehr viel vom Land, den Leuten und der Natur.<br>\n\u00dcberall wo es einem gef\u00e4llt kann man anhalten und einige Zeit verweilen.<br>\nSo beschlossen wir im Laufe der n\u00e4chsten Jahre, Kroatien von ganz oben bis ganz unten mit dem Wohnmobil zu bereisen.<\/p>\n<p>&nbsp;<\/p>\n<p><span style=\"color: #3366ff;\">Leider haben wir hier noch keine Daten festgehalten. Das soll aber bei den n\u00e4chsten Beitr\u00e4gen gemacht werden.<\/span><\/p>\n<p>&nbsp;<\/p>\n","protected":false},"excerpt":{"rendered":"<p>Erster Wohnmobil Urlaub in Kroatien 2006 vom 04.09.2006 bis 16.09.2006 Der erste Urlaub mit unserem neuen Wohnmobil sollte nach Kroatien gehen. Vor langer Zeit hatten wir mit unserem Wohnwagen dieses Land sehr oft besucht. Doch nach dem die Kinder erwachsen \u2026 <a href=\"https:\/\/gartner52.de\/page\/menue-4\/\">Weiter<\/a><\/p>\n","protected":false},"author":1,"featured_media":0,"parent":0,"menu_order":0,"comment_status":"closed","ping_status":"closed","template":"","meta":{"wp_typography_post_enhancements_disabled":false,"kt_blocks_editor_width":"","footnotes":""},"class_list":["post-22","page","type-page","status-publish","hentry"],"_links":{"self":[{"href":"https:\/\/gartner52.de\/page\/wp-json\/wp\/v2\/pages\/22","targetHints":{"allow":["GET"]}}],"collection":[{"href":"https:\/\/gartner52.de\/page\/wp-json\/wp\/v2\/pages"}],"about":[{"href":"https:\/\/gartner52.de\/page\/wp-json\/wp\/v2\/types\/page"}],"author":[{"embeddable":true,"href":"https:\/\/gartner52.de\/page\/wp-json\/wp\/v2\/users\/1"}],"replies":[{"embeddable":true,"href":"https:\/\/gartner52.de\/page\/wp-json\/wp\/v2\/comments?post=22"}],"version-history":[{"count":27,"href":"https:\/\/gartner52.de\/page\/wp-json\/wp\/v2\/pages\/22\/revisions"}],"predecessor-version":[{"id":1227,"href":"https:\/\/gartner52.de\/page\/wp-json\/wp\/v2\/pages\/22\/revisions\/1227"}],"wp:attachment":[{"href":"https:\/\/gartner52.de\/page\/wp-json\/wp\/v2\/media?parent=22"}],"curies":[{"name":"wp","href":"https:\/\/api.w.org\/{rel}","templated":true}]}}