{"id":2085,"date":"2016-02-23T12:04:53","date_gmt":"2016-02-23T11:04:53","guid":{"rendered":"http:\/\/gartner52.de\/page\/?page_id=2085"},"modified":"2017-10-09T20:02:56","modified_gmt":"2017-10-09T18:02:56","slug":"juni2012-2","status":"publish","type":"page","link":"https:\/\/gartner52.de\/page\/juni2012-2\/","title":{"rendered":"Juni2012\u20112"},"content":{"rendered":"<h2 style=\"text-align: center;\"><span style=\"color: #3366ff;\"><strong><em>Kroatien Rundreise vom 06. bis 28.Juni 2012<\/em><\/strong><\/span><\/h2>\n<h4 style=\"text-align: center;\"><img loading=\"lazy\" decoding=\"async\" class=\" wp-image-5216 aligncenter\" src=\"https:\/\/gartner52.de\/page\/wp-content\/uploads\/2017\/10\/Cro2.jpg\" alt width=\"100\" height=\"67\"><\/h4>\n<h4 style=\"text-align: center;\"><span style=\"color: #008000;\"><strong>Teil 2<br>\n<\/strong><\/span><\/h4>\n<h5 style=\"text-align: center;\"><span style=\"color: #008000;\">Vom Camp Adriatic bei Primosten zur Insel Murter und nach Zaton-Nin,<br>\nweiter nach Klenovica bei Novi Vinodolski und von dort nach Hause<\/span><\/h5>\n<p style=\"text-align: center;\">- Weiter mit dem Camp Adriatic -<\/p>\n<p>In der Bucht lagen ab und zu Segelboote die hier die Nacht verbrachten.<img loading=\"lazy\" decoding=\"async\" class=\"alignnone size-full wp-image-2101\" src=\"https:\/\/gartner52.de\/page\/wp-content\/uploads\/2016\/02\/2012HRJuni009.jpg\" alt=\"2012HRJuni009\" width=\"800\" height=\"600\" srcset=\"https:\/\/gartner52.de\/page\/wp-content\/uploads\/2016\/02\/2012HRJuni009.jpg 800w, https:\/\/gartner52.de\/page\/wp-content\/uploads\/2016\/02\/2012HRJuni009-300x225.jpg 300w, https:\/\/gartner52.de\/page\/wp-content\/uploads\/2016\/02\/2012HRJuni009-768x576.jpg 768w\" sizes=\"auto, (max-width: 800px) 100vw, 800px\">Auf dem Campingplatz gab es eine Tauchbasis, auch konnte man hier Tretboote und Schlauchboote mit Motor ausleihen. Dies alles wurde gerade erst aufgebaut.&nbsp;<img loading=\"lazy\" decoding=\"async\" class=\"alignnone size-full wp-image-2100\" src=\"https:\/\/gartner52.de\/page\/wp-content\/uploads\/2016\/02\/2012HRJuni008.jpg\" alt=\"2012HRJuni008\" width=\"800\" height=\"600\" srcset=\"https:\/\/gartner52.de\/page\/wp-content\/uploads\/2016\/02\/2012HRJuni008.jpg 800w, https:\/\/gartner52.de\/page\/wp-content\/uploads\/2016\/02\/2012HRJuni008-300x225.jpg 300w, https:\/\/gartner52.de\/page\/wp-content\/uploads\/2016\/02\/2012HRJuni008-768x576.jpg 768w\" sizes=\"auto, (max-width: 800px) 100vw, 800px\">Das Boot f\u00fcr die Taucher<img loading=\"lazy\" decoding=\"async\" class=\"alignnone size-full wp-image-2099\" src=\"https:\/\/gartner52.de\/page\/wp-content\/uploads\/2016\/02\/2012HRJuni007.jpg\" alt=\"2012HRJuni007\" width=\"800\" height=\"600\" srcset=\"https:\/\/gartner52.de\/page\/wp-content\/uploads\/2016\/02\/2012HRJuni007.jpg 800w, https:\/\/gartner52.de\/page\/wp-content\/uploads\/2016\/02\/2012HRJuni007-300x225.jpg 300w, https:\/\/gartner52.de\/page\/wp-content\/uploads\/2016\/02\/2012HRJuni007-768x576.jpg 768w\" sizes=\"auto, (max-width: 800px) 100vw, 800px\"><img loading=\"lazy\" decoding=\"async\" class=\"alignnone size-full wp-image-2111\" src=\"https:\/\/gartner52.de\/page\/wp-content\/uploads\/2016\/02\/2012HRJuni019.jpg\" alt=\"2012HRJuni019\" width=\"800\" height=\"533\" srcset=\"https:\/\/gartner52.de\/page\/wp-content\/uploads\/2016\/02\/2012HRJuni019.jpg 800w, https:\/\/gartner52.de\/page\/wp-content\/uploads\/2016\/02\/2012HRJuni019-300x200.jpg 300w, https:\/\/gartner52.de\/page\/wp-content\/uploads\/2016\/02\/2012HRJuni019-768x512.jpg 768w\" sizes=\"auto, (max-width: 800px) 100vw, 800px\"><img loading=\"lazy\" decoding=\"async\" class=\"alignnone size-full wp-image-2131\" src=\"https:\/\/gartner52.de\/page\/wp-content\/uploads\/2016\/02\/2012HRJuni039.jpg\" alt=\"2012HRJuni039\" width=\"800\" height=\"533\" srcset=\"https:\/\/gartner52.de\/page\/wp-content\/uploads\/2016\/02\/2012HRJuni039.jpg 800w, https:\/\/gartner52.de\/page\/wp-content\/uploads\/2016\/02\/2012HRJuni039-300x200.jpg 300w, https:\/\/gartner52.de\/page\/wp-content\/uploads\/2016\/02\/2012HRJuni039-768x512.jpg 768w\" sizes=\"auto, (max-width: 800px) 100vw, 800px\"> Feigen und Olivenb\u00e4ume gab es sehr viele auf dem Platz. Die Fr\u00fcchte waren noch sehr klein.<br>\n<img loading=\"lazy\" decoding=\"async\" class=\"alignnone size-full wp-image-2153\" src=\"https:\/\/gartner52.de\/page\/wp-content\/uploads\/2016\/02\/2012HRJuni061.jpg\" alt=\"2012HRJuni061\" width=\"800\" height=\"533\" srcset=\"https:\/\/gartner52.de\/page\/wp-content\/uploads\/2016\/02\/2012HRJuni061.jpg 800w, https:\/\/gartner52.de\/page\/wp-content\/uploads\/2016\/02\/2012HRJuni061-300x200.jpg 300w, https:\/\/gartner52.de\/page\/wp-content\/uploads\/2016\/02\/2012HRJuni061-768x512.jpg 768w\" sizes=\"auto, (max-width: 800px) 100vw, 800px\">Die Sonnenunterg\u00e4nge waren auch hier jeden Tag auf\u00b4s neue sehenswert<br>\n<img loading=\"lazy\" decoding=\"async\" class=\"alignnone size-full wp-image-2095\" src=\"https:\/\/gartner52.de\/page\/wp-content\/uploads\/2016\/02\/2012HRJuni003.jpg\" alt=\"2012HRJuni003\" width=\"800\" height=\"600\" srcset=\"https:\/\/gartner52.de\/page\/wp-content\/uploads\/2016\/02\/2012HRJuni003.jpg 800w, https:\/\/gartner52.de\/page\/wp-content\/uploads\/2016\/02\/2012HRJuni003-300x225.jpg 300w, https:\/\/gartner52.de\/page\/wp-content\/uploads\/2016\/02\/2012HRJuni003-768x576.jpg 768w\" sizes=\"auto, (max-width: 800px) 100vw, 800px\"><img loading=\"lazy\" decoding=\"async\" class=\"alignnone size-full wp-image-2096\" src=\"https:\/\/gartner52.de\/page\/wp-content\/uploads\/2016\/02\/2012HRJuni004.jpg\" alt=\"2012HRJuni004\" width=\"800\" height=\"600\" srcset=\"https:\/\/gartner52.de\/page\/wp-content\/uploads\/2016\/02\/2012HRJuni004.jpg 800w, https:\/\/gartner52.de\/page\/wp-content\/uploads\/2016\/02\/2012HRJuni004-300x225.jpg 300w, https:\/\/gartner52.de\/page\/wp-content\/uploads\/2016\/02\/2012HRJuni004-768x576.jpg 768w\" sizes=\"auto, (max-width: 800px) 100vw, 800px\">Auf dem Campingplatz Adriatic bei Primosten hat es uns sehr gut gefallen, wir haben f\u00fcr den Sommerurlaub im August schon gebucht.<\/p>\n<p style=\"text-align: center;\">****<\/p>\n<p style=\"text-align: left;\">Von Primosten ging es \u00fcber Sibenik nach Vodice, dort ist genau am Ende der Stadt an der Hauptstra\u00dfe ein Lidl Markt. Hier haben wir vor allem unsere Getr\u00e4nke Vorr\u00e4te erg\u00e4nzt denn die waren so gut wie aufgebraucht.<br>\nVon dort fuhren wir weiter zur Insel Murter zum Campingplatz Jezera Lovisca. Im letzen Jahr waren wir schon einmal hier, aber dieses mal war der Platz im Juni schon sehr voll. Es gab nur noch wenige freie Stellpl\u00e4tze und auch am Strand war sehr viel los. So beschlossen wir nur f\u00fcr zwei Tage zu bleiben und dann weiter nach Zaton zu fahren.<br>\nCampingplatz Jezera auf Murter<br>\n<img loading=\"lazy\" decoding=\"async\" class=\"alignnone size-full wp-image-2232\" src=\"https:\/\/gartner52.de\/page\/wp-content\/uploads\/2016\/02\/2012HRJuni110.jpg\" alt=\"2012HRJuni110\" width=\"800\" height=\"600\" srcset=\"https:\/\/gartner52.de\/page\/wp-content\/uploads\/2016\/02\/2012HRJuni110.jpg 800w, https:\/\/gartner52.de\/page\/wp-content\/uploads\/2016\/02\/2012HRJuni110-300x225.jpg 300w, https:\/\/gartner52.de\/page\/wp-content\/uploads\/2016\/02\/2012HRJuni110-768x576.jpg 768w\" sizes=\"auto, (max-width: 800px) 100vw, 800px\"><img loading=\"lazy\" decoding=\"async\" class=\"alignnone size-full wp-image-2231\" src=\"https:\/\/gartner52.de\/page\/wp-content\/uploads\/2016\/02\/2012HRJuni109.jpg\" alt=\"2012HRJuni109\" width=\"800\" height=\"600\" srcset=\"https:\/\/gartner52.de\/page\/wp-content\/uploads\/2016\/02\/2012HRJuni109.jpg 800w, https:\/\/gartner52.de\/page\/wp-content\/uploads\/2016\/02\/2012HRJuni109-300x225.jpg 300w, https:\/\/gartner52.de\/page\/wp-content\/uploads\/2016\/02\/2012HRJuni109-768x576.jpg 768w\" sizes=\"auto, (max-width: 800px) 100vw, 800px\"><img loading=\"lazy\" decoding=\"async\" class=\"alignnone size-full wp-image-2134\" src=\"https:\/\/gartner52.de\/page\/wp-content\/uploads\/2016\/02\/2012HRJuni042.jpg\" alt=\"2012HRJuni042\" width=\"800\" height=\"533\" srcset=\"https:\/\/gartner52.de\/page\/wp-content\/uploads\/2016\/02\/2012HRJuni042.jpg 800w, https:\/\/gartner52.de\/page\/wp-content\/uploads\/2016\/02\/2012HRJuni042-300x200.jpg 300w, https:\/\/gartner52.de\/page\/wp-content\/uploads\/2016\/02\/2012HRJuni042-768x512.jpg 768w\" sizes=\"auto, (max-width: 800px) 100vw, 800px\">Der Platz war in der zweiten Juni Woche sehr voll. Wir fanden gerade noch einen kleinen Stellplatz an dem es Strom gab.<\/p>\n<p><img loading=\"lazy\" decoding=\"async\" class=\"alignnone size-full wp-image-2135\" src=\"https:\/\/gartner52.de\/page\/wp-content\/uploads\/2016\/02\/2012HRJuni043.jpg\" alt=\"2012HRJuni043\" width=\"800\" height=\"533\" srcset=\"https:\/\/gartner52.de\/page\/wp-content\/uploads\/2016\/02\/2012HRJuni043.jpg 800w, https:\/\/gartner52.de\/page\/wp-content\/uploads\/2016\/02\/2012HRJuni043-300x200.jpg 300w, https:\/\/gartner52.de\/page\/wp-content\/uploads\/2016\/02\/2012HRJuni043-768x512.jpg 768w\" sizes=\"auto, (max-width: 800px) 100vw, 800px\"><br>\nVon der Insel Murter nach Zaton bei Nin<\/p>\n<p>Vom Camping Jezera fuhren wir \u00fcber Tisno zur\u00fcck auf die K\u00fcstenstra\u00dfe 8. \u00dcber Pakostane und Biograd ging es nach Zadar, von dort waren es noch 8 Kilometer bis nach Zaton und Nin. Der <span class=\"caps\">CP<\/span> Peros liegt genau neben dem gro\u00dfen Platz Zaton Holliday Village. Man biegt vor dem Eingang zum gro\u00dfen <span class=\"caps\">CP<\/span> rechts in eine kleine Stra\u00dfe ein und nach ca. 300 Meter ist man am Eingang.<\/p>\n<p>An diesem Schild ist die Einfahrt zum Campingplatz<\/p>\n<p><img loading=\"lazy\" decoding=\"async\" class=\"alignnone size-full wp-image-2193\" src=\"https:\/\/gartner52.de\/page\/wp-content\/uploads\/2016\/02\/2012HRJuni101.jpg\" alt=\"2012HRJuni101\" width=\"800\" height=\"600\" srcset=\"https:\/\/gartner52.de\/page\/wp-content\/uploads\/2016\/02\/2012HRJuni101.jpg 800w, https:\/\/gartner52.de\/page\/wp-content\/uploads\/2016\/02\/2012HRJuni101-300x225.jpg 300w, https:\/\/gartner52.de\/page\/wp-content\/uploads\/2016\/02\/2012HRJuni101-768x576.jpg 768w\" sizes=\"auto, (max-width: 800px) 100vw, 800px\">Wir fragten in der Rezeption nach einem Stellplatz und man hat uns gleich mehrere Pl\u00e4tze gezeigt. Die Betreuung der G\u00e4ste war hier sehr zuvorkommend und man versuchte jedem Gast seine W\u00fcnsche zu erf\u00fcllen. Neben dem Rezepitonsgeb\u00e4ude fanden wir auch einen sch\u00f6nen Platz mit etwas Schatten. Der Untergrund auf dem ganzen Campingplatz ist sehr eben, man steht immer gerade. Bei jedem Stellplatz gibt es Strom und Wasseranschluss. Auch Abwasser kann man hier entleeren. Der erste Eindruck war einfach super, es war hier ruhig, der Platz war sehr sauber und mit den anderen G\u00e4sten kam man sofort ins Gespr\u00e4ch.<img loading=\"lazy\" decoding=\"async\" class=\"alignnone size-full wp-image-2191\" src=\"https:\/\/gartner52.de\/page\/wp-content\/uploads\/2016\/02\/2012HRJuni099.jpg\" alt=\"2012HRJuni099\" width=\"800\" height=\"600\" srcset=\"https:\/\/gartner52.de\/page\/wp-content\/uploads\/2016\/02\/2012HRJuni099.jpg 800w, https:\/\/gartner52.de\/page\/wp-content\/uploads\/2016\/02\/2012HRJuni099-300x225.jpg 300w, https:\/\/gartner52.de\/page\/wp-content\/uploads\/2016\/02\/2012HRJuni099-768x576.jpg 768w\" sizes=\"auto, (max-width: 800px) 100vw, 800px\"><img loading=\"lazy\" decoding=\"async\" class=\"alignnone size-full wp-image-2199\" src=\"https:\/\/gartner52.de\/page\/wp-content\/uploads\/2016\/02\/2012HRJuni107.jpg\" alt=\"2012HRJuni107\" width=\"800\" height=\"533\" srcset=\"https:\/\/gartner52.de\/page\/wp-content\/uploads\/2016\/02\/2012HRJuni107.jpg 800w, https:\/\/gartner52.de\/page\/wp-content\/uploads\/2016\/02\/2012HRJuni107-300x200.jpg 300w, https:\/\/gartner52.de\/page\/wp-content\/uploads\/2016\/02\/2012HRJuni107-768x512.jpg 768w\" sizes=\"auto, (max-width: 800px) 100vw, 800px\">Ein Nektarinenb\u00e4umchen direkt am Pool, was will man mehr<img loading=\"lazy\" decoding=\"async\" class=\"alignnone size-full wp-image-2197\" src=\"https:\/\/gartner52.de\/page\/wp-content\/uploads\/2016\/02\/2012HRJuni105.jpg\" alt=\"2012HRJuni105\" width=\"800\" height=\"600\" srcset=\"https:\/\/gartner52.de\/page\/wp-content\/uploads\/2016\/02\/2012HRJuni105.jpg 800w, https:\/\/gartner52.de\/page\/wp-content\/uploads\/2016\/02\/2012HRJuni105-300x225.jpg 300w, https:\/\/gartner52.de\/page\/wp-content\/uploads\/2016\/02\/2012HRJuni105-768x576.jpg 768w\" sizes=\"auto, (max-width: 800px) 100vw, 800px\">Der Campingplatz liegt nicht direkt am Meer, man muss so ca. 300 Meter bis dorthin gehen. Er hat aber einen sch\u00f6nen Pool, hier l\u00e4sst es sich hervorragend verweilen.<img loading=\"lazy\" decoding=\"async\" class=\"alignnone size-full wp-image-2196\" src=\"https:\/\/gartner52.de\/page\/wp-content\/uploads\/2016\/02\/2012HRJuni104.jpg\" alt=\"2012HRJuni104\" width=\"800\" height=\"600\" srcset=\"https:\/\/gartner52.de\/page\/wp-content\/uploads\/2016\/02\/2012HRJuni104.jpg 800w, https:\/\/gartner52.de\/page\/wp-content\/uploads\/2016\/02\/2012HRJuni104-300x225.jpg 300w, https:\/\/gartner52.de\/page\/wp-content\/uploads\/2016\/02\/2012HRJuni104-768x576.jpg 768w\" sizes=\"auto, (max-width: 800px) 100vw, 800px\"><img loading=\"lazy\" decoding=\"async\" class=\"alignnone size-large wp-image-2194\" src=\"https:\/\/gartner52.de\/page\/wp-content\/uploads\/2016\/02\/2012HRJuni102-1024x275.jpg\" alt=\"2012HRJuni102\" width=\"940\" height=\"252\" srcset=\"https:\/\/gartner52.de\/page\/wp-content\/uploads\/2016\/02\/2012HRJuni102-1024x275.jpg 1024w, https:\/\/gartner52.de\/page\/wp-content\/uploads\/2016\/02\/2012HRJuni102-300x80.jpg 300w, https:\/\/gartner52.de\/page\/wp-content\/uploads\/2016\/02\/2012HRJuni102-768x206.jpg 768w, https:\/\/gartner52.de\/page\/wp-content\/uploads\/2016\/02\/2012HRJuni102.jpg 1100w\" sizes=\"auto, (max-width: 940px) 100vw, 940px\">Gegen\u00fcber ist die schalldichte Diskothek vom Holliday Village zu sehen. Es war dort noch nicht sehr viel los. Wir h\u00f6rten von dort auch keine Musik.<img loading=\"lazy\" decoding=\"async\" class=\"alignnone size-full wp-image-2190\" src=\"https:\/\/gartner52.de\/page\/wp-content\/uploads\/2016\/02\/2012HRJuni098.jpg\" alt=\"2012HRJuni098\" width=\"800\" height=\"533\" srcset=\"https:\/\/gartner52.de\/page\/wp-content\/uploads\/2016\/02\/2012HRJuni098.jpg 800w, https:\/\/gartner52.de\/page\/wp-content\/uploads\/2016\/02\/2012HRJuni098-300x200.jpg 300w, https:\/\/gartner52.de\/page\/wp-content\/uploads\/2016\/02\/2012HRJuni098-768x512.jpg 768w\" sizes=\"auto, (max-width: 800px) 100vw, 800px\">Hinter dem Campingplatz auf der Stra\u00dfe nach Nin trifft man auf diesen Turm, \u201cSveti Nicola\u201d. Leider ist er nur von au\u00dfen zu besichtigen<img loading=\"lazy\" decoding=\"async\" class=\"alignnone size-full wp-image-2189\" src=\"https:\/\/gartner52.de\/page\/wp-content\/uploads\/2016\/02\/2012HRJuni097.jpg\" alt=\"2012HRJuni097\" width=\"800\" height=\"600\" srcset=\"https:\/\/gartner52.de\/page\/wp-content\/uploads\/2016\/02\/2012HRJuni097.jpg 800w, https:\/\/gartner52.de\/page\/wp-content\/uploads\/2016\/02\/2012HRJuni097-300x225.jpg 300w, https:\/\/gartner52.de\/page\/wp-content\/uploads\/2016\/02\/2012HRJuni097-768x576.jpg 768w\" sizes=\"auto, (max-width: 800px) 100vw, 800px\">Ausflug nach Nin Hier sind wir an der kleinen Br\u00fccke die Nin mit dem Festland verbindet. Nin befindet sich auf einer kleinen, durch einen k\u00fcnstlichen Kanal geschaffenen Insel<img loading=\"lazy\" decoding=\"async\" class=\"alignnone size-full wp-image-2147\" src=\"https:\/\/gartner52.de\/page\/wp-content\/uploads\/2016\/02\/2012HRJuni055.jpg\" alt=\"2012HRJuni055\" width=\"800\" height=\"600\" srcset=\"https:\/\/gartner52.de\/page\/wp-content\/uploads\/2016\/02\/2012HRJuni055.jpg 800w, https:\/\/gartner52.de\/page\/wp-content\/uploads\/2016\/02\/2012HRJuni055-300x225.jpg 300w, https:\/\/gartner52.de\/page\/wp-content\/uploads\/2016\/02\/2012HRJuni055-768x576.jpg 768w\" sizes=\"auto, (max-width: 800px) 100vw, 800px\"><img loading=\"lazy\" decoding=\"async\" class=\"alignnone size-full wp-image-2146\" src=\"https:\/\/gartner52.de\/page\/wp-content\/uploads\/2016\/02\/2012HRJuni054.jpg\" alt=\"2012HRJuni054\" width=\"800\" height=\"600\" srcset=\"https:\/\/gartner52.de\/page\/wp-content\/uploads\/2016\/02\/2012HRJuni054.jpg 800w, https:\/\/gartner52.de\/page\/wp-content\/uploads\/2016\/02\/2012HRJuni054-300x225.jpg 300w, https:\/\/gartner52.de\/page\/wp-content\/uploads\/2016\/02\/2012HRJuni054-768x576.jpg 768w\" sizes=\"auto, (max-width: 800px) 100vw, 800px\"><img loading=\"lazy\" decoding=\"async\" class=\"alignnone size-full wp-image-2148\" src=\"https:\/\/gartner52.de\/page\/wp-content\/uploads\/2016\/02\/2012HRJuni056.jpg\" alt=\"2012HRJuni056\" width=\"800\" height=\"600\" srcset=\"https:\/\/gartner52.de\/page\/wp-content\/uploads\/2016\/02\/2012HRJuni056.jpg 800w, https:\/\/gartner52.de\/page\/wp-content\/uploads\/2016\/02\/2012HRJuni056-300x225.jpg 300w, https:\/\/gartner52.de\/page\/wp-content\/uploads\/2016\/02\/2012HRJuni056-768x576.jpg 768w\" sizes=\"auto, (max-width: 800px) 100vw, 800px\">Kirche, muss sein.<img loading=\"lazy\" decoding=\"async\" class=\"alignnone size-full wp-image-2145\" src=\"https:\/\/gartner52.de\/page\/wp-content\/uploads\/2016\/02\/2012HRJuni053.jpg\" alt=\"2012HRJuni053\" width=\"800\" height=\"600\" srcset=\"https:\/\/gartner52.de\/page\/wp-content\/uploads\/2016\/02\/2012HRJuni053.jpg 800w, https:\/\/gartner52.de\/page\/wp-content\/uploads\/2016\/02\/2012HRJuni053-300x225.jpg 300w, https:\/\/gartner52.de\/page\/wp-content\/uploads\/2016\/02\/2012HRJuni053-768x576.jpg 768w\" sizes=\"auto, (max-width: 800px) 100vw, 800px\">Grugur von Nin<img loading=\"lazy\" decoding=\"async\" class=\"alignnone size-full wp-image-2149\" src=\"https:\/\/gartner52.de\/page\/wp-content\/uploads\/2016\/02\/2012HRJuni057.jpg\" alt=\"2012HRJuni057\" width=\"800\" height=\"600\" srcset=\"https:\/\/gartner52.de\/page\/wp-content\/uploads\/2016\/02\/2012HRJuni057.jpg 800w, https:\/\/gartner52.de\/page\/wp-content\/uploads\/2016\/02\/2012HRJuni057-300x225.jpg 300w, https:\/\/gartner52.de\/page\/wp-content\/uploads\/2016\/02\/2012HRJuni057-768x576.jpg 768w\" sizes=\"auto, (max-width: 800px) 100vw, 800px\">Hier steht auch die kleinste Kathedrale der Welt, Sveti Kri\u017e. Erbaut so um 800 nach Christus<br>\n<img loading=\"lazy\" decoding=\"async\" class=\"alignnone size-full wp-image-2150\" src=\"https:\/\/gartner52.de\/page\/wp-content\/uploads\/2016\/02\/2012HRJuni058.jpg\" alt=\"2012HRJuni058\" width=\"800\" height=\"600\" srcset=\"https:\/\/gartner52.de\/page\/wp-content\/uploads\/2016\/02\/2012HRJuni058.jpg 800w, https:\/\/gartner52.de\/page\/wp-content\/uploads\/2016\/02\/2012HRJuni058-300x225.jpg 300w, https:\/\/gartner52.de\/page\/wp-content\/uploads\/2016\/02\/2012HRJuni058-768x576.jpg 768w\" sizes=\"auto, (max-width: 800px) 100vw, 800px\"><img loading=\"lazy\" decoding=\"async\" class=\"alignnone size-full wp-image-2152\" src=\"https:\/\/gartner52.de\/page\/wp-content\/uploads\/2016\/02\/2012HRJuni060.jpg\" alt=\"2012HRJuni060\" width=\"800\" height=\"600\" srcset=\"https:\/\/gartner52.de\/page\/wp-content\/uploads\/2016\/02\/2012HRJuni060.jpg 800w, https:\/\/gartner52.de\/page\/wp-content\/uploads\/2016\/02\/2012HRJuni060-300x225.jpg 300w, https:\/\/gartner52.de\/page\/wp-content\/uploads\/2016\/02\/2012HRJuni060-768x576.jpg 768w\" sizes=\"auto, (max-width: 800px) 100vw, 800px\">Innen war sie ganz leer, aber man konnte erahnen wie es hier einmal ausgesehen hat<br>\n<img loading=\"lazy\" decoding=\"async\" class=\"alignnone size-full wp-image-2151\" src=\"https:\/\/gartner52.de\/page\/wp-content\/uploads\/2016\/02\/2012HRJuni059.jpg\" alt=\"2012HRJuni059\" width=\"800\" height=\"600\" srcset=\"https:\/\/gartner52.de\/page\/wp-content\/uploads\/2016\/02\/2012HRJuni059.jpg 800w, https:\/\/gartner52.de\/page\/wp-content\/uploads\/2016\/02\/2012HRJuni059-300x225.jpg 300w, https:\/\/gartner52.de\/page\/wp-content\/uploads\/2016\/02\/2012HRJuni059-768x576.jpg 768w\" sizes=\"auto, (max-width: 800px) 100vw, 800px\">Eine Besichtigung macht hungrig. In Nin gibt es nat\u00fcrlich auch viele kleine Restaurants in denen man sehr gut essen kann. Wir haben es mal wieder mit einer Dalmatia-Platte versucht. Leider haben wir sie nicht ganz geschafft. Es war einfach zu viel, aber super lecker.<br>\n<img loading=\"lazy\" decoding=\"async\" class=\"alignnone size-full wp-image-2188\" src=\"https:\/\/gartner52.de\/page\/wp-content\/uploads\/2016\/02\/2012HRJuni096.jpg\" alt=\"2012HRJuni096\" width=\"800\" height=\"600\" srcset=\"https:\/\/gartner52.de\/page\/wp-content\/uploads\/2016\/02\/2012HRJuni096.jpg 800w, https:\/\/gartner52.de\/page\/wp-content\/uploads\/2016\/02\/2012HRJuni096-300x225.jpg 300w, https:\/\/gartner52.de\/page\/wp-content\/uploads\/2016\/02\/2012HRJuni096-768x576.jpg 768w\" sizes=\"auto, (max-width: 800px) 100vw, 800px\">Mit unserem Motorrad fuhren wir noch bis nach Privlaka und zur Insel Vir. Es gibt von Nin aus in Richtung Vir, am Meer sch\u00f6ne Stellen mit Sandstrand zum Baden. Zur\u00fcck auf dem <span class=\"caps\">CP<\/span> war erst einmal relaxen angesagt. Ausruhen und schwimmen, so konnte man es hier aushalten. Die Ruhe auf dem Platz hat uns ganz besonders gefallen, keine Animateure die den ganzen Tag die Leute anbr\u00fcllen und auch kein herum gefahre mit allen m\u00f6glichen Fahrzeugen. Das ist ein Platz auf dem es ganz gem\u00fctlich zugeht.<br>\n<img loading=\"lazy\" decoding=\"async\" class=\"alignnone size-full wp-image-2198\" src=\"https:\/\/gartner52.de\/page\/wp-content\/uploads\/2016\/02\/2012HRJuni106.jpg\" alt=\"2012HRJuni106\" width=\"800\" height=\"533\" srcset=\"https:\/\/gartner52.de\/page\/wp-content\/uploads\/2016\/02\/2012HRJuni106.jpg 800w, https:\/\/gartner52.de\/page\/wp-content\/uploads\/2016\/02\/2012HRJuni106-300x200.jpg 300w, https:\/\/gartner52.de\/page\/wp-content\/uploads\/2016\/02\/2012HRJuni106-768x512.jpg 768w\" sizes=\"auto, (max-width: 800px) 100vw, 800px\">Im Pool waren wir oft ganz alleine.<img loading=\"lazy\" decoding=\"async\" class=\"alignnone size-full wp-image-2195\" src=\"https:\/\/gartner52.de\/page\/wp-content\/uploads\/2016\/02\/2012HRJuni103.jpg\" alt=\"2012HRJuni103\" width=\"800\" height=\"600\" srcset=\"https:\/\/gartner52.de\/page\/wp-content\/uploads\/2016\/02\/2012HRJuni103.jpg 800w, https:\/\/gartner52.de\/page\/wp-content\/uploads\/2016\/02\/2012HRJuni103-300x225.jpg 300w, https:\/\/gartner52.de\/page\/wp-content\/uploads\/2016\/02\/2012HRJuni103-768x576.jpg 768w\" sizes=\"auto, (max-width: 800px) 100vw, 800px\">So sch\u00f6ne Blumen bl\u00fchen in der N\u00e4he des Pools.&nbsp;<img loading=\"lazy\" decoding=\"async\" class=\"alignnone size-full wp-image-2186\" src=\"https:\/\/gartner52.de\/page\/wp-content\/uploads\/2016\/02\/2012HRJuni094.jpg\" alt=\"2012HRJuni094\" width=\"800\" height=\"600\" srcset=\"https:\/\/gartner52.de\/page\/wp-content\/uploads\/2016\/02\/2012HRJuni094.jpg 800w, https:\/\/gartner52.de\/page\/wp-content\/uploads\/2016\/02\/2012HRJuni094-300x225.jpg 300w, https:\/\/gartner52.de\/page\/wp-content\/uploads\/2016\/02\/2012HRJuni094-768x576.jpg 768w\" sizes=\"auto, (max-width: 800px) 100vw, 800px\"><img loading=\"lazy\" decoding=\"async\" class=\"alignnone size-full wp-image-2187\" src=\"https:\/\/gartner52.de\/page\/wp-content\/uploads\/2016\/02\/2012HRJuni095.jpg\" alt=\"2012HRJuni095\" width=\"800\" height=\"600\" srcset=\"https:\/\/gartner52.de\/page\/wp-content\/uploads\/2016\/02\/2012HRJuni095.jpg 800w, https:\/\/gartner52.de\/page\/wp-content\/uploads\/2016\/02\/2012HRJuni095-300x225.jpg 300w, https:\/\/gartner52.de\/page\/wp-content\/uploads\/2016\/02\/2012HRJuni095-768x576.jpg 768w\" sizes=\"auto, (max-width: 800px) 100vw, 800px\">Nach vier sch\u00f6nen Tagen auf dem <span class=\"caps\">CP<\/span> Peros wollten wir weiter fahren und die letzten beiden Tage vor der Heimreise in der N\u00e4he von Senj verbringen. Der Campingplatz Klenovica zwischen Senj und Novi Vinodolski war unser letzter Anlaufpunkt vor der Heimreise. Der Platz liegt an einem Berghang, im oberen Bereich sind sehr viele Mobile Homes und die Stellpl\u00e4tze sind ganz unten direkt am Meer. Zum Platz selber kann man nicht viel sagen, er ist soweit ok, die Sanit\u00e4ranlage geh\u00f6rt aber mal komplett renoviert. Es ist dort alles vorhanden aber in einem sehr schlechten Zustand.<\/p>\n<p>Zum Camp geh\u00f6rt eine kleine Insel<br>\n<img loading=\"lazy\" decoding=\"async\" class=\"alignnone size-full wp-image-2139\" src=\"https:\/\/gartner52.de\/page\/wp-content\/uploads\/2016\/02\/2012HRJuni047.jpg\" alt=\"2012HRJuni047\" width=\"800\" height=\"600\" srcset=\"https:\/\/gartner52.de\/page\/wp-content\/uploads\/2016\/02\/2012HRJuni047.jpg 800w, https:\/\/gartner52.de\/page\/wp-content\/uploads\/2016\/02\/2012HRJuni047-300x225.jpg 300w, https:\/\/gartner52.de\/page\/wp-content\/uploads\/2016\/02\/2012HRJuni047-768x576.jpg 768w\" sizes=\"auto, (max-width: 800px) 100vw, 800px\"><\/p>\n<p>Diese Bilder sind vom Parkplatz bei der Rezeption aus aufgenommen. Wenn man ganz unten am Wasser&nbsp; steht und hat ein Problem das man an der Rezeption kl\u00e4ren muss, ist es ein Fu\u00dfmarsch von 10 Minuten den Berg hoch bis man zur Rezeption kommt. Das finde ich nicht so sch\u00f6n.<\/p>\n<p><img loading=\"lazy\" decoding=\"async\" class=\"alignnone size-full wp-image-2142\" src=\"https:\/\/gartner52.de\/page\/wp-content\/uploads\/2016\/02\/2012HRJuni050.jpg\" alt=\"2012HRJuni050\" width=\"800\" height=\"600\" srcset=\"https:\/\/gartner52.de\/page\/wp-content\/uploads\/2016\/02\/2012HRJuni050.jpg 800w, https:\/\/gartner52.de\/page\/wp-content\/uploads\/2016\/02\/2012HRJuni050-300x225.jpg 300w, https:\/\/gartner52.de\/page\/wp-content\/uploads\/2016\/02\/2012HRJuni050-768x576.jpg 768w\" sizes=\"auto, (max-width: 800px) 100vw, 800px\"><br>\n<img loading=\"lazy\" decoding=\"async\" class=\"alignnone size-large wp-image-2141\" src=\"https:\/\/gartner52.de\/page\/wp-content\/uploads\/2016\/02\/2012HRJuni049-1024x265.jpg\" alt=\"2012HRJuni049\" width=\"940\" height=\"243\" srcset=\"https:\/\/gartner52.de\/page\/wp-content\/uploads\/2016\/02\/2012HRJuni049-1024x265.jpg 1024w, https:\/\/gartner52.de\/page\/wp-content\/uploads\/2016\/02\/2012HRJuni049-300x78.jpg 300w, https:\/\/gartner52.de\/page\/wp-content\/uploads\/2016\/02\/2012HRJuni049-768x199.jpg 768w, https:\/\/gartner52.de\/page\/wp-content\/uploads\/2016\/02\/2012HRJuni049.jpg 1124w\" sizes=\"auto, (max-width: 940px) 100vw, 940px\"><img loading=\"lazy\" decoding=\"async\" class=\"alignnone size-full wp-image-2144\" src=\"https:\/\/gartner52.de\/page\/wp-content\/uploads\/2016\/02\/2012HRJuni052.jpg\" alt=\"2012HRJuni052\" width=\"800\" height=\"533\" srcset=\"https:\/\/gartner52.de\/page\/wp-content\/uploads\/2016\/02\/2012HRJuni052.jpg 800w, https:\/\/gartner52.de\/page\/wp-content\/uploads\/2016\/02\/2012HRJuni052-300x200.jpg 300w, https:\/\/gartner52.de\/page\/wp-content\/uploads\/2016\/02\/2012HRJuni052-768x512.jpg 768w\" sizes=\"auto, (max-width: 800px) 100vw, 800px\"><img loading=\"lazy\" decoding=\"async\" class=\"alignnone size-full wp-image-2143\" src=\"https:\/\/gartner52.de\/page\/wp-content\/uploads\/2016\/02\/2012HRJuni051.jpg\" alt=\"2012HRJuni051\" width=\"800\" height=\"533\" srcset=\"https:\/\/gartner52.de\/page\/wp-content\/uploads\/2016\/02\/2012HRJuni051.jpg 800w, https:\/\/gartner52.de\/page\/wp-content\/uploads\/2016\/02\/2012HRJuni051-300x200.jpg 300w, https:\/\/gartner52.de\/page\/wp-content\/uploads\/2016\/02\/2012HRJuni051-768x512.jpg 768w\" sizes=\"auto, (max-width: 800px) 100vw, 800px\"> Wir standen ganz vorne am Strand, nur durch eine Mauer und einen Zaun vom Wasser getrennt. Markierte Stellpl\u00e4tze in der ersten Ebene gibt es nicht, man stellt sich einfach da hin wo es Platz hat.&nbsp;<img loading=\"lazy\" decoding=\"async\" class=\"alignnone size-full wp-image-2137\" src=\"https:\/\/gartner52.de\/page\/wp-content\/uploads\/2016\/02\/2012HRJuni045.jpg\" alt=\"2012HRJuni045\" width=\"800\" height=\"600\" srcset=\"https:\/\/gartner52.de\/page\/wp-content\/uploads\/2016\/02\/2012HRJuni045.jpg 800w, https:\/\/gartner52.de\/page\/wp-content\/uploads\/2016\/02\/2012HRJuni045-300x225.jpg 300w, https:\/\/gartner52.de\/page\/wp-content\/uploads\/2016\/02\/2012HRJuni045-768x576.jpg 768w\" sizes=\"auto, (max-width: 800px) 100vw, 800px\">Hinter unserem Wohnmobil ist die Sanit\u00e4ranlage zu sehen, wie schon geschrieben war sie<strong> stark<\/strong>&nbsp; Renovierungsbed\u00fcrftig. An den 8 Geschirrsp\u00fclbecken kam an 4 Wasserh\u00e4hnen nur noch Luft.<br>\nWenn mal ein Abfluss verstopft war, wurde einfach das Wasser abgestellt.<br>\nSo kann man es nat\u00fcrlich auch machen. Die Toilettent\u00fcren waren auch nicht alle zu verschlie\u00dfen<br>\nund an den Duschen fehlte so mancher Brausekopf. Daf\u00fcr waren aber gen\u00fcgend Duschen vorhanden.<br>\n<img loading=\"lazy\" decoding=\"async\" class=\"alignnone size-full wp-image-2136\" src=\"https:\/\/gartner52.de\/page\/wp-content\/uploads\/2016\/02\/2012HRJuni044.jpg\" alt=\"2012HRJuni044\" width=\"800\" height=\"600\" srcset=\"https:\/\/gartner52.de\/page\/wp-content\/uploads\/2016\/02\/2012HRJuni044.jpg 800w, https:\/\/gartner52.de\/page\/wp-content\/uploads\/2016\/02\/2012HRJuni044-300x225.jpg 300w, https:\/\/gartner52.de\/page\/wp-content\/uploads\/2016\/02\/2012HRJuni044-768x576.jpg 768w\" sizes=\"auto, (max-width: 800px) 100vw, 800px\">Bilder von der kleinen Insel aus in Richtung Campingplatz. Das Wasser hier am Strand war sehr sauber,&nbsp; ein unterirdischer S\u00fc\u00dfwasser Fluss flie\u00dft hier ins Meer, deswegen ist das Wasser auch etwas kalt.<img loading=\"lazy\" decoding=\"async\" class=\"alignnone size-full wp-image-2138\" src=\"https:\/\/gartner52.de\/page\/wp-content\/uploads\/2016\/02\/2012HRJuni046.jpg\" alt=\"2012HRJuni046\" width=\"800\" height=\"600\" srcset=\"https:\/\/gartner52.de\/page\/wp-content\/uploads\/2016\/02\/2012HRJuni046.jpg 800w, https:\/\/gartner52.de\/page\/wp-content\/uploads\/2016\/02\/2012HRJuni046-300x225.jpg 300w, https:\/\/gartner52.de\/page\/wp-content\/uploads\/2016\/02\/2012HRJuni046-768x576.jpg 768w\" sizes=\"auto, (max-width: 800px) 100vw, 800px\"><img loading=\"lazy\" decoding=\"async\" class=\"alignnone size-large wp-image-2140\" src=\"https:\/\/gartner52.de\/page\/wp-content\/uploads\/2016\/02\/2012HRJuni048-1024x273.jpg\" alt=\"2012HRJuni048\" width=\"940\" height=\"251\" srcset=\"https:\/\/gartner52.de\/page\/wp-content\/uploads\/2016\/02\/2012HRJuni048-1024x273.jpg 1024w, https:\/\/gartner52.de\/page\/wp-content\/uploads\/2016\/02\/2012HRJuni048-300x80.jpg 300w, https:\/\/gartner52.de\/page\/wp-content\/uploads\/2016\/02\/2012HRJuni048-768x205.jpg 768w, https:\/\/gartner52.de\/page\/wp-content\/uploads\/2016\/02\/2012HRJuni048.jpg 1124w\" sizes=\"auto, (max-width: 940px) 100vw, 940px\">Nach zwei Tagen auf dem Camp Klenovica mussten wir leider die Heimreise antreten, unser Urlaub ging mal wieder zu Ende.<\/p>\n<p>Die Heimfahrt sollte nicht \u00fcber die Slowenische Autobahn sondern \u00fcber Italien gehen.<\/p>\n<p>Wir fuhren auf der K\u00fcstenstra\u00dfe \u00fcber Bakar auf die Autobahn bei Rijeka, dann weiter Richtung Rupa. Kurz vor dem Autobahnende bei Rupa verlie\u00dfen wir die Autobahn Richtung Pasjac um auf der Landstra\u00dfe nach Slowenien Richtung Kozina zu fahren. Von dort aus ging es weiter nach Basovizza in Italien, in Patriciano auf die Autobahn Richtung Udine und weiter nach Tarvisio.&nbsp; <img loading=\"lazy\" decoding=\"async\" class=\"alignnone size-full wp-image-2132\" src=\"https:\/\/gartner52.de\/page\/wp-content\/uploads\/2016\/02\/2012HRJuni040.jpg\" alt=\"2012HRJuni040\" width=\"800\" height=\"600\" srcset=\"https:\/\/gartner52.de\/page\/wp-content\/uploads\/2016\/02\/2012HRJuni040.jpg 800w, https:\/\/gartner52.de\/page\/wp-content\/uploads\/2016\/02\/2012HRJuni040-300x225.jpg 300w, https:\/\/gartner52.de\/page\/wp-content\/uploads\/2016\/02\/2012HRJuni040-768x576.jpg 768w\" sizes=\"auto, (max-width: 800px) 100vw, 800px\"> Dieses gro\u00dfe Flussbett in Italien fasziniert uns jedes mal. Der Wasserstand ist scheinbar immer gleich, ob im Juni oder im September. Deswegen gleichen sich die Bilder auch immer.<\/p>\n<p><img loading=\"lazy\" decoding=\"async\" class=\"alignnone size-full wp-image-2133\" src=\"https:\/\/gartner52.de\/page\/wp-content\/uploads\/2016\/02\/2012HRJuni041.jpg\" alt=\"2012HRJuni041\" width=\"800\" height=\"600\" srcset=\"https:\/\/gartner52.de\/page\/wp-content\/uploads\/2016\/02\/2012HRJuni041.jpg 800w, https:\/\/gartner52.de\/page\/wp-content\/uploads\/2016\/02\/2012HRJuni041-300x225.jpg 300w, https:\/\/gartner52.de\/page\/wp-content\/uploads\/2016\/02\/2012HRJuni041-768x576.jpg 768w\" sizes=\"auto, (max-width: 800px) 100vw, 800px\"><\/p>\n<p>\u00dcber die Grenze nach Villach und \u00fcber die Tauernautobahn nach Salzburg. Richtung M\u00fcnchen-Stuttgart und Karlsruhe.<\/p>\n<p>Wir sind um 9:00 Uhr auf dem <span class=\"caps\">CP<\/span> Klenovica losgefahren und waren um 22:30 Uhr Zuhause.<\/p>\n<p style=\"text-align: center;\"><span style=\"color: #000000;\">*****<\/span><\/p>\n<p>&nbsp;<\/p>\n<p><span style=\"color: #3366ff;\"><strong>Zusammenfassung<\/strong><strong>: Stand Juni 2012<br>\n<\/strong><\/span><\/p>\n<p><span style=\"color: #3366ff;\">Es war im Juni 2012 ein sehr sch\u00f6ner Urlaub, wir haben 5 Campingpl\u00e4tze in verschiedenen Landesteilen besucht.<br>\nDie Beschreibung und Bewertung der Campingpl\u00e4tze ist auch hier so wie wir sie gesehen haben,<br>\n<u><strong>also nur unsere pers\u00f6nliche Meinung<\/strong>.<\/u><\/span><\/p>\n<p>&nbsp;<\/p>\n<p>&nbsp;<\/p>\n<p><span style=\"color: #3366ff;\"><strong>Campingplatz Sirena bei Lokva Rogoznika***<\/strong><\/span><\/p>\n<p><span style=\"color: #3366ff;\">In der N\u00e4he von Omis ist das ein sch\u00f6ner kleiner <span class=\"caps\">CP<\/span> in privater Hand. Hier wird man freundlich empfangen und der Chef hat immer ein offenes Ohr f\u00fcr alle. Platz und Sanit\u00e4ranlagen top sauber.<br>\nDer Preis von 25 \u20acuro ist noch ok, es gibt aber CPs da gibt es f\u00fcr den Preis mehr.<\/span><\/p>\n<p>&nbsp;<\/p>\n<p><span style=\"color: #3366ff;\"><strong>Camp Adriatic bei Primosten**** <\/strong><\/span><\/p>\n<p><span style=\"color: #3366ff;\">Lage, zwei Kilometer hinter Primosten in Richtung Sibenik. Ein mittelgro\u00dfer <span class=\"caps\">CP<\/span> mit zum Teil sehr sch\u00f6nen Stellpl\u00e4tzen. Das Personal an der Rezeption war sehr freundlich, wir haben unsere Reservierung f\u00fcr den August ohne Probleme auf andere Stellpl\u00e4tze umgebucht da die reservierten Pl\u00e4tze viel zu schr\u00e4g waren. Dies wurde ohne viele Worte erledigt. Die Sanit\u00e4ranlagen sind gepflegt und werden auch immer gereinigt. Es gab in der ganzen Zeit nicht ein einziges mal etwas zu beanstanden. Der kleine Supermarkt ist im gro\u00dfen&nbsp; und ganzen ok, nur gab es hier keine richtigen Br\u00f6tchen. Nur diese s\u00fc\u00dfen Dinger mit dem weichen Teig. Das war nicht so gut. Der Strand ist ungef\u00e4hr zur H\u00e4lfte ganz ok, beim Rest ist es schon schwieriger ins Wasser zu kommen da es viele Felsen hat.<br>\nUns hat es auf dem Platz sehr gut gefallen, wir fahren auf jeden Fall wieder auf diesen Platz.<\/span><\/p>\n<p>&nbsp;<\/p>\n<p><span style=\"color: #3366ff;\"><strong>Campingplatz Jezera Lovisca auf der Insel Murter*** <\/strong><\/span><\/p>\n<p><span style=\"color: #3366ff;\">Ist ein sch\u00f6ner <span class=\"caps\">CP<\/span>, er war im Juni sehr gut besucht. Wir mussten lange suchen um einen Stellplatz mit Stromanschluss zu finden.<\/span><\/p>\n<p><span style=\"color: #3366ff;\">wurde 2011 schon beschrieben.<\/span><\/p>\n<p>&nbsp;<\/p>\n<p><span style=\"color: #3366ff;\"><strong>Camping Peros Zaton bei Nin*** <\/strong><\/span><\/p>\n<p><span style=\"color: #3366ff;\">Kleiner ruhiger Campingplatz, mit allem was man braucht. Sanit\u00e4r ist klein aber vollkommen ausreichend und immer sehr sauber. Er liegt ca. 300 Meter vom Meer entfernt und hat einen sch\u00f6nen Pool. Leider keine Einkaufsm\u00f6glichkeit am Platz. Stellpl\u00e4tze sind ausreichend gro\u00df, ganz eben, zum Teil mit Gras, zum Teil mit Schotter belegt und die Platzaufteilung ist ganz ok. Die Inhaber sind <u>sehr nett<\/u> und helfen jedem gerne.<\/span><\/p>\n<p>&nbsp;<\/p>\n<p><span style=\"color: #3366ff;\"><strong>Camp Klenovica bei Novi Vinodolski**<\/strong><\/span><\/p>\n<p><span style=\"color: #3366ff;\">Der Campingplatz liegt direkt am Meer am Fu\u00dfe der Berge. Stellpl\u00e4tze sind im unteren Teil nicht parzelliert, man stell sich einfach dort hin wo Platz ist. Die Sanit\u00e4ranlage hat schon bessere Zeiten gesehen und geh\u00f6rt komplett erneuert.<br>\nEs gibt einen kleinen Supermarkt, dort gibt es alles was man braucht. Ein Restaurant ist auch auf dem Platz, das haben wir aber nicht besucht. Der Strand ist sch\u00f6n, das Wasser super sauber.<br>\nDie Rezeption liegt oben am Berg, wenn man mal ein Problem hat ist es ein weiter Weg dorthin.<\/span><\/p>\n<p>&nbsp;<\/p>\n<p><span style=\"color: #3366ff;\">Gefahrene Kilometer mit dem Wohnmobil: 2735<br>\nGefahrene Kilometer mit dem Motorrad: 260<\/span><\/p>\n<p><span style=\"color: #3366ff;\">Dieselverbrauch gesamt: 290 Liter \u2013 Kosten 403 \u20acuro<br>\nErgibt einen Durchschnittsverbrauch von ca. 10,5 Liter auf 100 Km.&nbsp;<\/span><\/p>\n<p><span style=\"color: #3366ff;\">&nbsp;<\/span><\/p>\n<h4 style=\"text-align: center;\"><span style=\"color: #008000;\"><strong>&nbsp;<\/strong><\/span><\/h4>\n","protected":false},"excerpt":{"rendered":"<p>Kroatien Rundreise vom 06. bis 28.Juni 2012 Teil 2 Vom Camp Adriatic bei Primosten zur Insel Murter und nach Zaton-Nin, weiter nach Klenovica bei Novi Vinodolski und von dort nach Hause \u2013 Weiter mit dem Camp Adriatic \u2013 In der \u2026 <a href=\"https:\/\/gartner52.de\/page\/juni2012-2\/\">Weiter<\/a><\/p>\n","protected":false},"author":4,"featured_media":0,"parent":0,"menu_order":0,"comment_status":"closed","ping_status":"closed","template":"","meta":{"wp_typography_post_enhancements_disabled":false,"kt_blocks_editor_width":"","footnotes":""},"class_list":["post-2085","page","type-page","status-publish","hentry"],"_links":{"self":[{"href":"https:\/\/gartner52.de\/page\/wp-json\/wp\/v2\/pages\/2085","targetHints":{"allow":["GET"]}}],"collection":[{"href":"https:\/\/gartner52.de\/page\/wp-json\/wp\/v2\/pages"}],"about":[{"href":"https:\/\/gartner52.de\/page\/wp-json\/wp\/v2\/types\/page"}],"author":[{"embeddable":true,"href":"https:\/\/gartner52.de\/page\/wp-json\/wp\/v2\/users\/4"}],"replies":[{"embeddable":true,"href":"https:\/\/gartner52.de\/page\/wp-json\/wp\/v2\/comments?post=2085"}],"version-history":[{"count":19,"href":"https:\/\/gartner52.de\/page\/wp-json\/wp\/v2\/pages\/2085\/revisions"}],"predecessor-version":[{"id":5221,"href":"https:\/\/gartner52.de\/page\/wp-json\/wp\/v2\/pages\/2085\/revisions\/5221"}],"wp:attachment":[{"href":"https:\/\/gartner52.de\/page\/wp-json\/wp\/v2\/media?parent=2085"}],"curies":[{"name":"wp","href":"https:\/\/api.w.org\/{rel}","templated":true}]}}