{"id":2083,"date":"2016-02-23T12:04:30","date_gmt":"2016-02-23T11:04:30","guid":{"rendered":"http:\/\/gartner52.de\/page\/?page_id=2083"},"modified":"2016-02-23T14:22:26","modified_gmt":"2016-02-23T13:22:26","slug":"juni2012-1","status":"publish","type":"page","link":"https:\/\/gartner52.de\/page\/juni2012-1\/","title":{"rendered":"Juni2012\u20111"},"content":{"rendered":"<h2 style=\"text-align: center;\"><strong><em><span style=\"color: #3366ff;\">Kroatien Rundreise vom 06. bis 28.Juni 2012<\/span><\/em><\/strong><\/h2>\n<h5 style=\"text-align: center;\"><span style=\"color: #3366ff;\">In diesem Jahr hatten wir f\u00fcr den Juni eine Rundreise<br>\nvon Omis bis nach Klenovica bei Senj geplant.<\/span><\/h5>\n<h5 style=\"text-align: center;\"><\/h5>\n<h4 style=\"text-align: center;\"><span style=\"color: #008000;\"><strong>Hier Teil 1<\/strong><\/span><\/h4>\n<h5 style=\"text-align: center;\"><span style=\"color: #008000;\">von Karlsruhe nach Omis und weiter nach Primosten<\/span><\/h5>\n<p>&nbsp;<\/p>\n<p style=\"text-align: left;\">Gestartet sind wir am 06. Juni um 6:30 Uhr in Karlsruhe.<img loading=\"lazy\" decoding=\"async\" class=\"alignnone size-full wp-image-2185\" src=\"https:\/\/gartner52.de\/page\/wp-content\/uploads\/2016\/02\/2012HRJuni093.jpg\" alt=\"2012HRJuni093\" width=\"800\" height=\"600\" srcset=\"https:\/\/gartner52.de\/page\/wp-content\/uploads\/2016\/02\/2012HRJuni093.jpg 800w, https:\/\/gartner52.de\/page\/wp-content\/uploads\/2016\/02\/2012HRJuni093-300x225.jpg 300w, https:\/\/gartner52.de\/page\/wp-content\/uploads\/2016\/02\/2012HRJuni093-768x576.jpg 768w\" sizes=\"auto, (max-width: 800px) 100vw, 800px\">Die Fahrt ging \u00fcber Heilbronn \u2013 N\u00fcrnberg \u2013 Regensburg und Passau nach \u00d6sterreich. Dort \u00fcber die <span class=\"caps\">A9<\/span> nach Graz und weiter nach Slowenien.&nbsp;<img loading=\"lazy\" decoding=\"async\" class=\"alignnone size-full wp-image-2112\" src=\"https:\/\/gartner52.de\/page\/wp-content\/uploads\/2016\/02\/2012HRJuni020.jpg\" alt=\"2012HRJuni020\" width=\"800\" height=\"600\" srcset=\"https:\/\/gartner52.de\/page\/wp-content\/uploads\/2016\/02\/2012HRJuni020.jpg 800w, https:\/\/gartner52.de\/page\/wp-content\/uploads\/2016\/02\/2012HRJuni020-300x225.jpg 300w, https:\/\/gartner52.de\/page\/wp-content\/uploads\/2016\/02\/2012HRJuni020-768x576.jpg 768w\" sizes=\"auto, (max-width: 800px) 100vw, 800px\">Es lag noch Schnee in den Bergen<img loading=\"lazy\" decoding=\"async\" class=\"alignnone size-full wp-image-2113\" src=\"https:\/\/gartner52.de\/page\/wp-content\/uploads\/2016\/02\/2012HRJuni021.jpg\" alt=\"2012HRJuni021\" width=\"800\" height=\"600\" srcset=\"https:\/\/gartner52.de\/page\/wp-content\/uploads\/2016\/02\/2012HRJuni021.jpg 800w, https:\/\/gartner52.de\/page\/wp-content\/uploads\/2016\/02\/2012HRJuni021-300x225.jpg 300w, https:\/\/gartner52.de\/page\/wp-content\/uploads\/2016\/02\/2012HRJuni021-768x576.jpg 768w\" sizes=\"auto, (max-width: 800px) 100vw, 800px\">Weiter nach Kroatien, \u00fcber Zagreb und Karlovac Richtung Zadar.<br>\n<img loading=\"lazy\" decoding=\"async\" class=\"alignnone size-full wp-image-2183\" src=\"https:\/\/gartner52.de\/page\/wp-content\/uploads\/2016\/02\/2012HRJuni091.jpg\" alt=\"2012HRJuni091\" width=\"800\" height=\"600\" srcset=\"https:\/\/gartner52.de\/page\/wp-content\/uploads\/2016\/02\/2012HRJuni091.jpg 800w, https:\/\/gartner52.de\/page\/wp-content\/uploads\/2016\/02\/2012HRJuni091-300x225.jpg 300w, https:\/\/gartner52.de\/page\/wp-content\/uploads\/2016\/02\/2012HRJuni091-768x576.jpg 768w\" sizes=\"auto, (max-width: 800px) 100vw, 800px\">Unser erster \u00dcbernachtungspunkt war auf einem Rastplatz an der Autobahn hinter Gospic, ca. 20 Kilometer vor dem Sveti Roc. Es gab hier auch ein Restaurant, hier haben wir noch etwas gegessen. Die Nacht auf dem Rastplatz war sehr ruhig<br>\n<img loading=\"lazy\" decoding=\"async\" class=\"alignnone size-full wp-image-2184\" src=\"https:\/\/gartner52.de\/page\/wp-content\/uploads\/2016\/02\/2012HRJuni092.jpg\" alt=\"2012HRJuni092\" width=\"800\" height=\"600\" srcset=\"https:\/\/gartner52.de\/page\/wp-content\/uploads\/2016\/02\/2012HRJuni092.jpg 800w, https:\/\/gartner52.de\/page\/wp-content\/uploads\/2016\/02\/2012HRJuni092-300x225.jpg 300w, https:\/\/gartner52.de\/page\/wp-content\/uploads\/2016\/02\/2012HRJuni092-768x576.jpg 768w\" sizes=\"auto, (max-width: 800px) 100vw, 800px\">Am Donnerstag Morgen um 7:10 Uhr ging es weiter Richtung Zadar-Sibenik-Split. Von hier aus waren es noch ca. 230 Kilometer bis zum ersten Ziel. Bei der Ausfahrt Dugopolje haben wir die Autobahn verlassen, wir zahlten f\u00fcr die Strecke von Zagreb bis nach Dugopolje 275 Kuna Maut. Weiter ging es auf der Landstra\u00dfe Richtung Split, dann auf der K\u00fcstenstra\u00dfe 8 nach Omis. Dort kamen wir an dem <span class=\"caps\">CP<\/span> Galeb vorbei. Dieser liegt fast am Rande der Stadt und er war schon gut besucht.<\/p>\n<p>-Split-<br>\n<img loading=\"lazy\" decoding=\"async\" class=\"size-full wp-image-2114 alignnone\" src=\"https:\/\/gartner52.de\/page\/wp-content\/uploads\/2016\/02\/2012HRJuni022.jpg\" alt=\"2012HRJuni022\" width=\"800\" height=\"600\" srcset=\"https:\/\/gartner52.de\/page\/wp-content\/uploads\/2016\/02\/2012HRJuni022.jpg 800w, https:\/\/gartner52.de\/page\/wp-content\/uploads\/2016\/02\/2012HRJuni022-300x225.jpg 300w, https:\/\/gartner52.de\/page\/wp-content\/uploads\/2016\/02\/2012HRJuni022-768x576.jpg 768w\" sizes=\"auto, (max-width: 800px) 100vw, 800px\">So ca. 8 Kilometer hinter Omis in Richtung Makarska kommt der Ort Lokva Rogoznica, hier sollte unser Urlaub auf dem Campingplatz Sirena beginnen.&nbsp;<img loading=\"lazy\" decoding=\"async\" class=\"alignnone size-full wp-image-2119\" src=\"https:\/\/gartner52.de\/page\/wp-content\/uploads\/2016\/02\/2012HRJuni027.jpg\" alt=\"2012HRJuni027\" width=\"800\" height=\"600\" srcset=\"https:\/\/gartner52.de\/page\/wp-content\/uploads\/2016\/02\/2012HRJuni027.jpg 800w, https:\/\/gartner52.de\/page\/wp-content\/uploads\/2016\/02\/2012HRJuni027-300x225.jpg 300w, https:\/\/gartner52.de\/page\/wp-content\/uploads\/2016\/02\/2012HRJuni027-768x576.jpg 768w\" sizes=\"auto, (max-width: 800px) 100vw, 800px\">Wir sind um 10:00 Uhr am Camp angekommen und haben uns nach einem Stellplatz umgesehen.<br>\nMilan (der Chef) hat uns auch einige gezeigt, sie lagen uns aber zu nahe am Restaurant. <img loading=\"lazy\" decoding=\"async\" class=\"alignnone size-full wp-image-2122\" src=\"https:\/\/gartner52.de\/page\/wp-content\/uploads\/2016\/02\/2012HRJuni030.jpg\" alt=\"2012HRJuni030\" width=\"800\" height=\"600\" srcset=\"https:\/\/gartner52.de\/page\/wp-content\/uploads\/2016\/02\/2012HRJuni030.jpg 800w, https:\/\/gartner52.de\/page\/wp-content\/uploads\/2016\/02\/2012HRJuni030-300x225.jpg 300w, https:\/\/gartner52.de\/page\/wp-content\/uploads\/2016\/02\/2012HRJuni030-768x576.jpg 768w\" sizes=\"auto, (max-width: 800px) 100vw, 800px\"><img loading=\"lazy\" decoding=\"async\" class=\"alignnone size-full wp-image-2177\" src=\"https:\/\/gartner52.de\/page\/wp-content\/uploads\/2016\/02\/2012HRJuni085.jpg\" alt=\"2012HRJuni085\" width=\"800\" height=\"600\" srcset=\"https:\/\/gartner52.de\/page\/wp-content\/uploads\/2016\/02\/2012HRJuni085.jpg 800w, https:\/\/gartner52.de\/page\/wp-content\/uploads\/2016\/02\/2012HRJuni085-300x225.jpg 300w, https:\/\/gartner52.de\/page\/wp-content\/uploads\/2016\/02\/2012HRJuni085-768x576.jpg 768w\" sizes=\"auto, (max-width: 800px) 100vw, 800px\">Schlie\u00dflich fanden wir doch einen sch\u00f6nen Platz auf der zweiten Terrasse. Man hatte fast von allen Pl\u00e4tzen einen super Blick aufs Meer. Es wurde alles aufgebaut und gegen Mittag sind wir dann gleich mal schwimmen gegangen.<br>\nDas Wasser hatte gerade mal so 20 Grad, es brachte eine sch\u00f6ne Abk\u00fchlung. L\u00e4nger als 10 Minuten blieben wir da aber nicht drin. &nbsp; <span style=\"color: #000000;\">(Aber es sollte besser werden)<\/span>&nbsp; Nach 3 Tagen hatte sich das Wasser dann schon auf 22\u201323 Grad erw\u00e4rmt. Da machte dann auch das Schwimmen Spa\u00df.&nbsp;<img loading=\"lazy\" decoding=\"async\" class=\"alignnone size-full wp-image-2181\" src=\"https:\/\/gartner52.de\/page\/wp-content\/uploads\/2016\/02\/2012HRJuni089.jpg\" alt=\"2012HRJuni089\" width=\"800\" height=\"533\" srcset=\"https:\/\/gartner52.de\/page\/wp-content\/uploads\/2016\/02\/2012HRJuni089.jpg 800w, https:\/\/gartner52.de\/page\/wp-content\/uploads\/2016\/02\/2012HRJuni089-300x200.jpg 300w, https:\/\/gartner52.de\/page\/wp-content\/uploads\/2016\/02\/2012HRJuni089-768x512.jpg 768w\" sizes=\"auto, (max-width: 800px) 100vw, 800px\">Wir machten einen Rundgang \u00fcber den ganzen Campingplatz, er ist wie schon geschrieben Terrassenf\u00f6rmig angelegt. Auf kleinstem Raum wurden sehr viele Stellpl\u00e4tze untergebracht. Zum Teil haben die Stellpl\u00e4tze eine abenteuerliche Zufahrt, der Weg f\u00fchrt nahe am Abgrund vorbei. Daf\u00fcr steht man aber \u00fcberall direkt am Wasser. Uns hat die Aufteilung des Platzes im unteren Bereich ganz gut gefallen.<br>\n<img loading=\"lazy\" decoding=\"async\" class=\"alignnone size-full wp-image-2129\" src=\"https:\/\/gartner52.de\/page\/wp-content\/uploads\/2016\/02\/2012HRJuni037.jpg\" alt=\"2012HRJuni037\" width=\"800\" height=\"600\" srcset=\"https:\/\/gartner52.de\/page\/wp-content\/uploads\/2016\/02\/2012HRJuni037.jpg 800w, https:\/\/gartner52.de\/page\/wp-content\/uploads\/2016\/02\/2012HRJuni037-300x225.jpg 300w, https:\/\/gartner52.de\/page\/wp-content\/uploads\/2016\/02\/2012HRJuni037-768x576.jpg 768w\" sizes=\"auto, (max-width: 800px) 100vw, 800px\">Die unterste Terrasse. <img loading=\"lazy\" decoding=\"async\" class=\"alignnone size-full wp-image-2121\" src=\"https:\/\/gartner52.de\/page\/wp-content\/uploads\/2016\/02\/2012HRJuni029.jpg\" alt=\"2012HRJuni029\" width=\"800\" height=\"600\" srcset=\"https:\/\/gartner52.de\/page\/wp-content\/uploads\/2016\/02\/2012HRJuni029.jpg 800w, https:\/\/gartner52.de\/page\/wp-content\/uploads\/2016\/02\/2012HRJuni029-300x225.jpg 300w, https:\/\/gartner52.de\/page\/wp-content\/uploads\/2016\/02\/2012HRJuni029-768x576.jpg 768w\" sizes=\"auto, (max-width: 800px) 100vw, 800px\">Hier der Strand, er war von unserem Stellplatz aus in einer Minute zu erreichen. Am Strand lagen nur kleine Steinchen, man konnte auch ohne Badeschuhe ins Wasser gehen.<img loading=\"lazy\" decoding=\"async\" class=\"alignnone size-full wp-image-2182\" src=\"https:\/\/gartner52.de\/page\/wp-content\/uploads\/2016\/02\/2012HRJuni090.jpg\" alt=\"2012HRJuni090\" width=\"800\" height=\"533\" srcset=\"https:\/\/gartner52.de\/page\/wp-content\/uploads\/2016\/02\/2012HRJuni090.jpg 800w, https:\/\/gartner52.de\/page\/wp-content\/uploads\/2016\/02\/2012HRJuni090-300x200.jpg 300w, https:\/\/gartner52.de\/page\/wp-content\/uploads\/2016\/02\/2012HRJuni090-768x512.jpg 768w\" sizes=\"auto, (max-width: 800px) 100vw, 800px\"> Hier sieht man links im Hintergrund den <span class=\"caps\">CP<\/span> von der Stra\u00dfe aus.<br>\n<img loading=\"lazy\" decoding=\"async\" class=\"alignnone size-full wp-image-2180\" src=\"https:\/\/gartner52.de\/page\/wp-content\/uploads\/2016\/02\/2012HRJuni088.jpg\" alt=\"2012HRJuni088\" width=\"800\" height=\"600\" srcset=\"https:\/\/gartner52.de\/page\/wp-content\/uploads\/2016\/02\/2012HRJuni088.jpg 800w, https:\/\/gartner52.de\/page\/wp-content\/uploads\/2016\/02\/2012HRJuni088-300x225.jpg 300w, https:\/\/gartner52.de\/page\/wp-content\/uploads\/2016\/02\/2012HRJuni088-768x576.jpg 768w\" sizes=\"auto, (max-width: 800px) 100vw, 800px\"><img loading=\"lazy\" decoding=\"async\" class=\"alignnone size-large wp-image-2176\" src=\"https:\/\/gartner52.de\/page\/wp-content\/uploads\/2016\/02\/2012HRJuni084-1024x267.jpg\" alt=\"2012HRJuni084\" width=\"940\" height=\"245\" srcset=\"https:\/\/gartner52.de\/page\/wp-content\/uploads\/2016\/02\/2012HRJuni084-1024x267.jpg 1024w, https:\/\/gartner52.de\/page\/wp-content\/uploads\/2016\/02\/2012HRJuni084-300x78.jpg 300w, https:\/\/gartner52.de\/page\/wp-content\/uploads\/2016\/02\/2012HRJuni084-768x200.jpg 768w, https:\/\/gartner52.de\/page\/wp-content\/uploads\/2016\/02\/2012HRJuni084.jpg 1100w\" sizes=\"auto, (max-width: 940px) 100vw, 940px\">Hier noch einmal etwas n\u00e4her, gro\u00df ist der Platz nicht aber das ist ja gerade das sch\u00f6ne daran. Man kann hier ganz gut die Terrassen erkennen, die Wege sind schon etwas steil aber f\u00fcr alle <span class=\"caps\">WW<\/span> und Womos geeignet. Der rechte gerade Weg den man auf dem Bild sieht geh\u00f6rt nicht mehr zum Camp, er f\u00fchrt direkt von der Stra\u00dfe zum Strand.<img loading=\"lazy\" decoding=\"async\" class=\"alignnone size-full wp-image-2179\" src=\"https:\/\/gartner52.de\/page\/wp-content\/uploads\/2016\/02\/2012HRJuni087.jpg\" alt=\"2012HRJuni087\" width=\"800\" height=\"600\" srcset=\"https:\/\/gartner52.de\/page\/wp-content\/uploads\/2016\/02\/2012HRJuni087.jpg 800w, https:\/\/gartner52.de\/page\/wp-content\/uploads\/2016\/02\/2012HRJuni087-300x225.jpg 300w, https:\/\/gartner52.de\/page\/wp-content\/uploads\/2016\/02\/2012HRJuni087-768x576.jpg 768w\" sizes=\"auto, (max-width: 800px) 100vw, 800px\"><img loading=\"lazy\" decoding=\"async\" class=\"alignnone size-large wp-image-2174\" src=\"https:\/\/gartner52.de\/page\/wp-content\/uploads\/2016\/02\/2012HRJuni082-1024x262.jpg\" alt=\"2012HRJuni082\" width=\"940\" height=\"241\" srcset=\"https:\/\/gartner52.de\/page\/wp-content\/uploads\/2016\/02\/2012HRJuni082-1024x262.jpg 1024w, https:\/\/gartner52.de\/page\/wp-content\/uploads\/2016\/02\/2012HRJuni082-300x77.jpg 300w, https:\/\/gartner52.de\/page\/wp-content\/uploads\/2016\/02\/2012HRJuni082-768x196.jpg 768w, https:\/\/gartner52.de\/page\/wp-content\/uploads\/2016\/02\/2012HRJuni082.jpg 1100w\" sizes=\"auto, (max-width: 940px) 100vw, 940px\">Hier ein Blick in Richtung Brela zur Makarska Riviera<\/p>\n<p><img loading=\"lazy\" decoding=\"async\" class=\"alignnone size-full wp-image-2173\" src=\"https:\/\/gartner52.de\/page\/wp-content\/uploads\/2016\/02\/2012HRJuni081.jpg\" alt=\"2012HRJuni081\" width=\"800\" height=\"600\" srcset=\"https:\/\/gartner52.de\/page\/wp-content\/uploads\/2016\/02\/2012HRJuni081.jpg 800w, https:\/\/gartner52.de\/page\/wp-content\/uploads\/2016\/02\/2012HRJuni081-300x225.jpg 300w, https:\/\/gartner52.de\/page\/wp-content\/uploads\/2016\/02\/2012HRJuni081-768x576.jpg 768w\" sizes=\"auto, (max-width: 800px) 100vw, 800px\">Das ist das Restaurant, da werden jeden Tag von zwei Damen wundervolle Speisen zubereitet. Hier sitzt man gem\u00fctlich im Schatten, kann etwas essen, ein k\u00fchles Bierchen trinken, sich mit anderen Campern unterhalten und den neu angekommenen beim Einparken und Aufbauen zuschauen. <img loading=\"lazy\" decoding=\"async\" class=\"alignnone size-full wp-image-2126\" src=\"https:\/\/gartner52.de\/page\/wp-content\/uploads\/2016\/02\/2012HRJuni034.jpg\" alt=\"2012HRJuni034\" width=\"800\" height=\"600\" srcset=\"https:\/\/gartner52.de\/page\/wp-content\/uploads\/2016\/02\/2012HRJuni034.jpg 800w, https:\/\/gartner52.de\/page\/wp-content\/uploads\/2016\/02\/2012HRJuni034-300x225.jpg 300w, https:\/\/gartner52.de\/page\/wp-content\/uploads\/2016\/02\/2012HRJuni034-768x576.jpg 768w\" sizes=\"auto, (max-width: 800px) 100vw, 800px\">Links ist der Grill, manchmal wurde man auf den ersten B\u00e4nken etwas ger\u00e4uchert<br>\n<img loading=\"lazy\" decoding=\"async\" class=\"alignnone size-full wp-image-2127\" src=\"https:\/\/gartner52.de\/page\/wp-content\/uploads\/2016\/02\/2012HRJuni035.jpg\" alt=\"2012HRJuni035\" width=\"800\" height=\"600\" srcset=\"https:\/\/gartner52.de\/page\/wp-content\/uploads\/2016\/02\/2012HRJuni035.jpg 800w, https:\/\/gartner52.de\/page\/wp-content\/uploads\/2016\/02\/2012HRJuni035-300x225.jpg 300w, https:\/\/gartner52.de\/page\/wp-content\/uploads\/2016\/02\/2012HRJuni035-768x576.jpg 768w\" sizes=\"auto, (max-width: 800px) 100vw, 800px\">Mit dem Motorrad fuhren wir nach Omis. Es ist ein kleines St\u00e4dtchen bei dem der Fluss Cetina ins Meer m\u00fcndet. Man kann am Fluss entlang fahren und eine herrliche Landschaft genie\u00dfen<img loading=\"lazy\" decoding=\"async\" class=\"alignnone size-full wp-image-2123\" src=\"https:\/\/gartner52.de\/page\/wp-content\/uploads\/2016\/02\/2012HRJuni031.jpg\" alt=\"2012HRJuni031\" width=\"800\" height=\"600\" srcset=\"https:\/\/gartner52.de\/page\/wp-content\/uploads\/2016\/02\/2012HRJuni031.jpg 800w, https:\/\/gartner52.de\/page\/wp-content\/uploads\/2016\/02\/2012HRJuni031-300x225.jpg 300w, https:\/\/gartner52.de\/page\/wp-content\/uploads\/2016\/02\/2012HRJuni031-768x576.jpg 768w\" sizes=\"auto, (max-width: 800px) 100vw, 800px\">Es gab in Omis auch einen kleinen Markt, die Preise waren fast so wie bei uns. Man bekam hier alles was das Herz begehrte.<img loading=\"lazy\" decoding=\"async\" class=\"alignnone size-full wp-image-2124\" src=\"https:\/\/gartner52.de\/page\/wp-content\/uploads\/2016\/02\/2012HRJuni032.jpg\" alt=\"2012HRJuni032\" width=\"800\" height=\"600\" srcset=\"https:\/\/gartner52.de\/page\/wp-content\/uploads\/2016\/02\/2012HRJuni032.jpg 800w, https:\/\/gartner52.de\/page\/wp-content\/uploads\/2016\/02\/2012HRJuni032-300x225.jpg 300w, https:\/\/gartner52.de\/page\/wp-content\/uploads\/2016\/02\/2012HRJuni032-768x576.jpg 768w\" sizes=\"auto, (max-width: 800px) 100vw, 800px\">In Omis haben wir in einer kleinen Gasse zu Mittag gegessen, es hat wie immer sehr gut geschmeckt.<img loading=\"lazy\" decoding=\"async\" class=\"alignnone size-full wp-image-2125\" src=\"https:\/\/gartner52.de\/page\/wp-content\/uploads\/2016\/02\/2012HRJuni033.jpg\" alt=\"2012HRJuni033\" width=\"800\" height=\"600\" srcset=\"https:\/\/gartner52.de\/page\/wp-content\/uploads\/2016\/02\/2012HRJuni033.jpg 800w, https:\/\/gartner52.de\/page\/wp-content\/uploads\/2016\/02\/2012HRJuni033-300x225.jpg 300w, https:\/\/gartner52.de\/page\/wp-content\/uploads\/2016\/02\/2012HRJuni033-768x576.jpg 768w\" sizes=\"auto, (max-width: 800px) 100vw, 800px\">Auf dem Campingplatz wurde fast jeden Abend Musik gemacht und Milan ging mit seiner hochprozentigen Arznei von Tisch zu Tisch. Manche ergriffen nach dem zweiten Durchgang die Flucht.<img loading=\"lazy\" decoding=\"async\" class=\"alignnone size-full wp-image-2128\" src=\"https:\/\/gartner52.de\/page\/wp-content\/uploads\/2016\/02\/2012HRJuni036.jpg\" alt=\"2012HRJuni036\" width=\"800\" height=\"600\" srcset=\"https:\/\/gartner52.de\/page\/wp-content\/uploads\/2016\/02\/2012HRJuni036.jpg 800w, https:\/\/gartner52.de\/page\/wp-content\/uploads\/2016\/02\/2012HRJuni036-300x225.jpg 300w, https:\/\/gartner52.de\/page\/wp-content\/uploads\/2016\/02\/2012HRJuni036-768x576.jpg 768w\" sizes=\"auto, (max-width: 800px) 100vw, 800px\">Als die Kroaten zur Fu\u00dfball <span class=\"caps\">EM<\/span> ein Spiel gewonnen hatten, stiftete Milan einen gro\u00dfen Kuchen.&nbsp;<img loading=\"lazy\" decoding=\"async\" class=\"alignnone size-full wp-image-2120\" src=\"https:\/\/gartner52.de\/page\/wp-content\/uploads\/2016\/02\/2012HRJuni028.jpg\" alt=\"2012HRJuni028\" width=\"800\" height=\"600\" srcset=\"https:\/\/gartner52.de\/page\/wp-content\/uploads\/2016\/02\/2012HRJuni028.jpg 800w, https:\/\/gartner52.de\/page\/wp-content\/uploads\/2016\/02\/2012HRJuni028-300x225.jpg 300w, https:\/\/gartner52.de\/page\/wp-content\/uploads\/2016\/02\/2012HRJuni028-768x576.jpg 768w\" sizes=\"auto, (max-width: 800px) 100vw, 800px\">Mit dem Moped machten wir auch einen Ausflug nach Brela. Das St\u00e4dtchen h\u00e4ngt so richtig am Berg. Von der K\u00fcstenstra\u00dfe aus f\u00e4hrt man auf steilen Stra\u00dfen zur Stadt hinunter. Die H\u00e4user ziehen sich weit an der K\u00fcste entlang<br>\n<img loading=\"lazy\" decoding=\"async\" class=\"alignnone size-full wp-image-2116\" src=\"https:\/\/gartner52.de\/page\/wp-content\/uploads\/2016\/02\/2012HRJuni024.jpg\" alt=\"2012HRJuni024\" width=\"800\" height=\"600\" srcset=\"https:\/\/gartner52.de\/page\/wp-content\/uploads\/2016\/02\/2012HRJuni024.jpg 800w, https:\/\/gartner52.de\/page\/wp-content\/uploads\/2016\/02\/2012HRJuni024-300x225.jpg 300w, https:\/\/gartner52.de\/page\/wp-content\/uploads\/2016\/02\/2012HRJuni024-768x576.jpg 768w\" sizes=\"auto, (max-width: 800px) 100vw, 800px\">Wir bummelten an den Gesch\u00e4ften entlang durch die Stadt und setzten uns in ein Cafe um etwas k\u00fchles zu trinken.<img loading=\"lazy\" decoding=\"async\" class=\"alignnone size-full wp-image-2117\" src=\"https:\/\/gartner52.de\/page\/wp-content\/uploads\/2016\/02\/2012HRJuni025.jpg\" alt=\"2012HRJuni025\" width=\"800\" height=\"600\" srcset=\"https:\/\/gartner52.de\/page\/wp-content\/uploads\/2016\/02\/2012HRJuni025.jpg 800w, https:\/\/gartner52.de\/page\/wp-content\/uploads\/2016\/02\/2012HRJuni025-300x225.jpg 300w, https:\/\/gartner52.de\/page\/wp-content\/uploads\/2016\/02\/2012HRJuni025-768x576.jpg 768w\" sizes=\"auto, (max-width: 800px) 100vw, 800px\">Hier sieht man die Wolken die von den Bergen aufgehalten wurden. So war es fast immer, hinter den Bergen hatte es Wolken und bei uns war immer Blue Sky.<img loading=\"lazy\" decoding=\"async\" class=\"alignnone size-full wp-image-2118\" src=\"https:\/\/gartner52.de\/page\/wp-content\/uploads\/2016\/02\/2012HRJuni026.jpg\" alt=\"2012HRJuni026\" width=\"800\" height=\"600\" srcset=\"https:\/\/gartner52.de\/page\/wp-content\/uploads\/2016\/02\/2012HRJuni026.jpg 800w, https:\/\/gartner52.de\/page\/wp-content\/uploads\/2016\/02\/2012HRJuni026-300x225.jpg 300w, https:\/\/gartner52.de\/page\/wp-content\/uploads\/2016\/02\/2012HRJuni026-768x576.jpg 768w\" sizes=\"auto, (max-width: 800px) 100vw, 800px\">Brela \u2013 Strand und Hafen<img loading=\"lazy\" decoding=\"async\" class=\"alignnone size-full wp-image-2115\" src=\"https:\/\/gartner52.de\/page\/wp-content\/uploads\/2016\/02\/2012HRJuni023.jpg\" alt=\"2012HRJuni023\" width=\"800\" height=\"600\" srcset=\"https:\/\/gartner52.de\/page\/wp-content\/uploads\/2016\/02\/2012HRJuni023.jpg 800w, https:\/\/gartner52.de\/page\/wp-content\/uploads\/2016\/02\/2012HRJuni023-300x225.jpg 300w, https:\/\/gartner52.de\/page\/wp-content\/uploads\/2016\/02\/2012HRJuni023-768x576.jpg 768w\" sizes=\"auto, (max-width: 800px) 100vw, 800px\">Nach 5 sch\u00f6nen Tagen auf dem Campingplatz Sirena sollte es weiter gehen. Uns hatte es hier sehr gut gefallen, wir werden auf jeden Fall wiederkommen. Das ist ein richtig famili\u00e4rer Campingplatz auf dem sich alle sofort verstehen. Das Wetter war bis jetzt sehr sch\u00f6n, an einen Tag hat es mal etwas geregnet aber man konnte zwischendurch immer wieder mal baden gehen. Sonst nur Sonne pur und immer \u00fcber 30 Grad.<img loading=\"lazy\" decoding=\"async\" class=\"alignnone size-full wp-image-2175\" src=\"https:\/\/gartner52.de\/page\/wp-content\/uploads\/2016\/02\/2012HRJuni083.jpg\" alt=\"2012HRJuni083\" width=\"800\" height=\"600\" srcset=\"https:\/\/gartner52.de\/page\/wp-content\/uploads\/2016\/02\/2012HRJuni083.jpg 800w, https:\/\/gartner52.de\/page\/wp-content\/uploads\/2016\/02\/2012HRJuni083-300x225.jpg 300w, https:\/\/gartner52.de\/page\/wp-content\/uploads\/2016\/02\/2012HRJuni083-768x576.jpg 768w\" sizes=\"auto, (max-width: 800px) 100vw, 800px\">Am Dienstag den 12. Juni um 9:30 Uhr starteten wir in Richtung Split. Wir fuhren auf der Jadranska Magistrale, der K\u00fcstenstra\u00dfe um die Stadt herum, an Trogir vorbei in Richtung Primosten.&nbsp;<img loading=\"lazy\" decoding=\"async\" class=\"alignnone size-full wp-image-2130\" src=\"https:\/\/gartner52.de\/page\/wp-content\/uploads\/2016\/02\/2012HRJuni038.jpg\" alt=\"2012HRJuni038\" width=\"800\" height=\"600\" srcset=\"https:\/\/gartner52.de\/page\/wp-content\/uploads\/2016\/02\/2012HRJuni038.jpg 800w, https:\/\/gartner52.de\/page\/wp-content\/uploads\/2016\/02\/2012HRJuni038-300x225.jpg 300w, https:\/\/gartner52.de\/page\/wp-content\/uploads\/2016\/02\/2012HRJuni038-768x576.jpg 768w\" sizes=\"auto, (max-width: 800px) 100vw, 800px\">Weiter an Primosten vorbei Richtung Sibenik und nach 2 Kilometer sahen wir das Schild vom Camp Adriatic. <img loading=\"lazy\" decoding=\"async\" class=\"alignnone size-full wp-image-2094\" src=\"https:\/\/gartner52.de\/page\/wp-content\/uploads\/2016\/02\/2012HRJuni002.jpg\" alt=\"2012HRJuni002\" width=\"800\" height=\"600\" srcset=\"https:\/\/gartner52.de\/page\/wp-content\/uploads\/2016\/02\/2012HRJuni002.jpg 800w, https:\/\/gartner52.de\/page\/wp-content\/uploads\/2016\/02\/2012HRJuni002-300x225.jpg 300w, https:\/\/gartner52.de\/page\/wp-content\/uploads\/2016\/02\/2012HRJuni002-768x576.jpg 768w\" sizes=\"auto, (max-width: 800px) 100vw, 800px\">Ankunft war um 12:00 Uhr, kurz zur Rezeption und nach einem Platz gefragt, dann herum gefahren und einen sch\u00f6nen Stellplatz gesucht. Der Campingplatz ist gro\u00df, es gab noch viele freie Stellpl\u00e4tze. Leider hat es viele Stellpl\u00e4tze die sehr schr\u00e4g sind und viele die man mit einem Womo oder Wohnwagen nicht befahren kann. Wir fanden einen sch\u00f6nen Platz in der Mitte des Areals.<br>\nSchnell aufgebaut und dann ab in die Sonne. Am Nachmittag kam eine gro\u00dfe Gruppe mit mehr als 30 <span class=\"caps\">WW<\/span> und belagerten die f\u00fcr sie freigehaltenen Stellpl\u00e4tze. Damit war es mit der Ruhe vorbei. Genau vor unserm Platz war der Sammelpunkt, es wurde eine lautstarke Begr\u00fc\u00dfung abgehalten und die ganzen Autos parkten vor unserem Stellplatz. Das hat uns nicht so gefallen denn wir suchten ja eigentlich&nbsp; Ruhe.<br>\nAm n\u00e4chsten Morgen fuhr ich auf dem Camp herum und suchte einen anderen Stellplatz f\u00fcr uns.<br>\nIch fand ganz am Ende des Camps einen sch\u00f6nen Platz direkt am Wasser. Hier hatte es zwar keinen Schatten aber das macht uns ja nichts aus. Ich fragte an der Rezeption ob dieser Platz frei ist und nach dem ok sind wir sofort umgezogen.<br>\n<img loading=\"lazy\" decoding=\"async\" class=\"alignnone size-full wp-image-2102\" src=\"https:\/\/gartner52.de\/page\/wp-content\/uploads\/2016\/02\/2012HRJuni010.jpg\" alt=\"2012HRJuni010\" width=\"800\" height=\"600\" srcset=\"https:\/\/gartner52.de\/page\/wp-content\/uploads\/2016\/02\/2012HRJuni010.jpg 800w, https:\/\/gartner52.de\/page\/wp-content\/uploads\/2016\/02\/2012HRJuni010-300x225.jpg 300w, https:\/\/gartner52.de\/page\/wp-content\/uploads\/2016\/02\/2012HRJuni010-768x576.jpg 768w\" sizes=\"auto, (max-width: 800px) 100vw, 800px\">Es hatte sich gelohnt den Platz zu wechseln, hier war es ruhig und man konnte auch viel besser ins Wasser gehen. Vom Stellplatz bis zum Strand waren gerade mal 10 Meter und genau hier gab es auch eine Stranddusche. So kann man es aushalten.<img loading=\"lazy\" decoding=\"async\" class=\"alignnone size-full wp-image-2110\" src=\"https:\/\/gartner52.de\/page\/wp-content\/uploads\/2016\/02\/2012HRJuni018.jpg\" alt=\"2012HRJuni018\" width=\"800\" height=\"600\" srcset=\"https:\/\/gartner52.de\/page\/wp-content\/uploads\/2016\/02\/2012HRJuni018.jpg 800w, https:\/\/gartner52.de\/page\/wp-content\/uploads\/2016\/02\/2012HRJuni018-300x225.jpg 300w, https:\/\/gartner52.de\/page\/wp-content\/uploads\/2016\/02\/2012HRJuni018-768x576.jpg 768w\" sizes=\"auto, (max-width: 800px) 100vw, 800px\">Das war der Strand, genau vor unserem Stellplatz, was will man mehr<br>\n<img loading=\"lazy\" decoding=\"async\" class=\"alignnone size-full wp-image-2109\" src=\"https:\/\/gartner52.de\/page\/wp-content\/uploads\/2016\/02\/2012HRJuni017.jpg\" alt=\"2012HRJuni017\" width=\"800\" height=\"600\" srcset=\"https:\/\/gartner52.de\/page\/wp-content\/uploads\/2016\/02\/2012HRJuni017.jpg 800w, https:\/\/gartner52.de\/page\/wp-content\/uploads\/2016\/02\/2012HRJuni017-300x225.jpg 300w, https:\/\/gartner52.de\/page\/wp-content\/uploads\/2016\/02\/2012HRJuni017-768x576.jpg 768w\" sizes=\"auto, (max-width: 800px) 100vw, 800px\"> <img loading=\"lazy\" decoding=\"async\" class=\"alignnone size-full wp-image-2108\" src=\"https:\/\/gartner52.de\/page\/wp-content\/uploads\/2016\/02\/2012HRJuni016.jpg\" alt=\"2012HRJuni016\" width=\"800\" height=\"600\" srcset=\"https:\/\/gartner52.de\/page\/wp-content\/uploads\/2016\/02\/2012HRJuni016.jpg 800w, https:\/\/gartner52.de\/page\/wp-content\/uploads\/2016\/02\/2012HRJuni016-300x225.jpg 300w, https:\/\/gartner52.de\/page\/wp-content\/uploads\/2016\/02\/2012HRJuni016-768x576.jpg 768w\" sizes=\"auto, (max-width: 800px) 100vw, 800px\">Hier der Strand in die andere Richtung, da wurde es felsiger aber man konnte auch hier noch gut ins Wasser gehen. Am anderen Ende des Campingplatzes ist es schwierig ins Wasser zu kommen. Da hat es viele gro\u00dfe Felsen und fast keinen Strand. Wir haben schon vor unserem Besuch im Juni f\u00fcr den August dort zwei Stellpl\u00e4tze reserviert. Nach dem ich mir die Pl\u00e4tze nun in natura angesehen hatte bin ich gleich zur Rezeption gegangen und habe f\u00fcr den August zwei andere Stellpl\u00e4tze reserviert. Die gebuchten und auf dem <span class=\"caps\">CP<\/span> Plan ausgesuchten Stellpl\u00e4tze waren sehr schr\u00e4g und f\u00fcr unser Womo und den Wohnwagen unseres Sohnes nicht geeignet. Das hat man auf dem Platzplan, auf dem jeder Stellplatz mit Bild zu betrachten ist nicht richtig erkennen k\u00f6nnen.<img loading=\"lazy\" decoding=\"async\" class=\"alignnone size-full wp-image-2107\" src=\"https:\/\/gartner52.de\/page\/wp-content\/uploads\/2016\/02\/2012HRJuni015.jpg\" alt=\"2012HRJuni015\" width=\"800\" height=\"600\" srcset=\"https:\/\/gartner52.de\/page\/wp-content\/uploads\/2016\/02\/2012HRJuni015.jpg 800w, https:\/\/gartner52.de\/page\/wp-content\/uploads\/2016\/02\/2012HRJuni015-300x225.jpg 300w, https:\/\/gartner52.de\/page\/wp-content\/uploads\/2016\/02\/2012HRJuni015-768x576.jpg 768w\" sizes=\"auto, (max-width: 800px) 100vw, 800px\">Die Wassertemperatur in der Bucht war sehr angenehm. Sie lag schon bei 23\u201325 Grad. Ich habe es immer wieder mal gemessen. Eigentlich wollten wir hier nur 5 Tage verbringen, aber es hat uns so gut gefallen dass wir dann 8 Tage blieben.<br>\n<img loading=\"lazy\" decoding=\"async\" class=\"alignnone size-full wp-image-2106\" src=\"https:\/\/gartner52.de\/page\/wp-content\/uploads\/2016\/02\/2012HRJuni014.jpg\" alt=\"2012HRJuni014\" width=\"800\" height=\"600\" srcset=\"https:\/\/gartner52.de\/page\/wp-content\/uploads\/2016\/02\/2012HRJuni014.jpg 800w, https:\/\/gartner52.de\/page\/wp-content\/uploads\/2016\/02\/2012HRJuni014-300x225.jpg 300w, https:\/\/gartner52.de\/page\/wp-content\/uploads\/2016\/02\/2012HRJuni014-768x576.jpg 768w\" sizes=\"auto, (max-width: 800px) 100vw, 800px\">Hier sieht man die Bucht an der wir standen, es war toll. Es war zwar kein Sandstrand, aber daf\u00fcr war das Wasser Glasklar. Das hat uns sehr gut gefallen.<img loading=\"lazy\" decoding=\"async\" class=\"alignnone size-full wp-image-2105\" src=\"https:\/\/gartner52.de\/page\/wp-content\/uploads\/2016\/02\/2012HRJuni013.jpg\" alt=\"2012HRJuni013\" width=\"800\" height=\"600\" srcset=\"https:\/\/gartner52.de\/page\/wp-content\/uploads\/2016\/02\/2012HRJuni013.jpg 800w, https:\/\/gartner52.de\/page\/wp-content\/uploads\/2016\/02\/2012HRJuni013-300x225.jpg 300w, https:\/\/gartner52.de\/page\/wp-content\/uploads\/2016\/02\/2012HRJuni013-768x576.jpg 768w\" sizes=\"auto, (max-width: 800px) 100vw, 800px\"><img loading=\"lazy\" decoding=\"async\" class=\"alignnone size-large wp-image-2103\" src=\"https:\/\/gartner52.de\/page\/wp-content\/uploads\/2016\/02\/2012HRJuni011-1024x253.jpg\" alt=\"2012HRJuni011\" width=\"940\" height=\"232\" srcset=\"https:\/\/gartner52.de\/page\/wp-content\/uploads\/2016\/02\/2012HRJuni011-1024x253.jpg 1024w, https:\/\/gartner52.de\/page\/wp-content\/uploads\/2016\/02\/2012HRJuni011-300x74.jpg 300w, https:\/\/gartner52.de\/page\/wp-content\/uploads\/2016\/02\/2012HRJuni011-768x190.jpg 768w, https:\/\/gartner52.de\/page\/wp-content\/uploads\/2016\/02\/2012HRJuni011.jpg 1148w\" sizes=\"auto, (max-width: 940px) 100vw, 940px\">Vom Camp Adriatic aus machten wir mit dem Motorrad auch einen Ausflug nach Sibenik, es waren bis zur Stadt ca. 24 Kilometer.<br>\nWir parkten am kleinen Hafen bei der \u201cKathedrale des Heiligen Jacob\u201d und begannen dort unsere Stadtbesichtigung.<img loading=\"lazy\" decoding=\"async\" class=\"alignnone size-full wp-image-2165\" src=\"https:\/\/gartner52.de\/page\/wp-content\/uploads\/2016\/02\/2012HRJuni073.jpg\" alt=\"2012HRJuni073\" width=\"800\" height=\"600\" srcset=\"https:\/\/gartner52.de\/page\/wp-content\/uploads\/2016\/02\/2012HRJuni073.jpg 800w, https:\/\/gartner52.de\/page\/wp-content\/uploads\/2016\/02\/2012HRJuni073-300x225.jpg 300w, https:\/\/gartner52.de\/page\/wp-content\/uploads\/2016\/02\/2012HRJuni073-768x576.jpg 768w\" sizes=\"auto, (max-width: 800px) 100vw, 800px\">Das Museum bei der Kathedrale hatte eine Uhr mit 24 Stunden Anzeige<br>\n<img loading=\"lazy\" decoding=\"async\" class=\"alignnone size-full wp-image-2167\" src=\"https:\/\/gartner52.de\/page\/wp-content\/uploads\/2016\/02\/2012HRJuni075.jpg\" alt=\"2012HRJuni075\" width=\"800\" height=\"600\" srcset=\"https:\/\/gartner52.de\/page\/wp-content\/uploads\/2016\/02\/2012HRJuni075.jpg 800w, https:\/\/gartner52.de\/page\/wp-content\/uploads\/2016\/02\/2012HRJuni075-300x225.jpg 300w, https:\/\/gartner52.de\/page\/wp-content\/uploads\/2016\/02\/2012HRJuni075-768x576.jpg 768w\" sizes=\"auto, (max-width: 800px) 100vw, 800px\">An der Au\u00dfenseite der Kathedrale war ein Fries mit vielen K\u00f6pfen. Angeblich waren das alles Leute die nichts zum Bau der Kathedrale gespendet hatten.<img loading=\"lazy\" decoding=\"async\" class=\"alignnone size-full wp-image-2166\" src=\"https:\/\/gartner52.de\/page\/wp-content\/uploads\/2016\/02\/2012HRJuni074.jpg\" alt=\"2012HRJuni074\" width=\"800\" height=\"600\" srcset=\"https:\/\/gartner52.de\/page\/wp-content\/uploads\/2016\/02\/2012HRJuni074.jpg 800w, https:\/\/gartner52.de\/page\/wp-content\/uploads\/2016\/02\/2012HRJuni074-300x225.jpg 300w, https:\/\/gartner52.de\/page\/wp-content\/uploads\/2016\/02\/2012HRJuni074-768x576.jpg 768w\" sizes=\"auto, (max-width: 800px) 100vw, 800px\"><img loading=\"lazy\" decoding=\"async\" class=\"alignnone size-full wp-image-2168\" src=\"https:\/\/gartner52.de\/page\/wp-content\/uploads\/2016\/02\/2012HRJuni076.jpg\" alt=\"2012HRJuni076\" width=\"800\" height=\"600\" srcset=\"https:\/\/gartner52.de\/page\/wp-content\/uploads\/2016\/02\/2012HRJuni076.jpg 800w, https:\/\/gartner52.de\/page\/wp-content\/uploads\/2016\/02\/2012HRJuni076-300x225.jpg 300w, https:\/\/gartner52.de\/page\/wp-content\/uploads\/2016\/02\/2012HRJuni076-768x576.jpg 768w\" sizes=\"auto, (max-width: 800px) 100vw, 800px\">In den Seitengassen war es sch\u00f6n k\u00fchl, \u00fcberall konnte man sitzen und etwas essen oder trinken.<img loading=\"lazy\" decoding=\"async\" class=\"alignnone size-full wp-image-2169\" src=\"https:\/\/gartner52.de\/page\/wp-content\/uploads\/2016\/02\/2012HRJuni077.jpg\" alt=\"2012HRJuni077\" width=\"800\" height=\"600\" srcset=\"https:\/\/gartner52.de\/page\/wp-content\/uploads\/2016\/02\/2012HRJuni077.jpg 800w, https:\/\/gartner52.de\/page\/wp-content\/uploads\/2016\/02\/2012HRJuni077-300x225.jpg 300w, https:\/\/gartner52.de\/page\/wp-content\/uploads\/2016\/02\/2012HRJuni077-768x576.jpg 768w\" sizes=\"auto, (max-width: 800px) 100vw, 800px\">Mitten in der Stadt gab es eine kleine Kirche, sie war sehr Renovierungsbed\u00fcrftig, aber sch\u00f6n.&nbsp;<img loading=\"lazy\" decoding=\"async\" class=\"alignnone size-full wp-image-2170\" src=\"https:\/\/gartner52.de\/page\/wp-content\/uploads\/2016\/02\/2012HRJuni078.jpg\" alt=\"2012HRJuni078\" width=\"800\" height=\"600\" srcset=\"https:\/\/gartner52.de\/page\/wp-content\/uploads\/2016\/02\/2012HRJuni078.jpg 800w, https:\/\/gartner52.de\/page\/wp-content\/uploads\/2016\/02\/2012HRJuni078-300x225.jpg 300w, https:\/\/gartner52.de\/page\/wp-content\/uploads\/2016\/02\/2012HRJuni078-768x576.jpg 768w\" sizes=\"auto, (max-width: 800px) 100vw, 800px\">Zum Abschluss machten wir am Hafen eine kleine Pause. Danach wurde noch beim Lidl einiges eingekauft und der R\u00fcckweg zum Camp angetreten.<img loading=\"lazy\" decoding=\"async\" class=\"alignnone size-full wp-image-2171\" src=\"https:\/\/gartner52.de\/page\/wp-content\/uploads\/2016\/02\/2012HRJuni079.jpg\" alt=\"2012HRJuni079\" width=\"800\" height=\"600\" srcset=\"https:\/\/gartner52.de\/page\/wp-content\/uploads\/2016\/02\/2012HRJuni079.jpg 800w, https:\/\/gartner52.de\/page\/wp-content\/uploads\/2016\/02\/2012HRJuni079-300x225.jpg 300w, https:\/\/gartner52.de\/page\/wp-content\/uploads\/2016\/02\/2012HRJuni079-768x576.jpg 768w\" sizes=\"auto, (max-width: 800px) 100vw, 800px\">Ein Ausflug nach Primosten durfte nat\u00fcrlich nicht fehlen. Hier das St\u00e4dtchen auf der Insel<br>\n<img loading=\"lazy\" decoding=\"async\" class=\"alignnone size-full wp-image-2218\" src=\"https:\/\/gartner52.de\/page\/wp-content\/uploads\/2016\/02\/2012HRJuni108.jpg\" alt=\"2012HRJuni108\" width=\"800\" height=\"533\" srcset=\"https:\/\/gartner52.de\/page\/wp-content\/uploads\/2016\/02\/2012HRJuni108.jpg 800w, https:\/\/gartner52.de\/page\/wp-content\/uploads\/2016\/02\/2012HRJuni108-300x200.jpg 300w, https:\/\/gartner52.de\/page\/wp-content\/uploads\/2016\/02\/2012HRJuni108-768x512.jpg 768w\" sizes=\"auto, (max-width: 800px) 100vw, 800px\">Hier das Tor zur Stadt Primosten<img loading=\"lazy\" decoding=\"async\" class=\"alignnone size-full wp-image-2164\" src=\"https:\/\/gartner52.de\/page\/wp-content\/uploads\/2016\/02\/2012HRJuni072.jpg\" alt=\"2012HRJuni072\" width=\"800\" height=\"600\" srcset=\"https:\/\/gartner52.de\/page\/wp-content\/uploads\/2016\/02\/2012HRJuni072.jpg 800w, https:\/\/gartner52.de\/page\/wp-content\/uploads\/2016\/02\/2012HRJuni072-300x225.jpg 300w, https:\/\/gartner52.de\/page\/wp-content\/uploads\/2016\/02\/2012HRJuni072-768x576.jpg 768w\" sizes=\"auto, (max-width: 800px) 100vw, 800px\">Noch vor dem Tor <img loading=\"lazy\" decoding=\"async\" class=\"alignnone size-full wp-image-2157\" src=\"https:\/\/gartner52.de\/page\/wp-content\/uploads\/2016\/02\/2012HRJuni065.jpg\" alt=\"2012HRJuni065\" width=\"800\" height=\"600\" srcset=\"https:\/\/gartner52.de\/page\/wp-content\/uploads\/2016\/02\/2012HRJuni065.jpg 800w, https:\/\/gartner52.de\/page\/wp-content\/uploads\/2016\/02\/2012HRJuni065-300x225.jpg 300w, https:\/\/gartner52.de\/page\/wp-content\/uploads\/2016\/02\/2012HRJuni065-768x576.jpg 768w\" sizes=\"auto, (max-width: 800px) 100vw, 800px\">Kleine Gassen in der Stadt<img loading=\"lazy\" decoding=\"async\" class=\"alignnone size-full wp-image-2162\" src=\"https:\/\/gartner52.de\/page\/wp-content\/uploads\/2016\/02\/2012HRJuni070.jpg\" alt=\"2012HRJuni070\" width=\"800\" height=\"600\" srcset=\"https:\/\/gartner52.de\/page\/wp-content\/uploads\/2016\/02\/2012HRJuni070.jpg 800w, https:\/\/gartner52.de\/page\/wp-content\/uploads\/2016\/02\/2012HRJuni070-300x225.jpg 300w, https:\/\/gartner52.de\/page\/wp-content\/uploads\/2016\/02\/2012HRJuni070-768x576.jpg 768w\" sizes=\"auto, (max-width: 800px) 100vw, 800px\"><img loading=\"lazy\" decoding=\"async\" class=\"alignnone size-full wp-image-2156\" src=\"https:\/\/gartner52.de\/page\/wp-content\/uploads\/2016\/02\/2012HRJuni064.jpg\" alt=\"2012HRJuni064\" width=\"800\" height=\"600\" srcset=\"https:\/\/gartner52.de\/page\/wp-content\/uploads\/2016\/02\/2012HRJuni064.jpg 800w, https:\/\/gartner52.de\/page\/wp-content\/uploads\/2016\/02\/2012HRJuni064-300x225.jpg 300w, https:\/\/gartner52.de\/page\/wp-content\/uploads\/2016\/02\/2012HRJuni064-768x576.jpg 768w\" sizes=\"auto, (max-width: 800px) 100vw, 800px\">Der Weg zum Friedhof und der Kirche<img loading=\"lazy\" decoding=\"async\" class=\"alignnone size-full wp-image-2161\" src=\"https:\/\/gartner52.de\/page\/wp-content\/uploads\/2016\/02\/2012HRJuni069.jpg\" alt=\"2012HRJuni069\" width=\"800\" height=\"600\" srcset=\"https:\/\/gartner52.de\/page\/wp-content\/uploads\/2016\/02\/2012HRJuni069.jpg 800w, https:\/\/gartner52.de\/page\/wp-content\/uploads\/2016\/02\/2012HRJuni069-300x225.jpg 300w, https:\/\/gartner52.de\/page\/wp-content\/uploads\/2016\/02\/2012HRJuni069-768x576.jpg 768w\" sizes=\"auto, (max-width: 800px) 100vw, 800px\">im Friedhof, das ist der h\u00f6chste Punkt von Primosten. Von hier aus hat man einen sch\u00f6nen Blick \u00fcber die K\u00fcste<\/p>\n<p><img loading=\"lazy\" decoding=\"async\" class=\"alignnone size-full wp-image-2159\" src=\"https:\/\/gartner52.de\/page\/wp-content\/uploads\/2016\/02\/2012HRJuni067.jpg\" alt=\"2012HRJuni067\" width=\"800\" height=\"600\" srcset=\"https:\/\/gartner52.de\/page\/wp-content\/uploads\/2016\/02\/2012HRJuni067.jpg 800w, https:\/\/gartner52.de\/page\/wp-content\/uploads\/2016\/02\/2012HRJuni067-300x225.jpg 300w, https:\/\/gartner52.de\/page\/wp-content\/uploads\/2016\/02\/2012HRJuni067-768x576.jpg 768w\" sizes=\"auto, (max-width: 800px) 100vw, 800px\"><img loading=\"lazy\" decoding=\"async\" class=\"alignnone size-full wp-image-2155\" src=\"https:\/\/gartner52.de\/page\/wp-content\/uploads\/2016\/02\/2012HRJuni063.jpg\" alt=\"2012HRJuni063\" width=\"800\" height=\"600\" srcset=\"https:\/\/gartner52.de\/page\/wp-content\/uploads\/2016\/02\/2012HRJuni063.jpg 800w, https:\/\/gartner52.de\/page\/wp-content\/uploads\/2016\/02\/2012HRJuni063-300x225.jpg 300w, https:\/\/gartner52.de\/page\/wp-content\/uploads\/2016\/02\/2012HRJuni063-768x576.jpg 768w\" sizes=\"auto, (max-width: 800px) 100vw, 800px\">Ganz besondere Dachziegel.<img loading=\"lazy\" decoding=\"async\" class=\"alignnone size-full wp-image-2160\" src=\"https:\/\/gartner52.de\/page\/wp-content\/uploads\/2016\/02\/2012HRJuni068.jpg\" alt=\"2012HRJuni068\" width=\"800\" height=\"600\" srcset=\"https:\/\/gartner52.de\/page\/wp-content\/uploads\/2016\/02\/2012HRJuni068.jpg 800w, https:\/\/gartner52.de\/page\/wp-content\/uploads\/2016\/02\/2012HRJuni068-300x225.jpg 300w, https:\/\/gartner52.de\/page\/wp-content\/uploads\/2016\/02\/2012HRJuni068-768x576.jpg 768w\" sizes=\"auto, (max-width: 800px) 100vw, 800px\">wieder unten am kleinen Hafen<img loading=\"lazy\" decoding=\"async\" class=\"alignnone size-full wp-image-2163\" src=\"https:\/\/gartner52.de\/page\/wp-content\/uploads\/2016\/02\/2012HRJuni071.jpg\" alt=\"2012HRJuni071\" width=\"800\" height=\"600\" srcset=\"https:\/\/gartner52.de\/page\/wp-content\/uploads\/2016\/02\/2012HRJuni071.jpg 800w, https:\/\/gartner52.de\/page\/wp-content\/uploads\/2016\/02\/2012HRJuni071-300x225.jpg 300w, https:\/\/gartner52.de\/page\/wp-content\/uploads\/2016\/02\/2012HRJuni071-768x576.jpg 768w\" sizes=\"auto, (max-width: 800px) 100vw, 800px\"> Zur\u00fcck auf dem Campingplatz Adriatic<\/p>\n<p><img loading=\"lazy\" decoding=\"async\" class=\"alignnone size-full wp-image-2098\" src=\"https:\/\/gartner52.de\/page\/wp-content\/uploads\/2016\/02\/2012HRJuni006.jpg\" alt=\"2012HRJuni006\" width=\"800\" height=\"600\" srcset=\"https:\/\/gartner52.de\/page\/wp-content\/uploads\/2016\/02\/2012HRJuni006.jpg 800w, https:\/\/gartner52.de\/page\/wp-content\/uploads\/2016\/02\/2012HRJuni006-300x225.jpg 300w, https:\/\/gartner52.de\/page\/wp-content\/uploads\/2016\/02\/2012HRJuni006-768x576.jpg 768w\" sizes=\"auto, (max-width: 800px) 100vw, 800px\">Wenn man am Strand entlang zur n\u00e4chsten Bucht l\u00e4uft kommt man an ein kleines Restaurant<br>\ndirekt am Meer. Hier kann man sehr gut essen.&nbsp; <img loading=\"lazy\" decoding=\"async\" class=\"alignnone size-full wp-image-2097\" src=\"https:\/\/gartner52.de\/page\/wp-content\/uploads\/2016\/02\/2012HRJuni005.jpg\" alt=\"2012HRJuni005\" width=\"800\" height=\"600\" srcset=\"https:\/\/gartner52.de\/page\/wp-content\/uploads\/2016\/02\/2012HRJuni005.jpg 800w, https:\/\/gartner52.de\/page\/wp-content\/uploads\/2016\/02\/2012HRJuni005-300x225.jpg 300w, https:\/\/gartner52.de\/page\/wp-content\/uploads\/2016\/02\/2012HRJuni005-768x576.jpg 768w\" sizes=\"auto, (max-width: 800px) 100vw, 800px\"><img loading=\"lazy\" decoding=\"async\" class=\"alignnone size-full wp-image-2093\" src=\"https:\/\/gartner52.de\/page\/wp-content\/uploads\/2016\/02\/2012HRJuni001.jpg\" alt=\"2012HRJuni001\" width=\"800\" height=\"600\" srcset=\"https:\/\/gartner52.de\/page\/wp-content\/uploads\/2016\/02\/2012HRJuni001.jpg 800w, https:\/\/gartner52.de\/page\/wp-content\/uploads\/2016\/02\/2012HRJuni001-300x225.jpg 300w, https:\/\/gartner52.de\/page\/wp-content\/uploads\/2016\/02\/2012HRJuni001-768x576.jpg 768w\" sizes=\"auto, (max-width: 800px) 100vw, 800px\"><br>\nHier noch einmal unser Badestrand<img loading=\"lazy\" decoding=\"async\" class=\"alignnone size-large wp-image-2104\" src=\"https:\/\/gartner52.de\/page\/wp-content\/uploads\/2016\/02\/2012HRJuni012-1024x259.jpg\" alt=\"2012HRJuni012\" width=\"940\" height=\"238\" srcset=\"https:\/\/gartner52.de\/page\/wp-content\/uploads\/2016\/02\/2012HRJuni012-1024x259.jpg 1024w, https:\/\/gartner52.de\/page\/wp-content\/uploads\/2016\/02\/2012HRJuni012-300x76.jpg 300w, https:\/\/gartner52.de\/page\/wp-content\/uploads\/2016\/02\/2012HRJuni012-768x194.jpg 768w, https:\/\/gartner52.de\/page\/wp-content\/uploads\/2016\/02\/2012HRJuni012.jpg 1172w\" sizes=\"auto, (max-width: 940px) 100vw, 940px\"><\/p>\n<p>&nbsp;<\/p>\n<h5 style=\"text-align: center;\"><a href=\"https:\/\/gartner52.de\/page\/juni2012-2\/\">weiter zum Teil 2<\/a><\/h5>\n<p>&nbsp;<\/p>\n<p>&nbsp;<\/p>\n<p>&nbsp;<\/p>\n<p>&nbsp;<\/p>\n<p>&nbsp;<\/p>\n","protected":false},"excerpt":{"rendered":"<p>Kroatien Rundreise vom 06. bis 28.Juni 2012 In diesem Jahr hatten wir f\u00fcr den Juni eine Rundreise von Omis bis nach Klenovica bei Senj geplant. Hier Teil 1 von Karlsruhe nach Omis und weiter nach Primosten &nbsp; Gestartet sind wir \u2026 <a href=\"https:\/\/gartner52.de\/page\/juni2012-1\/\">Weiter<\/a><\/p>\n","protected":false},"author":4,"featured_media":0,"parent":0,"menu_order":0,"comment_status":"closed","ping_status":"closed","template":"","meta":{"wp_typography_post_enhancements_disabled":false,"kt_blocks_editor_width":"","footnotes":""},"class_list":["post-2083","page","type-page","status-publish","hentry"],"_links":{"self":[{"href":"https:\/\/gartner52.de\/page\/wp-json\/wp\/v2\/pages\/2083","targetHints":{"allow":["GET"]}}],"collection":[{"href":"https:\/\/gartner52.de\/page\/wp-json\/wp\/v2\/pages"}],"about":[{"href":"https:\/\/gartner52.de\/page\/wp-json\/wp\/v2\/types\/page"}],"author":[{"embeddable":true,"href":"https:\/\/gartner52.de\/page\/wp-json\/wp\/v2\/users\/4"}],"replies":[{"embeddable":true,"href":"https:\/\/gartner52.de\/page\/wp-json\/wp\/v2\/comments?post=2083"}],"version-history":[{"count":16,"href":"https:\/\/gartner52.de\/page\/wp-json\/wp\/v2\/pages\/2083\/revisions"}],"predecessor-version":[{"id":2230,"href":"https:\/\/gartner52.de\/page\/wp-json\/wp\/v2\/pages\/2083\/revisions\/2230"}],"wp:attachment":[{"href":"https:\/\/gartner52.de\/page\/wp-json\/wp\/v2\/media?parent=2083"}],"curies":[{"name":"wp","href":"https:\/\/api.w.org\/{rel}","templated":true}]}}